{"id":319846,"date":"2023-11-15T17:07:20","date_gmt":"2023-11-15T16:07:20","guid":{"rendered":"https:\/\/www.parispackagingweek.com\/?post_type=activity&#038;p=319846"},"modified":"2023-11-24T14:05:43","modified_gmt":"2023-11-24T13:05:43","slug":"developpement-de-donnees-pour-soutenir-le-recyclage-des-aerosols-aux-etats-unis","status":"publish","type":"activity","link":"https:\/\/www.parispackagingweek.com\/fr\/session\/developpement-de-donnees-pour-soutenir-le-recyclage-des-aerosols-aux-etats-unis\/","title":{"rendered":"D\u00e9veloppement de donn\u00e9es pour soutenir le recyclage des a\u00e9rosols aux \u00c9tats-Unis"},"content":{"rendered":"\n<p>Nicholas Georges, Senior Vice President, Scientific &amp; International Affairs chez the Household &amp; Commercial Products Association (HCPA)<\/p>\n\n\n\n<p>Apr\u00e8s avoir lanc\u00e9 l&rsquo;initiative de recyclage des a\u00e9rosols en 2022, l&rsquo;industrie am\u00e9ricaine des a\u00e9rosols a travaill\u00e9 \u00e0 l&rsquo;\u00e9laboration de nouvelles donn\u00e9es et de nouveaux outils pour soutenir le recyclage continu des produits a\u00e9rosols. Cette pr\u00e9sentation abordera les aspects techniques des donn\u00e9es d\u00e9velopp\u00e9es dans le cadre de ce programme.<\/p>\n","protected":false},"excerpt":{"rendered":"<p>Nicholas Georges, Senior Vice President, Scientific &amp; International Affairs chez the Household &amp; Commercial Products Association (HCPA) Apr\u00e8s avoir lanc\u00e9 l&rsquo;initiative de recyclage des a\u00e9rosols en 2022, l&rsquo;industrie am\u00e9ricaine des a\u00e9rosols a travaill\u00e9 \u00e0 l&rsquo;\u00e9laboration de nouvelles donn\u00e9es et de nouveaux outils pour soutenir le recyclage continu des produits a\u00e9rosols. Cette pr\u00e9sentation abordera les aspects [&hellip;]<\/p>\n","protected":false},"featured_media":0,"template":"","meta":{"_seopress_titles_title":"Global Aerosol Summit | D\u00e9veloppement de donn\u00e9es pour soutenir le recyclage des a\u00e9rosols aux \u00c9tats-Unis","_seopress_titles_desc":"","_seopress_robots_index":"yes","_seopress_robots_follow":"yes","_seopress_robots_imageindex":"yes","_seopress_robots_snippet":"yes","_seopress_robots_primary_cat":"","_seopress_robots_breadcrumbs":"","_seopress_robots_freeze_modified_date":"","_seopress_robots_custom_modified_date":"","_seopress_robots_canonical":"","_seopress_social_fb_title":"Global Aerosol Summit | D\u00e9veloppement de donn\u00e9es pour soutenir le recyclage des a\u00e9rosols aux \u00c9tats-Unis","_seopress_social_fb_desc":"Le Global Aerosol &amp; Dispensing Summit d&#039;ADF vous apportera des informations cl\u00e9s sur les derniers d\u00e9fis techniques, de durabilit\u00e9 et de r\u00e9glementation du march\u00e9.Produit en \u00e9troite collaboration avec la FEA, le Global Aerosol &amp; Dispensing Summit accueillera des intervenants experts de la communaut\u00e9 internationale des a\u00e9rosols et du dispensing pour vous aider \u00e0 comprendre l&#039;avenir du march\u00e9 et \u00e0 cr\u00e9er le packaging parfait pour votre prochain lancement.","_seopress_social_fb_img":"","_seopress_social_fb_img_attachment_id":0,"_seopress_social_fb_img_width":0,"_seopress_social_fb_img_height":0,"_seopress_social_twitter_title":"Global Aerosol Summit | D\u00e9veloppement de donn\u00e9es pour soutenir le recyclage des a\u00e9rosols aux \u00c9tats-Unis","_seopress_social_twitter_desc":"Le Global Aerosol &amp; Dispensing Summit d&#039;ADF vous apportera des informations cl\u00e9s sur les derniers d\u00e9fis techniques, de durabilit\u00e9 et de r\u00e9glementation du march\u00e9.Produit en \u00e9troite collaboration avec la FEA, le Global Aerosol &amp; Dispensing Summit accueillera des intervenants experts de la communaut\u00e9 internationale des a\u00e9rosols et du dispensing pour vous aider \u00e0 comprendre l&#039;avenir du march\u00e9 et \u00e0 cr\u00e9er le packaging parfait pour votre prochain lancement.","_seopress_social_twitter_img":"","_seopress_social_twitter_img_attachment_id":0,"_seopress_social_twitter_img_width":0,"_seopress_social_twitter_img_height":0,"_seopress_redirections_value":"","_seopress_redirections_enabled":"","_seopress_redirections_enabled_regex":"","_seopress_redirections_logged_status":"both","_seopress_redirections_param":"","_seopress_redirections_type":301,"_seopress_analysis_target_kw":"","_seopress_news_disabled":"","_seopress_video_disabled":"","_seopress_video":[{"url":"","title":"","desc":"","thumbnail":"","duration":"","rating":"","view_count":"","tag":""}],"_seopress_pro_schemas_manual":[],"_seopress_pro_rich_snippets_disable_all":"","_seopress_pro_rich_snippets_disable":[],"_seopress_pro_schemas":[],"_activity_time_start":"11:10","_activity_time_end":"11:35","_activity_date":"2024-01-17","_activity_price":"0","footnotes":""},"edition":[744],"location":[776],"track":[784],"activity_type":[414],"class_list":["post-319846","activity","type-activity","status-publish","hentry","edition-paris-packaging-week-speakers-2024","location-global-aerosol-dispensing-summit-2024","track-safe-and-circular-products","activity_type-aerosols"],"_guests":[{"href":"https:\/\/www.parispackagingweek.com\/fr\/wp-json\/wp\/v2\/guest\/72548"}],"_sponsors":[],"_cover_image":null,"_links":{"self":[{"href":"https:\/\/www.parispackagingweek.com\/fr\/wp-json\/wp\/v2\/activity\/319846","targetHints":{"allow":["GET"]}}],"collection":[{"href":"https:\/\/www.parispackagingweek.com\/fr\/wp-json\/wp\/v2\/activity"}],"about":[{"href":"https:\/\/www.parispackagingweek.com\/fr\/wp-json\/wp\/v2\/types\/activity"}],"version-history":[{"count":0,"href":"https:\/\/www.parispackagingweek.com\/fr\/wp-json\/wp\/v2\/activity\/319846\/revisions"}],"wp:attachment":[{"href":"https:\/\/www.parispackagingweek.com\/fr\/wp-json\/wp\/v2\/media?parent=319846"}],"wp:term":[{"taxonomy":"edition","embeddable":true,"href":"https:\/\/www.parispackagingweek.com\/fr\/wp-json\/wp\/v2\/edition?post=319846"},{"taxonomy":"location","embeddable":true,"href":"https:\/\/www.parispackagingweek.com\/fr\/wp-json\/wp\/v2\/location?post=319846"},{"taxonomy":"track","embeddable":true,"href":"https:\/\/www.parispackagingweek.com\/fr\/wp-json\/wp\/v2\/track?post=319846"},{"taxonomy":"activity_type","embeddable":true,"href":"https:\/\/www.parispackagingweek.com\/fr\/wp-json\/wp\/v2\/activity_type?post=319846"}],"curies":[{"name":"wp","href":"https:\/\/api.w.org\/{rel}","templated":true}]}}