{"id":426900,"date":"2024-12-23T16:06:59","date_gmt":"2024-12-23T15:06:59","guid":{"rendered":"https:\/\/www.parispackagingweek.com\/?post_type=activity&#038;p=426900"},"modified":"2025-01-22T16:18:05","modified_gmt":"2025-01-22T15:18:05","slug":"la-mode-qui-ne-coute-pas-la-terre","status":"publish","type":"activity","link":"https:\/\/www.parispackagingweek.com\/fr\/session\/la-mode-qui-ne-coute-pas-la-terre\/","title":{"rendered":"Se diversifier : comment les marques de mode m\u00e8nent une transformation du packaging"},"content":{"rendered":"\n<p><strong>Canopy x Grain de Malice<\/strong><br>Alors que les marques de mode s&rsquo;efforcent d&rsquo;adopter des pratiques durables, elles sont confront\u00e9es \u00e0 une r\u00e9alit\u00e9 troublante : leurs choix en mati\u00e8re d&#8217;emballage ont des cons\u00e9quences environnementales consid\u00e9rables. Bien que le papier soit souvent consid\u00e9r\u00e9 comme une alternative plus \u00e9cologique au plastique, sa popularit\u00e9 entra\u00eene l&rsquo;abattage de plus de trois milliards d&rsquo;arbres chaque ann\u00e9e \u2013 dont beaucoup proviennent de for\u00eats anciennes et menac\u00e9es, irrempla\u00e7ables.<\/p>\n\n\n\n<p>La bonne nouvelle, c&rsquo;est que des innovations en mati\u00e8re de design, de syst\u00e8mes et d&rsquo;alternatives mat\u00e9rielles existent d\u00e9j\u00e0 pour rendre les emballages moins nocifs. L&rsquo;ONG prim\u00e9e Canopy co-pr\u00e9sentera avec l&rsquo;une de ses marques partenaires, Grain de Malice, qui s&rsquo;efforce de r\u00e9duire les risques pour les for\u00eats anciennes et menac\u00e9es dans sa cha\u00eene d&rsquo;approvisionnement en emballages papier. Cela inclut l&rsquo;\u00e9limination de leur utilisation gr\u00e2ce \u00e0 l&rsquo;augmentation des mat\u00e9riaux recycl\u00e9s et \u00e0 la collaboration avec leurs fournisseurs pour explorer des solutions de nouvelle g\u00e9n\u00e9ration, utilisant des fibres alternatives plut\u00f4t que des ressources foresti\u00e8res.<\/p>\n\n\n\n<p>Cette session inspirera les dirigeants d&rsquo;entreprises en d\u00e9voilant certaines des solutions sur mesure d\u00e9velopp\u00e9es par Canopy et ses partenaires, visant \u00e0 \u00e9tablir des normes plus exigeantes pour des emballages durables tout en pr\u00e9servant les for\u00eats vitales.<\/p>\n","protected":false},"excerpt":{"rendered":"<p>Canopy x Grain de MaliceAlors que les marques de mode s&rsquo;efforcent d&rsquo;adopter des pratiques durables, elles sont confront\u00e9es \u00e0 une r\u00e9alit\u00e9 troublante : leurs choix en mati\u00e8re d&#8217;emballage ont des cons\u00e9quences environnementales consid\u00e9rables. Bien que le papier soit souvent consid\u00e9r\u00e9 comme une alternative plus \u00e9cologique au plastique, sa popularit\u00e9 entra\u00eene l&rsquo;abattage de plus de trois [&hellip;]<\/p>\n","protected":false},"featured_media":0,"template":"","meta":{"_seopress_robots_primary_cat":"","_seopress_titles_title":"Circular Economy Stage | La Mode Qui Ne Co\u00fbte Pas la Terre","_seopress_titles_desc":"","_seopress_robots_index":"","_activity_time_start":"15:30","_activity_time_end":"16:00","_activity_date":"2025-01-28","_activity_price":"0","footnotes":""},"edition":[924],"location":[931],"track":[],"activity_type":[],"class_list":["post-426900","activity","type-activity","status-publish","hentry","edition-paris-packaging-week-2025","location-circular-economy-stage-2025"],"_guests":[{"href":"https:\/\/www.parispackagingweek.com\/fr\/wp-json\/wp\/v2\/guest\/431777"},{"href":"https:\/\/www.parispackagingweek.com\/fr\/wp-json\/wp\/v2\/guest\/431760"},{"href":"https:\/\/www.parispackagingweek.com\/fr\/wp-json\/wp\/v2\/guest\/426188"}],"_sponsors":[],"_cover_image":null,"_links":{"self":[{"href":"https:\/\/www.parispackagingweek.com\/fr\/wp-json\/wp\/v2\/activity\/426900","targetHints":{"allow":["GET"]}}],"collection":[{"href":"https:\/\/www.parispackagingweek.com\/fr\/wp-json\/wp\/v2\/activity"}],"about":[{"href":"https:\/\/www.parispackagingweek.com\/fr\/wp-json\/wp\/v2\/types\/activity"}],"version-history":[{"count":4,"href":"https:\/\/www.parispackagingweek.com\/fr\/wp-json\/wp\/v2\/activity\/426900\/revisions"}],"predecessor-version":[{"id":438490,"href":"https:\/\/www.parispackagingweek.com\/fr\/wp-json\/wp\/v2\/activity\/426900\/revisions\/438490"}],"wp:attachment":[{"href":"https:\/\/www.parispackagingweek.com\/fr\/wp-json\/wp\/v2\/media?parent=426900"}],"wp:term":[{"taxonomy":"edition","embeddable":true,"href":"https:\/\/www.parispackagingweek.com\/fr\/wp-json\/wp\/v2\/edition?post=426900"},{"taxonomy":"location","embeddable":true,"href":"https:\/\/www.parispackagingweek.com\/fr\/wp-json\/wp\/v2\/location?post=426900"},{"taxonomy":"track","embeddable":true,"href":"https:\/\/www.parispackagingweek.com\/fr\/wp-json\/wp\/v2\/track?post=426900"},{"taxonomy":"activity_type","embeddable":true,"href":"https:\/\/www.parispackagingweek.com\/fr\/wp-json\/wp\/v2\/activity_type?post=426900"}],"curies":[{"name":"wp","href":"https:\/\/api.w.org\/{rel}","templated":true}]}}