{"id":488295,"date":"2025-12-02T20:05:21","date_gmt":"2025-12-02T19:05:21","guid":{"rendered":"https:\/\/www.parispackagingweek.com\/?post_type=activity&#038;p=488295"},"modified":"2026-02-03T09:44:32","modified_gmt":"2026-02-03T08:44:32","slug":"conference-et-performance-artistique-en-direct-fusionner-les-mondes-physique-et-numerique","status":"publish","type":"activity","link":"https:\/\/www.parispackagingweek.com\/fr\/session\/conference-et-performance-artistique-en-direct-fusionner-les-mondes-physique-et-numerique\/","title":{"rendered":"Conf\u00e9rence et performance artistique en direct : fusionner les mondes physique et num\u00e9rique"},"content":{"rendered":"\n<p>Il y a tant d\u2019inspiration autour de nous que nous avons souvent tendance \u00e0 ignorer. Tout consiste \u00e0 entra\u00eener notre regard \u00e0 voir les choses ordinaires du quotidien sous un angle diff\u00e9rent \u2014 \u00e0 r\u00e9imaginer le monde qui nous entoure.<br>C\u2019est \u00e0 vous de d\u00e9cider si vous souhaitez vous fondre dans l\u2019approche de quelqu\u2019un d\u2019autre ou explorer de nouveaux territoires cr\u00e9atifs \u00e0 travers un voyage qui fusionne les mondes analogique et num\u00e9rique !<\/p>\n","protected":false},"excerpt":{"rendered":"<p>Il y a tant d\u2019inspiration autour de nous que nous avons souvent tendance \u00e0 ignorer. Tout consiste \u00e0 entra\u00eener notre regard \u00e0 voir les choses ordinaires du quotidien sous un angle diff\u00e9rent \u2014 \u00e0 r\u00e9imaginer le monde qui nous entoure.C\u2019est \u00e0 vous de d\u00e9cider si vous souhaitez vous fondre dans l\u2019approche de quelqu\u2019un d\u2019autre ou [&hellip;]<\/p>\n","protected":false},"featured_media":0,"template":"","meta":{"_seopress_robots_primary_cat":"","_seopress_titles_title":"Paris Packaging Week | Conf\u00e9rence et performance artistique en direct : fusionner les mondes physique et num\u00e9rique","_seopress_titles_desc":"Il y a tant d\u2019inspiration autour de nous que nous avons souvent tendance \u00e0 ignorer. Tout consiste \u00e0 entra\u00eener notre regard \u00e0 voir les choses ordinaires du quotidien sous un angle diff\u00e9rent \u2014 \u00e0 r\u00e9imaginer le monde qui nous entoure.\r\nC\u2019est \u00e0 vous de d\u00e9cider si vous souhaitez vous fondre dans l\u2019approche de quelqu\u2019un d\u2019autre ou explorer de nouveaux territoires cr\u00e9atifs \u00e0 travers un voyage qui fusionne les mondes analogique et num\u00e9rique !","_seopress_robots_index":"","_activity_time_start":"16:30","_activity_time_end":"18:30","_activity_date":"2026-02-05","_activity_price":"0","footnotes":""},"edition":[1084],"location":[1088],"track":[],"activity_type":[],"class_list":["post-488295","activity","type-activity","status-publish","hentry","edition-paris-packaging-week-2026","location-pentawards-festival-stage-2026"],"_guests":[{"href":"https:\/\/www.parispackagingweek.com\/fr\/wp-json\/wp\/v2\/guest\/488152"}],"_sponsors":[],"_cover_image":null,"_links":{"self":[{"href":"https:\/\/www.parispackagingweek.com\/fr\/wp-json\/wp\/v2\/activity\/488295","targetHints":{"allow":["GET"]}}],"collection":[{"href":"https:\/\/www.parispackagingweek.com\/fr\/wp-json\/wp\/v2\/activity"}],"about":[{"href":"https:\/\/www.parispackagingweek.com\/fr\/wp-json\/wp\/v2\/types\/activity"}],"version-history":[{"count":1,"href":"https:\/\/www.parispackagingweek.com\/fr\/wp-json\/wp\/v2\/activity\/488295\/revisions"}],"predecessor-version":[{"id":488298,"href":"https:\/\/www.parispackagingweek.com\/fr\/wp-json\/wp\/v2\/activity\/488295\/revisions\/488298"}],"wp:attachment":[{"href":"https:\/\/www.parispackagingweek.com\/fr\/wp-json\/wp\/v2\/media?parent=488295"}],"wp:term":[{"taxonomy":"edition","embeddable":true,"href":"https:\/\/www.parispackagingweek.com\/fr\/wp-json\/wp\/v2\/edition?post=488295"},{"taxonomy":"location","embeddable":true,"href":"https:\/\/www.parispackagingweek.com\/fr\/wp-json\/wp\/v2\/location?post=488295"},{"taxonomy":"track","embeddable":true,"href":"https:\/\/www.parispackagingweek.com\/fr\/wp-json\/wp\/v2\/track?post=488295"},{"taxonomy":"activity_type","embeddable":true,"href":"https:\/\/www.parispackagingweek.com\/fr\/wp-json\/wp\/v2\/activity_type?post=488295"}],"curies":[{"name":"wp","href":"https:\/\/api.w.org\/{rel}","templated":true}]}}