{"id":488334,"date":"2025-12-03T09:43:20","date_gmt":"2025-12-03T08:43:20","guid":{"rendered":"https:\/\/www.parispackagingweek.com\/?post_type=activity&#038;p=488334"},"modified":"2026-01-28T14:28:48","modified_gmt":"2026-01-28T13:28:48","slug":"etat-de-lart-du-ppwr-vision-et-impacts-pour-lindustrie-de-lemballage","status":"publish","type":"activity","link":"https:\/\/www.parispackagingweek.com\/fr\/session\/etat-de-lart-du-ppwr-vision-et-impacts-pour-lindustrie-de-lemballage\/","title":{"rendered":"Les d\u00e9fis pos\u00e9s par l\u2019\u00e9volution des r\u00e9glementations : quels impacts pour l\u2019emballage ?"},"content":{"rendered":"\n<p class=\"has-medium-font-size\"><strong>O\u00f9 en sommes-nous r\u00e9ellement avec le PPWR ? (10 min)<\/strong><br><em>S\u00e9vrine Pereira \u2013 Europen<\/em><\/p>\n\n\n\n<p class=\"has-medium-font-size\"><br><strong>R\u00f4le cl\u00e9 :<\/strong> d\u00e9finir un socle commun de r\u00e9f\u00e9rence<\/p>\n\n\n\n<p class=\"has-medium-font-size\">Facteurs cl\u00e9s de succ\u00e8s, notamment le lien avec le futur Acte sur l\u2019\u00e9conomie circulaire<\/p>\n\n\n\n<p>Point d\u2019\u00e9tape \u00e0 six mois de l\u2019entr\u00e9e en application du PPWR<\/p>\n\n\n\n<p>Travaux en cours sur la l\u00e9gislation secondaire<\/p>\n\n\n\n<p>Zones grises et incertitudes restantes<\/p>\n\n\n\n<p class=\"has-medium-font-size\"><strong>Le PPWR : un socle n\u00e9cessaire \u2014 mais dont la mise en \u0153uvre est d\u00e9terminante (10 min)<\/strong><\/p>\n\n\n\n<p class=\"has-medium-font-size\"><em>Antoine Salles \u2013 CNE<\/em><br><strong>Angle cibl\u00e9<\/strong><\/p>\n\n\n\n<ul class=\"wp-block-list\">\n<li>Pourquoi un cadre r\u00e9glementaire fort et harmonis\u00e9 est essentiel<\/li>\n\n\n\n<li>Le risque d\u2019une interpr\u00e9tation trop restrictive du PPWR, limit\u00e9e \u00e0 la seule gestion des d\u00e9chets<\/li>\n\n\n\n<li>Introduction claire du concept de <em>Right Packaging<\/em><\/li>\n\n\n\n<li>Message cl\u00e9 : r\u00e9duire l\u2019impact environnemental sans d\u00e9grader la performance globale du produit<\/li>\n<\/ul>\n\n\n\n<p>Cette s\u00e9quence met en lumi\u00e8re la tension centrale de la session.<\/p>\n\n\n\n<p>1) Le PPWR : un socle r\u00e9glementaire n\u00e9cessaire \u2014 et un point de vigilance<\/p>\n\n\n\n<p>Tout d\u2019abord, le CNE soutient pleinement la n\u00e9cessit\u00e9 d\u2019un socle r\u00e9glementaire fort pour r\u00e9duire l\u2019empreinte environnementale des emballages : pr\u00e9vention et r\u00e9duction \u00e0 la source, recyclabilit\u00e9 \u00e0 grande \u00e9chelle, utilisation s\u00fbre de mati\u00e8res recycl\u00e9es, r\u00e9emploi lorsque cela est pertinent, ainsi qu\u2019un reporting et une application plus coh\u00e9rents \u00e0 l\u2019\u00e9chelle europ\u00e9enne.<\/p>\n\n\n\n<p>Ce socle est essentiel : il fixe une direction commune, aligne les investissements et \u00e9vite des approches nationales fragment\u00e9es.<\/p>\n\n\n\n<p>Notre point de vigilance porte sur la mani\u00e8re dont la r\u00e9glementation est interpr\u00e9t\u00e9e et mise en \u0153uvre. Si l\u2019emballage est principalement \u00e9valu\u00e9 \u00e0 travers un prisme uniquement \u00ab d\u00e9chet \u00bb, nous risquons des effets contre-productifs. L\u2019emballage peut \u00eatre pouss\u00e9 vers une simplification excessive sans prise en compte du produit qu\u2019il sert \u2014 entra\u00eenant des pertes produit accrues, des dommages, du gaspillage, de la confusion pour le consommateur, ainsi qu\u2019un affaiblissement de la diff\u00e9renciation des produits et de la valeur des marques. Autrement dit : si nous optimisons le \u00ab d\u00e9chet d\u2019emballage \u00bb en d\u00e9gradant la performance du produit, nous risquons de d\u00e9placer les impacts plut\u00f4t que de les r\u00e9duire.<\/p>\n\n\n\n<p>2) Le Right Packaging (Juste Emballage) : pr\u00e9server un \u00e9quilibre essentiel<\/p>\n\n\n\n<p>C\u2019est pourquoi nous promouvons le concept de Right Packaging (\u00ab Juste Emballage \u00bb) : une approche qui vise \u00e0 maintenir le juste \u00e9quilibre entre performance environnementale et fonctions essentielles de l\u2019emballage.<\/p>\n\n\n\n<p>L\u2019emballage n\u2019est pas un objet autonome ; il fait partie du couple Produit \u00d7 Emballage. Nous ne mettons pas de \u00ab l\u2019emballage \u00bb sur le march\u00e9 \u2014 nous mettons sur le march\u00e9 des produits qui ont besoin d\u2019un emballage pour exister en toute s\u00e9curit\u00e9, \u00eatre transport\u00e9s, utilis\u00e9s correctement, compris et choisis par les consommateurs.<\/p>\n\n\n\n<p>Il s\u2019agit donc de :<\/p>\n\n\n\n<p>poursuivre les objectifs de circularit\u00e9 et de r\u00e9duction de l\u2019empreinte environnementale sans rendre l\u2019emballage aveugle \u00e0 sa raison d\u2019\u00eatre, notamment l\u2019exp\u00e9rience utilisateur, l\u2019information, la diff\u00e9renciation et l\u2019image de marque ;<\/p>\n\n\n\n<p>\u00e9viter une vision trop uniforme de l\u2019emballage o\u00f9 la performance environnementale deviendrait l\u2019unique crit\u00e8re, au d\u00e9triment de ce que l\u2019emballage apporte concr\u00e8tement dans la vie r\u00e9elle.<\/p>\n\n\n\n<p>3) Implications pour les cosm\u00e9tiques, le luxe \u2014 et les spiritueux : lorsque l\u2019emballage est consubstantiel \u00e0 la valeur<\/p>\n\n\n\n<p>Cet \u00e9quilibre est particuli\u00e8rement critique \u2014 voire consubstantiel \u2014 dans des secteurs comme le luxe, les cosm\u00e9tiques et les spiritueux.<\/p>\n\n\n\n<p>Dans ces industries, l\u2019emballage n\u2019est pas seulement une question de protection et de conformit\u00e9 : il constitue un \u00e9l\u00e9ment central de l\u2019exp\u00e9rience consommateur, de l\u2019identit\u00e9 du produit et de sa proposition de valeur. Le \u00ab moment emballage \u00bb fait partie int\u00e9grante du produit : le toucher, l\u2019exp\u00e9rience de dosage ou de distribution, le sentiment de r\u00e9assurance, le storytelling, ainsi que les codes de qualit\u00e9 et d\u2019authenticit\u00e9.<\/p>\n\n\n\n<p>L\u2019enjeu n\u2019est donc pas de \u00ab prot\u00e9ger le branding du PPWR \u00bb, mais bien d\u2019atteindre les objectifs du PPWR tout en pr\u00e9servant ce qui fait l\u2019essence de ces produits \u2014 leur capacit\u00e9 \u00e0 cr\u00e9er de la confiance, du d\u00e9sir et de la diff\u00e9renciation, tout en garantissant une information claire et une exp\u00e9rience d\u2019usage de haute qualit\u00e9 pour les consommateurs.<\/p>\n\n\n\n<p>Enfin, il convient de garder \u00e0 l\u2019esprit que l\u2019industrie fran\u00e7aise de l\u2019emballage est aujourd\u2019hui sous forte pression, alors m\u00eame qu\u2019elle soutient des produits qui portent l\u2019image de la France \u00e0 l\u2019international et contribuent \u00e0 notre souverainet\u00e9 industrielle. Le PPWR doit \u00eatre mis en \u0153uvre de mani\u00e8re \u00e0 acc\u00e9l\u00e9rer la transition durable sans devenir un facteur de perte de comp\u00e9titivit\u00e9.<\/p>\n\n\n\n<p class=\"has-medium-font-size\"><strong>Quand l\u2019emballage est intrins\u00e8quement li\u00e9 \u00e0 la valeur du produit (15 min)<\/strong><\/p>\n\n\n\n<p class=\"has-medium-font-size\"><em>Marco Scatto \u2013 Istituto Italiano Imballaggio<\/em><br><strong>Positionnement sp\u00e9cifique<\/strong><\/p>\n\n\n\n<ul class=\"wp-block-list\">\n<li>Focus particulier sur le luxe, les cosm\u00e9tiques et les spiritueux<\/li>\n\n\n\n<li>Pr\u00e9sentation des <em>Guidelines for Environmental Management in the Luxury Packaging Value Chain<\/em><\/li>\n\n\n\n<li>Exemples concrets : mat\u00e9riaux, choix d\u2019\u00e9co-conception, gestion de la fin de vie<\/li>\n\n\n\n<li>Importance d\u2019une approche collective et transverse de la cha\u00eene de valeur<\/li>\n<\/ul>\n\n\n\n<p>Cette intervention constitue la traduction op\u00e9rationnelle du concept de <em>Right Packaging<\/em>.<\/p>\n\n\n\n<p>Marco Scatto expliquera comment le futur r\u00e8glement europ\u00e9en sur les emballages et les d\u00e9chets d\u2019emballages (PPWR) est en train de transformer en profondeur le paysage de l\u2019emballage de luxe, et pourquoi une approche coordonn\u00e9e \u00e0 l\u2019\u00e9chelle de l\u2019ensemble de la cha\u00eene de valeur est essentielle pour r\u00e9ussir cette transition. Alors que le PPWR introduit des exigences strictes en mati\u00e8re de recyclabilit\u00e9, de r\u00e9emploi et de r\u00e9duction des d\u00e9chets, les marques de luxe doivent, dans le m\u00eame temps, pr\u00e9server les actifs immat\u00e9riels v\u00e9hicul\u00e9s par l\u2019emballage : savoir-faire, exclusivit\u00e9, identit\u00e9 de marque et valeur \u00e9motionnelle.<\/p>\n\n\n\n<p>S\u2019appuyant sur les travaux de la Commission de l\u2019emballage de luxe de l\u2019Institut italien de l\u2019emballage, Marco Scatto pr\u00e9sentera les nouvelles <strong>Lignes directrices pour la gestion environnementale dans la cha\u00eene de valeur de l\u2019emballage de luxe<\/strong>. Ces lignes directrices traduisent des obligations r\u00e9glementaires complexes en crit\u00e8res op\u00e9rationnels concrets, couvrant le choix des mat\u00e9riaux, l\u2019\u00e9co-conception, la documentation et la gestion de la fin de vie, afin de permettre l\u2019atteinte des objectifs de durabilit\u00e9 sans compromettre les caract\u00e9ristiques distinctives qui d\u00e9finissent les produits premium.<\/p>\n\n\n\n<p>Au c\u0153ur de son intervention se trouve le principe selon lequel \u00ab le contenant cr\u00e9e de la valeur \u00bb : la durabilit\u00e9 ne doit pas \u00eatre per\u00e7ue comme une contrainte, mais comme un levier pleinement int\u00e9gr\u00e9 aux processus cr\u00e9atifs et strat\u00e9giques. Trouver cet \u00e9quilibre suppose une action collaborative entre fournisseurs, transformateurs, marques et acteurs de la gestion des d\u00e9chets \u2014 aucun maillon de la cha\u00eene ne pouvant, \u00e0 lui seul, r\u00e9pondre aux exigences du PPWR.<\/p>\n\n\n\n<p>Son intervention mettra en lumi\u00e8re des exemples concrets, des bonnes pratiques \u00e9mergentes, ainsi que la n\u00e9cessit\u00e9 d\u2019un dialogue continu entre l\u2019industrie et les institutions. En conclusion, Marco Scatto d\u00e9fendra l\u2019id\u00e9e qu\u2019aborder le PPWR \u00e0 travers une approche unifi\u00e9e de la cha\u00eene d\u2019approvisionnement offre au secteur du luxe non seulement la conformit\u00e9 r\u00e9glementaire, mais aussi une opportunit\u00e9 de renforcer le capital de marque gr\u00e2ce \u00e0 des emballages responsables et intelligemment con\u00e7us.<\/p>\n\n\n\n<p class=\"has-medium-font-size\"><strong>L\u2019emballage en verre : la preuve que circularit\u00e9 et cr\u00e9ativit\u00e9 peuvent coexister (8 min)<\/strong><br><br><em>Vanessa Chesnot \u2013 FEVE<\/em><br><strong>Positionnement recommand\u00e9<\/strong><br>Plut\u00f4t que de reprendre un discours g\u00e9n\u00e9ral, la FEVE apporte :<\/p>\n\n\n\n<ul class=\"wp-block-list\">\n<li>Une \u00e9tude de cas positive, centr\u00e9e sur un mat\u00e9riau<\/li>\n\n\n\n<li>Le verre comme mat\u00e9riau :\n<ul class=\"wp-block-list\">\n<li>infiniment recyclable<\/li>\n\n\n\n<li>compatible avec la cr\u00e9ativit\u00e9, la mont\u00e9e en gamme et la performance industrielle<\/li>\n<\/ul>\n<\/li>\n\n\n\n<li>Conditions cl\u00e9s de r\u00e9ussite : clart\u00e9 et proportionnalit\u00e9 r\u00e9glementaires<\/li>\n<\/ul>\n\n\n\n<p class=\"has-medium-font-size\">La FEVE apporte ainsi la preuve industrielle qu\u2019un juste \u00e9quilibre est possible.<\/p>\n\n\n\n<p class=\"has-medium-font-size\"><em>Madison Wright<\/em><\/p>\n\n\n\n<p><strong>De la r\u00e9glementation \u00e0 la mise en pratique : ce que le PPWR peut apprendre des mod\u00e8les de mise en \u0153uvre au Royaume-Uni<\/strong><br>\u2022 La collaboration permet d\u2019acc\u00e9l\u00e9rer le changement plus efficacement que la r\u00e9glementation seule<br>\u2022 Un terrain d\u2019exp\u00e9rimentation pour la mise en \u0153uvre et l\u2019application concr\u00e8te des r\u00e9glementations : alignement des donn\u00e9es, des infrastructures et de la conception<br>\u2022 Politiques publiques au Royaume-Uni et dans l\u2019Union europ\u00e9enne<br>\u2022 UK Packaging Pact<br>\u2022 \u00c9tudes de cas emballages port\u00e9es par WRAP<br>\u2022 Comment accompagner les marques plut\u00f4t que les contraindre<\/p>\n","protected":false},"excerpt":{"rendered":"<p>O\u00f9 en sommes-nous r\u00e9ellement avec le PPWR ? (10 min)S\u00e9vrine Pereira \u2013 Europen R\u00f4le cl\u00e9 : d\u00e9finir un socle commun de r\u00e9f\u00e9rence Facteurs cl\u00e9s de succ\u00e8s, notamment le lien avec le futur Acte sur l\u2019\u00e9conomie circulaire Point d\u2019\u00e9tape \u00e0 six mois de l\u2019entr\u00e9e en application du PPWR Travaux en cours sur la l\u00e9gislation secondaire Zones [&hellip;]<\/p>\n","protected":false},"featured_media":0,"template":"","meta":{"_seopress_robots_primary_cat":"","_seopress_titles_title":"\u00c9tat de l\u2019art du PPWR : vision et impacts pour l\u2019industrie de l\u2019emballage ( intervenants \u00e0 venir )","_seopress_titles_desc":"","_seopress_robots_index":"","_activity_time_start":"09:45","_activity_time_end":"10:40","_activity_date":"2026-02-05","_activity_price":"0","footnotes":""},"edition":[1084],"location":[1086],"track":[],"activity_type":[],"class_list":["post-488334","activity","type-activity","status-publish","hentry","edition-paris-packaging-week-2026","location-circular-economy-stage-2026"],"_guests":[{"href":"https:\/\/www.parispackagingweek.com\/fr\/wp-json\/wp\/v2\/guest\/494739"},{"href":"https:\/\/www.parispackagingweek.com\/fr\/wp-json\/wp\/v2\/guest\/493414"},{"href":"https:\/\/www.parispackagingweek.com\/fr\/wp-json\/wp\/v2\/guest\/492248"},{"href":"https:\/\/www.parispackagingweek.com\/fr\/wp-json\/wp\/v2\/guest\/489537"},{"href":"https:\/\/www.parispackagingweek.com\/fr\/wp-json\/wp\/v2\/guest\/486689"},{"href":"https:\/\/www.parispackagingweek.com\/fr\/wp-json\/wp\/v2\/guest\/326979"}],"_sponsors":[],"_cover_image":null,"_links":{"self":[{"href":"https:\/\/www.parispackagingweek.com\/fr\/wp-json\/wp\/v2\/activity\/488334","targetHints":{"allow":["GET"]}}],"collection":[{"href":"https:\/\/www.parispackagingweek.com\/fr\/wp-json\/wp\/v2\/activity"}],"about":[{"href":"https:\/\/www.parispackagingweek.com\/fr\/wp-json\/wp\/v2\/types\/activity"}],"version-history":[{"count":5,"href":"https:\/\/www.parispackagingweek.com\/fr\/wp-json\/wp\/v2\/activity\/488334\/revisions"}],"predecessor-version":[{"id":494743,"href":"https:\/\/www.parispackagingweek.com\/fr\/wp-json\/wp\/v2\/activity\/488334\/revisions\/494743"}],"wp:attachment":[{"href":"https:\/\/www.parispackagingweek.com\/fr\/wp-json\/wp\/v2\/media?parent=488334"}],"wp:term":[{"taxonomy":"edition","embeddable":true,"href":"https:\/\/www.parispackagingweek.com\/fr\/wp-json\/wp\/v2\/edition?post=488334"},{"taxonomy":"location","embeddable":true,"href":"https:\/\/www.parispackagingweek.com\/fr\/wp-json\/wp\/v2\/location?post=488334"},{"taxonomy":"track","embeddable":true,"href":"https:\/\/www.parispackagingweek.com\/fr\/wp-json\/wp\/v2\/track?post=488334"},{"taxonomy":"activity_type","embeddable":true,"href":"https:\/\/www.parispackagingweek.com\/fr\/wp-json\/wp\/v2\/activity_type?post=488334"}],"curies":[{"name":"wp","href":"https:\/\/api.w.org\/{rel}","templated":true}]}}