{"id":488741,"date":"2025-12-03T10:01:12","date_gmt":"2025-12-03T09:01:12","guid":{"rendered":"https:\/\/www.parispackagingweek.com\/?post_type=activity&#038;p=488741"},"modified":"2026-01-05T09:59:33","modified_gmt":"2026-01-05T08:59:33","slug":"reves-et-realites-materielles-biomateriaux-vs-plastiques-traditionnels","status":"publish","type":"activity","link":"https:\/\/www.parispackagingweek.com\/fr\/session\/reves-et-realites-materielles-biomateriaux-vs-plastiques-traditionnels\/","title":{"rendered":"R\u00eaves et r\u00e9alit\u00e9s mat\u00e9rielles : biomat\u00e9riaux vs plastiques traditionnels (Session mod\u00e9r\u00e9e par : Margarita Sidorova)"},"content":{"rendered":"\n<p>Ce panel explorera le foss\u00e9 grandissant entre le discours marketing et les r\u00e9alit\u00e9s industrielles des bioplastiques et des emballages durables. Alors que les marques et les campagnes m\u00e9diatiques promeuvent de plus en plus l&rsquo;id\u00e9e d&rsquo;un avenir sans plastique, souvent sous l&rsquo;impulsion de la promesse d&rsquo;alternatives \u00e0 base d&rsquo;algues et de plantes, la r\u00e9alit\u00e9 sur le terrain reste<br>beaucoup plus complexe. La session rassemble des voix issues de l&rsquo;ensemble de la cha\u00eene de valeur : des innovateurs en mati\u00e8re de mat\u00e9riaux comme Eranova, des recycleurs comme CITEO, un grand producteur de mat\u00e9riaux Eastman, et des leaders d&rsquo;opinion en mati\u00e8re de durabilit\u00e9 comme Re-Source. Ensemble, ils analyseront ce qui est r\u00e9ellement possible aujourd&rsquo;hui et ce qui reste une vision marketing pour l&rsquo;avenir.<\/p>\n\n\n\n<p><\/p>\n","protected":false},"excerpt":{"rendered":"<p>Ce panel explorera le foss\u00e9 grandissant entre le discours marketing et les r\u00e9alit\u00e9s industrielles des bioplastiques et des emballages durables. Alors que les marques et les campagnes m\u00e9diatiques promeuvent de plus en plus l&rsquo;id\u00e9e d&rsquo;un avenir sans plastique, souvent sous l&rsquo;impulsion de la promesse d&rsquo;alternatives \u00e0 base d&rsquo;algues et de plantes, la r\u00e9alit\u00e9 sur le [&hellip;]<\/p>\n","protected":false},"featured_media":0,"template":"","meta":{"_seopress_robots_primary_cat":"","_seopress_titles_title":"","_seopress_titles_desc":"","_seopress_robots_index":"","_activity_time_start":"14:30","_activity_time_end":"15:15","_activity_date":"2026-02-05","_activity_price":"0","footnotes":""},"edition":[1084],"location":[1086],"track":[],"activity_type":[],"class_list":["post-488741","activity","type-activity","status-publish","hentry","edition-paris-packaging-week-2026","location-circular-economy-stage-2026"],"_guests":[{"href":"https:\/\/www.parispackagingweek.com\/fr\/wp-json\/wp\/v2\/guest\/492426"},{"href":"https:\/\/www.parispackagingweek.com\/fr\/wp-json\/wp\/v2\/guest\/489575"},{"href":"https:\/\/www.parispackagingweek.com\/fr\/wp-json\/wp\/v2\/guest\/488797"},{"href":"https:\/\/www.parispackagingweek.com\/fr\/wp-json\/wp\/v2\/guest\/488778"},{"href":"https:\/\/www.parispackagingweek.com\/fr\/wp-json\/wp\/v2\/guest\/486143"},{"href":"https:\/\/www.parispackagingweek.com\/fr\/wp-json\/wp\/v2\/guest\/303398"}],"_sponsors":[],"_cover_image":null,"_links":{"self":[{"href":"https:\/\/www.parispackagingweek.com\/fr\/wp-json\/wp\/v2\/activity\/488741","targetHints":{"allow":["GET"]}}],"collection":[{"href":"https:\/\/www.parispackagingweek.com\/fr\/wp-json\/wp\/v2\/activity"}],"about":[{"href":"https:\/\/www.parispackagingweek.com\/fr\/wp-json\/wp\/v2\/types\/activity"}],"version-history":[{"count":2,"href":"https:\/\/www.parispackagingweek.com\/fr\/wp-json\/wp\/v2\/activity\/488741\/revisions"}],"predecessor-version":[{"id":489566,"href":"https:\/\/www.parispackagingweek.com\/fr\/wp-json\/wp\/v2\/activity\/488741\/revisions\/489566"}],"wp:attachment":[{"href":"https:\/\/www.parispackagingweek.com\/fr\/wp-json\/wp\/v2\/media?parent=488741"}],"wp:term":[{"taxonomy":"edition","embeddable":true,"href":"https:\/\/www.parispackagingweek.com\/fr\/wp-json\/wp\/v2\/edition?post=488741"},{"taxonomy":"location","embeddable":true,"href":"https:\/\/www.parispackagingweek.com\/fr\/wp-json\/wp\/v2\/location?post=488741"},{"taxonomy":"track","embeddable":true,"href":"https:\/\/www.parispackagingweek.com\/fr\/wp-json\/wp\/v2\/track?post=488741"},{"taxonomy":"activity_type","embeddable":true,"href":"https:\/\/www.parispackagingweek.com\/fr\/wp-json\/wp\/v2\/activity_type?post=488741"}],"curies":[{"name":"wp","href":"https:\/\/api.w.org\/{rel}","templated":true}]}}