{"id":488962,"date":"2025-12-03T14:16:14","date_gmt":"2025-12-03T13:16:14","guid":{"rendered":"https:\/\/www.parispackagingweek.com\/?post_type=activity&#038;p=488962"},"modified":"2026-01-13T11:13:54","modified_gmt":"2026-01-13T10:13:54","slug":"luxperience","status":"publish","type":"activity","link":"https:\/\/www.parispackagingweek.com\/fr\/session\/luxperience\/","title":{"rendered":"Le march\u00e9 du Luxe : Nouveaux profils, nouvelles attentes"},"content":{"rendered":"\n<p>Loin des clich\u00e9s d\u2019un univers fig\u00e9, le luxe refl\u00e8te aujourd\u2019hui une soci\u00e9t\u00e9 en mouvement, port\u00e9e par des individus curieux, exigeants et en qu\u00eate d\u2019exp\u00e9riences porteuses de sens. Ifop et le m\u00e9dia \u00e9conomique Luxus+ se sont ainsi associ\u00e9s pour mener une \u00e9tude aupr\u00e8s des nouveaux profils des consommateurs du luxe. Ils pr\u00e9senteront les r\u00e9sultats de cette enqu\u00eate, r\u00e9alis\u00e9e aupr\u00e8s d\u2019un \u00e9chantillon de 4 500 consommateurs identifi\u00e9s et r\u00e9partis sur sept march\u00e9s cl\u00e9s \u00e0 travers le monde.\u00a0\u00a0<\/p>\n\n\n\n<p><\/p>\n","protected":false},"excerpt":{"rendered":"<p>Loin des clich\u00e9s d\u2019un univers fig\u00e9, le luxe refl\u00e8te aujourd\u2019hui une soci\u00e9t\u00e9 en mouvement, port\u00e9e par des individus curieux, exigeants et en qu\u00eate d\u2019exp\u00e9riences porteuses de sens. Ifop et le m\u00e9dia \u00e9conomique Luxus+ se sont ainsi associ\u00e9s pour mener une \u00e9tude aupr\u00e8s des nouveaux profils des consommateurs du luxe. Ils pr\u00e9senteront les r\u00e9sultats de cette [&hellip;]<\/p>\n","protected":false},"featured_media":0,"template":"","meta":{"_seopress_robots_primary_cat":"","_seopress_titles_title":"Le march\u00e9 du Luxe : Nouveaux profils, nouvelles attentes","_seopress_titles_desc":"Loin des clich\u00e9s d\u2019un univers fig\u00e9, le luxe refl\u00e8te aujourd\u2019hui une soci\u00e9t\u00e9 en mouvement, port\u00e9e par des individus curieux, exigeants et en qu\u00eate d\u2019exp\u00e9riences porteuses de sens. Ifop et le m\u00e9dia \u00e9conomique Luxus+ se sont ainsi associ\u00e9s pour mener une \u00e9tude aupr\u00e8s des nouveaux profils des consommateurs du luxe. Ils pr\u00e9senteront les r\u00e9sultats de cette enqu\u00eate, r\u00e9alis\u00e9e aupr\u00e8s d\u2019un \u00e9chantillon de 4 500 consommateurs identifi\u00e9s et r\u00e9partis sur sept march\u00e9s cl\u00e9s \u00e0 travers le monde.","_seopress_robots_index":"","_activity_time_start":"12:15","_activity_time_end":"12:45","_activity_date":"2026-02-06","_activity_price":"0","footnotes":""},"edition":[1084],"location":[1086],"track":[],"activity_type":[],"class_list":["post-488962","activity","type-activity","status-publish","hentry","edition-paris-packaging-week-2026","location-circular-economy-stage-2026"],"_guests":[{"href":"https:\/\/www.parispackagingweek.com\/fr\/wp-json\/wp\/v2\/guest\/493301"},{"href":"https:\/\/www.parispackagingweek.com\/fr\/wp-json\/wp\/v2\/guest\/331034"}],"_sponsors":[],"_cover_image":null,"_links":{"self":[{"href":"https:\/\/www.parispackagingweek.com\/fr\/wp-json\/wp\/v2\/activity\/488962","targetHints":{"allow":["GET"]}}],"collection":[{"href":"https:\/\/www.parispackagingweek.com\/fr\/wp-json\/wp\/v2\/activity"}],"about":[{"href":"https:\/\/www.parispackagingweek.com\/fr\/wp-json\/wp\/v2\/types\/activity"}],"version-history":[{"count":2,"href":"https:\/\/www.parispackagingweek.com\/fr\/wp-json\/wp\/v2\/activity\/488962\/revisions"}],"predecessor-version":[{"id":492582,"href":"https:\/\/www.parispackagingweek.com\/fr\/wp-json\/wp\/v2\/activity\/488962\/revisions\/492582"}],"wp:attachment":[{"href":"https:\/\/www.parispackagingweek.com\/fr\/wp-json\/wp\/v2\/media?parent=488962"}],"wp:term":[{"taxonomy":"edition","embeddable":true,"href":"https:\/\/www.parispackagingweek.com\/fr\/wp-json\/wp\/v2\/edition?post=488962"},{"taxonomy":"location","embeddable":true,"href":"https:\/\/www.parispackagingweek.com\/fr\/wp-json\/wp\/v2\/location?post=488962"},{"taxonomy":"track","embeddable":true,"href":"https:\/\/www.parispackagingweek.com\/fr\/wp-json\/wp\/v2\/track?post=488962"},{"taxonomy":"activity_type","embeddable":true,"href":"https:\/\/www.parispackagingweek.com\/fr\/wp-json\/wp\/v2\/activity_type?post=488962"}],"curies":[{"name":"wp","href":"https:\/\/api.w.org\/{rel}","templated":true}]}}