{"id":488982,"date":"2025-12-03T14:34:55","date_gmt":"2025-12-03T13:34:55","guid":{"rendered":"https:\/\/www.parispackagingweek.com\/?post_type=activity&#038;p=488982"},"modified":"2025-12-03T14:35:47","modified_gmt":"2025-12-03T13:35:47","slug":"lentropie-percue-une-nouvelle-grille-de-lecture-pour-concevoir-des-packagings-reutilisables","status":"publish","type":"activity","link":"https:\/\/www.parispackagingweek.com\/fr\/session\/lentropie-percue-une-nouvelle-grille-de-lecture-pour-concevoir-des-packagings-reutilisables\/","title":{"rendered":"L\u2019entropie per\u00e7ue : une nouvelle grille de lecture pour concevoir des packagings r\u00e9utilisables"},"content":{"rendered":"\n<p>Cette conf\u00e9rence a pour ambition de partager les fondements de l\u2019entropie percue et d\u2019illustrer comment une meilleure compr\u00e9hension des m\u00e9canismes perceptifs peut enrichir les pratiques de conception, de design et de communication. En repensant la r\u00e9utilisation non pas uniquement comme une question technique ou r\u00e9glementaire, mais aussi comme une exp\u00e9rience sensorielle et intuitive v\u00e9cue par les consommateurs, il devient possible de cr\u00e9er des emballages qui ne soient pas seulement r\u00e9utilisables en th\u00e9orie, mais r\u00e9ellement r\u00e9utilis\u00e9s dans la pratique.<\/p>\n\n\n\n<p><\/p>\n","protected":false},"excerpt":{"rendered":"<p>Cette conf\u00e9rence a pour ambition de partager les fondements de l\u2019entropie percue et d\u2019illustrer comment une meilleure compr\u00e9hension des m\u00e9canismes perceptifs peut enrichir les pratiques de conception, de design et de communication. En repensant la r\u00e9utilisation non pas uniquement comme une question technique ou r\u00e9glementaire, mais aussi comme une exp\u00e9rience sensorielle et intuitive v\u00e9cue par [&hellip;]<\/p>\n","protected":false},"featured_media":0,"template":"","meta":{"_seopress_robots_primary_cat":"","_seopress_titles_title":"L\u2019entropie per\u00e7ue : une nouvelle grille de lecture pour concevoir des packagings r\u00e9utilisables","_seopress_titles_desc":"Cette conf\u00e9rence a pour ambition de partager les fondements de l\u2019entropie percue et d\u2019illustrer comment une meilleure compr\u00e9hension des m\u00e9canismes perceptifs peut enrichir les pratiques de conception, de design et de communication. En repensant la r\u00e9utilisation non pas uniquement comme une question technique ou r\u00e9glementaire, mais aussi comme une exp\u00e9rience sensorielle et intuitive v\u00e9cue par les consommateurs, il devient possible de cr\u00e9er des emballages qui ne soient pas seulement r\u00e9utilisables en th\u00e9orie, mais r\u00e9ellement r\u00e9utilis\u00e9s dans la pratique.","_seopress_robots_index":"","_activity_time_start":"13:00","_activity_time_end":"13:30","_activity_date":"2026-02-06","_activity_price":"0","footnotes":""},"edition":[1084],"location":[1086],"track":[],"activity_type":[],"class_list":["post-488982","activity","type-activity","status-publish","hentry","edition-paris-packaging-week-2026","location-circular-economy-stage-2026"],"_guests":[{"href":"https:\/\/www.parispackagingweek.com\/fr\/wp-json\/wp\/v2\/guest\/486168"},{"href":"https:\/\/www.parispackagingweek.com\/fr\/wp-json\/wp\/v2\/guest\/72241"}],"_sponsors":[],"_cover_image":null,"_links":{"self":[{"href":"https:\/\/www.parispackagingweek.com\/fr\/wp-json\/wp\/v2\/activity\/488982","targetHints":{"allow":["GET"]}}],"collection":[{"href":"https:\/\/www.parispackagingweek.com\/fr\/wp-json\/wp\/v2\/activity"}],"about":[{"href":"https:\/\/www.parispackagingweek.com\/fr\/wp-json\/wp\/v2\/types\/activity"}],"version-history":[{"count":1,"href":"https:\/\/www.parispackagingweek.com\/fr\/wp-json\/wp\/v2\/activity\/488982\/revisions"}],"predecessor-version":[{"id":488989,"href":"https:\/\/www.parispackagingweek.com\/fr\/wp-json\/wp\/v2\/activity\/488982\/revisions\/488989"}],"wp:attachment":[{"href":"https:\/\/www.parispackagingweek.com\/fr\/wp-json\/wp\/v2\/media?parent=488982"}],"wp:term":[{"taxonomy":"edition","embeddable":true,"href":"https:\/\/www.parispackagingweek.com\/fr\/wp-json\/wp\/v2\/edition?post=488982"},{"taxonomy":"location","embeddable":true,"href":"https:\/\/www.parispackagingweek.com\/fr\/wp-json\/wp\/v2\/location?post=488982"},{"taxonomy":"track","embeddable":true,"href":"https:\/\/www.parispackagingweek.com\/fr\/wp-json\/wp\/v2\/track?post=488982"},{"taxonomy":"activity_type","embeddable":true,"href":"https:\/\/www.parispackagingweek.com\/fr\/wp-json\/wp\/v2\/activity_type?post=488982"}],"curies":[{"name":"wp","href":"https:\/\/api.w.org\/{rel}","templated":true}]}}