{"id":489111,"date":"2025-12-03T15:42:53","date_gmt":"2025-12-03T14:42:53","guid":{"rendered":"https:\/\/www.parispackagingweek.com\/?post_type=activity&#038;p=489111"},"modified":"2026-01-28T14:18:10","modified_gmt":"2026-01-28T13:18:10","slug":"grand-rendez-vous-du-commerce","status":"publish","type":"activity","link":"https:\/\/www.parispackagingweek.com\/fr\/session\/grand-rendez-vous-du-commerce\/","title":{"rendered":"Grand rendez-vous du commerce"},"content":{"rendered":"\n<p><strong>Organis\u00e9 par le CACtus \u2013 Le Club des Acteurs du Commerce<\/strong><\/p>\n\n\n\n<p>Le <a href=\"https:\/\/www.linkedin.com\/company\/cactus-le-club-des-acteurs-du-commerce\/\" target=\"_blank\" rel=\"noreferrer noopener\"><strong>CACtus &#8211; Le Club des Acteurs du Commerce<\/strong><\/a> investit la <a href=\"https:\/\/www.linkedin.com\/company\/parispackagingweek\/\" target=\"_blank\" rel=\"noreferrer noopener\"><strong>Paris Packaging Week<\/strong><\/a> pour une matin\u00e9e exceptionnelle de r\u00e9flexions crois\u00e9es, d\u2019\u00e9changes de terrain et de visions prospectives autour des nouveaux mod\u00e8les du commerce.<br>\ud83c\udfaf Au c\u0153ur du programme : 7 grandes tables rondes, nourries par les contributions du Livre Blanc du CACTUS :<br><br><\/p>\n\n\n\n<ul class=\"wp-block-list\">\n<li>Retail Responsable \u2013 La nouvelle infrastructure du commerce<\/li>\n\n\n\n<li>Commerce &amp; Territoires \u2013 Les centres-villes en 2040<\/li>\n\n\n\n<li>Agencement, architecture &amp; packaging \u2013 Design durable, r\u00e9versible, modulaire<\/li>\n\n\n\n<li>Attractivit\u00e9 des points de vente \u2013 Sc\u00e9nographie, sens &amp; services<\/li>\n\n\n\n<li>Exp\u00e9rience connect\u00e9e \u2013 Digital Media, IA &amp; parcours augment\u00e9s<\/li>\n\n\n\n<li>Force de vente \u2013 Pilier strat\u00e9gique du commerce<\/li>\n\n\n\n<li>Produits responsables \u2013 Comment passer \u00e0 l\u2019\u00e9chelle ?<\/li>\n<\/ul>\n\n\n\n<p><\/p>\n","protected":false},"excerpt":{"rendered":"<p>Organis\u00e9 par le CACtus \u2013 Le Club des Acteurs du Commerce Le CACtus &#8211; Le Club des Acteurs du Commerce investit la Paris Packaging Week pour une matin\u00e9e exceptionnelle de r\u00e9flexions crois\u00e9es, d\u2019\u00e9changes de terrain et de visions prospectives autour des nouveaux mod\u00e8les du commerce.\ud83c\udfaf Au c\u0153ur du programme : 7 grandes tables rondes, nourries [&hellip;]<\/p>\n","protected":false},"featured_media":0,"template":"","meta":{"_seopress_robots_primary_cat":"","_seopress_titles_title":"GRAND RENDEZ-VOUS DU COMMERCE","_seopress_titles_desc":"Organis\u00e9 par le CACtus \u2013 Le Club des Acteurs du Commerce","_seopress_robots_index":"","_activity_time_start":"10:00","_activity_time_end":"13:00","_activity_date":"2026-02-05","_activity_price":"0","footnotes":""},"edition":[1084],"location":[1085],"track":[],"activity_type":[],"class_list":["post-489111","activity","type-activity","status-publish","hentry","edition-paris-packaging-week-2026","location-future-innovation-forum-2026"],"_guests":[{"href":"https:\/\/www.parispackagingweek.com\/fr\/wp-json\/wp\/v2\/guest\/494285"},{"href":"https:\/\/www.parispackagingweek.com\/fr\/wp-json\/wp\/v2\/guest\/494274"},{"href":"https:\/\/www.parispackagingweek.com\/fr\/wp-json\/wp\/v2\/guest\/494266"},{"href":"https:\/\/www.parispackagingweek.com\/fr\/wp-json\/wp\/v2\/guest\/494258"},{"href":"https:\/\/www.parispackagingweek.com\/fr\/wp-json\/wp\/v2\/guest\/494250"},{"href":"https:\/\/www.parispackagingweek.com\/fr\/wp-json\/wp\/v2\/guest\/494242"},{"href":"https:\/\/www.parispackagingweek.com\/fr\/wp-json\/wp\/v2\/guest\/494234"},{"href":"https:\/\/www.parispackagingweek.com\/fr\/wp-json\/wp\/v2\/guest\/494226"},{"href":"https:\/\/www.parispackagingweek.com\/fr\/wp-json\/wp\/v2\/guest\/494218"},{"href":"https:\/\/www.parispackagingweek.com\/fr\/wp-json\/wp\/v2\/guest\/494210"},{"href":"https:\/\/www.parispackagingweek.com\/fr\/wp-json\/wp\/v2\/guest\/494202"},{"href":"https:\/\/www.parispackagingweek.com\/fr\/wp-json\/wp\/v2\/guest\/494194"},{"href":"https:\/\/www.parispackagingweek.com\/fr\/wp-json\/wp\/v2\/guest\/494186"},{"href":"https:\/\/www.parispackagingweek.com\/fr\/wp-json\/wp\/v2\/guest\/494178"},{"href":"https:\/\/www.parispackagingweek.com\/fr\/wp-json\/wp\/v2\/guest\/494011"},{"href":"https:\/\/www.parispackagingweek.com\/fr\/wp-json\/wp\/v2\/guest\/493999"},{"href":"https:\/\/www.parispackagingweek.com\/fr\/wp-json\/wp\/v2\/guest\/493991"},{"href":"https:\/\/www.parispackagingweek.com\/fr\/wp-json\/wp\/v2\/guest\/493983"},{"href":"https:\/\/www.parispackagingweek.com\/fr\/wp-json\/wp\/v2\/guest\/489664"},{"href":"https:\/\/www.parispackagingweek.com\/fr\/wp-json\/wp\/v2\/guest\/489653"}],"_sponsors":[],"_cover_image":null,"_links":{"self":[{"href":"https:\/\/www.parispackagingweek.com\/fr\/wp-json\/wp\/v2\/activity\/489111","targetHints":{"allow":["GET"]}}],"collection":[{"href":"https:\/\/www.parispackagingweek.com\/fr\/wp-json\/wp\/v2\/activity"}],"about":[{"href":"https:\/\/www.parispackagingweek.com\/fr\/wp-json\/wp\/v2\/types\/activity"}],"version-history":[{"count":3,"href":"https:\/\/www.parispackagingweek.com\/fr\/wp-json\/wp\/v2\/activity\/489111\/revisions"}],"predecessor-version":[{"id":494728,"href":"https:\/\/www.parispackagingweek.com\/fr\/wp-json\/wp\/v2\/activity\/489111\/revisions\/494728"}],"wp:attachment":[{"href":"https:\/\/www.parispackagingweek.com\/fr\/wp-json\/wp\/v2\/media?parent=489111"}],"wp:term":[{"taxonomy":"edition","embeddable":true,"href":"https:\/\/www.parispackagingweek.com\/fr\/wp-json\/wp\/v2\/edition?post=489111"},{"taxonomy":"location","embeddable":true,"href":"https:\/\/www.parispackagingweek.com\/fr\/wp-json\/wp\/v2\/location?post=489111"},{"taxonomy":"track","embeddable":true,"href":"https:\/\/www.parispackagingweek.com\/fr\/wp-json\/wp\/v2\/track?post=489111"},{"taxonomy":"activity_type","embeddable":true,"href":"https:\/\/www.parispackagingweek.com\/fr\/wp-json\/wp\/v2\/activity_type?post=489111"}],"curies":[{"name":"wp","href":"https:\/\/api.w.org\/{rel}","templated":true}]}}