{"id":489136,"date":"2025-12-03T15:48:56","date_gmt":"2025-12-03T14:48:56","guid":{"rendered":"https:\/\/www.parispackagingweek.com\/?post_type=activity&#038;p=489136"},"modified":"2025-12-03T16:03:34","modified_gmt":"2025-12-03T15:03:34","slug":"ia-beauty-intelligence-du-marche-aux-insights-packaging","status":"publish","type":"activity","link":"https:\/\/www.parispackagingweek.com\/fr\/session\/ia-beauty-intelligence-du-marche-aux-insights-packaging\/","title":{"rendered":"IA &amp; Beauty Intelligence : du march\u00e9 aux insights packaging"},"content":{"rendered":"\n<p>Revue des tendances\/performances du secteur de la beaut\u00e9<\/p>\n\n\n\n<p>Pr\u00e9sentation du potentiel et des use cases de l&rsquo;IA dans la beaut\u00e9<\/p>\n\n\n\n<p>Pr\u00e9sentation d&rsquo;un outil d&rsquo;analyse des revues consommateurs avec un focus sur les insights packaging<\/p>\n","protected":false},"excerpt":{"rendered":"<p>Revue des tendances\/performances du secteur de la beaut\u00e9 Pr\u00e9sentation du potentiel et des use cases de l&rsquo;IA dans la beaut\u00e9 Pr\u00e9sentation d&rsquo;un outil d&rsquo;analyse des revues consommateurs avec un focus sur les insights packaging<\/p>\n","protected":false},"featured_media":0,"template":"","meta":{"_seopress_robots_primary_cat":"","_seopress_titles_title":"IA & Beauty Intelligence : du march\u00e9 aux insights packaging","_seopress_titles_desc":"Revue des tendances\/performances du secteur de la beaut\u00e9\r\n\r\nPr\u00e9sentation du potentiel et des use cases de l'IA dans la beaut\u00e9\r\n\r\nPr\u00e9sentation d'un outil d'analyse des revues consommateurs avec un focus sur les insights packaging","_seopress_robots_index":"","_activity_time_start":"13:00","_activity_time_end":"13:20","_activity_date":"2026-02-05","_activity_price":"0","footnotes":""},"edition":[1084],"location":[1085],"track":[],"activity_type":[],"class_list":["post-489136","activity","type-activity","status-publish","hentry","edition-paris-packaging-week-2026","location-future-innovation-forum-2026"],"_guests":[{"href":"https:\/\/www.parispackagingweek.com\/fr\/wp-json\/wp\/v2\/guest\/489168"}],"_sponsors":[],"_cover_image":null,"_links":{"self":[{"href":"https:\/\/www.parispackagingweek.com\/fr\/wp-json\/wp\/v2\/activity\/489136","targetHints":{"allow":["GET"]}}],"collection":[{"href":"https:\/\/www.parispackagingweek.com\/fr\/wp-json\/wp\/v2\/activity"}],"about":[{"href":"https:\/\/www.parispackagingweek.com\/fr\/wp-json\/wp\/v2\/types\/activity"}],"version-history":[{"count":1,"href":"https:\/\/www.parispackagingweek.com\/fr\/wp-json\/wp\/v2\/activity\/489136\/revisions"}],"predecessor-version":[{"id":489161,"href":"https:\/\/www.parispackagingweek.com\/fr\/wp-json\/wp\/v2\/activity\/489136\/revisions\/489161"}],"wp:attachment":[{"href":"https:\/\/www.parispackagingweek.com\/fr\/wp-json\/wp\/v2\/media?parent=489136"}],"wp:term":[{"taxonomy":"edition","embeddable":true,"href":"https:\/\/www.parispackagingweek.com\/fr\/wp-json\/wp\/v2\/edition?post=489136"},{"taxonomy":"location","embeddable":true,"href":"https:\/\/www.parispackagingweek.com\/fr\/wp-json\/wp\/v2\/location?post=489136"},{"taxonomy":"track","embeddable":true,"href":"https:\/\/www.parispackagingweek.com\/fr\/wp-json\/wp\/v2\/track?post=489136"},{"taxonomy":"activity_type","embeddable":true,"href":"https:\/\/www.parispackagingweek.com\/fr\/wp-json\/wp\/v2\/activity_type?post=489136"}],"curies":[{"name":"wp","href":"https:\/\/api.w.org\/{rel}","templated":true}]}}