{"id":489608,"date":"2025-12-04T12:31:20","date_gmt":"2025-12-04T11:31:20","guid":{"rendered":"https:\/\/www.parispackagingweek.com\/?post_type=activity&#038;p=489608"},"modified":"2026-01-20T11:11:11","modified_gmt":"2026-01-20T10:11:11","slug":"part-1-ppwr-impacts-pour-les-packagings-spiritueux-coallision-economie-circulaire","status":"publish","type":"activity","link":"https:\/\/www.parispackagingweek.com\/fr\/session\/part-1-ppwr-impacts-pour-les-packagings-spiritueux-coallision-economie-circulaire\/","title":{"rendered":"R\u00e9emploi des bouteilles de vin et spiritueux\u00a0: Un guide pratique de la MVS pour accompagner les entreprises"},"content":{"rendered":"\n<p class=\"has-medium-font-size\">Le r\u00e9emploi est un des leviers importants pour la d\u00e9carbonation pour les entreprises du secteur des vins et spiritueux. La Maison des Vins et Spiritueux accompagne ses adh\u00e9rents qui peuvent et souhaitent se lancer dans une d\u00e9marche de r\u00e9emploi au travers d\u2019un guide pratique\u00a0abordant les sp\u00e9cificit\u00e9s secteur. Avec le regard crois\u00e9 de professionnels de la fili\u00e8re, ce panel pr\u00e9sentera les cl\u00e9s et outils se lancer dans le r\u00e9emploi,\u00a0gr\u00e2ce au partage d&rsquo;exp\u00e9riences et de bonnes pratiques d\u00e9j\u00e0 mises en place par certains acteurs du secteur.<\/p>\n\n\n\n<p><\/p>\n","protected":false},"excerpt":{"rendered":"<p>Le r\u00e9emploi est un des leviers importants pour la d\u00e9carbonation pour les entreprises du secteur des vins et spiritueux. La Maison des Vins et Spiritueux accompagne ses adh\u00e9rents qui peuvent et souhaitent se lancer dans une d\u00e9marche de r\u00e9emploi au travers d\u2019un guide pratique\u00a0abordant les sp\u00e9cificit\u00e9s secteur. Avec le regard crois\u00e9 de professionnels de la [&hellip;]<\/p>\n","protected":false},"featured_media":0,"template":"","meta":{"_seopress_robots_primary_cat":"","_seopress_titles_title":"R\u00e9emploi des bouteilles de vin et spiritueux : Un guide pratique de la MVS pour accompagner les entreprises","_seopress_titles_desc":"Le r\u00e9emploi est un des leviers importants pour la d\u00e9carbonation pour les entreprises du secteur des vins et spiritueux. La Maison des Vins et Spiritueux accompagne ses adh\u00e9rents qui peuvent et souhaitent se lancer dans une d\u00e9marche de r\u00e9emploi au travers d\u2019un guide pratique abordant les sp\u00e9cificit\u00e9s secteur. Avec le regard crois\u00e9 de professionnels de la fili\u00e8re, ce panel pr\u00e9sentera les cl\u00e9s et outils se lancer dans le r\u00e9emploi, gr\u00e2ce au partage d'exp\u00e9riences et de bonnes pratiques d\u00e9j\u00e0 mises en place par certains acteurs du secteur.","_seopress_robots_index":"","_activity_time_start":"13:30","_activity_time_end":"14:10","_activity_date":"2026-02-06","_activity_price":"0","footnotes":""},"edition":[1084],"location":[1086],"track":[],"activity_type":[],"class_list":["post-489608","activity","type-activity","status-publish","hentry","edition-paris-packaging-week-2026","location-circular-economy-stage-2026"],"_guests":[{"href":"https:\/\/www.parispackagingweek.com\/fr\/wp-json\/wp\/v2\/guest\/493939"},{"href":"https:\/\/www.parispackagingweek.com\/fr\/wp-json\/wp\/v2\/guest\/491936"},{"href":"https:\/\/www.parispackagingweek.com\/fr\/wp-json\/wp\/v2\/guest\/416021"},{"href":"https:\/\/www.parispackagingweek.com\/fr\/wp-json\/wp\/v2\/guest\/210139"},{"href":"https:\/\/www.parispackagingweek.com\/fr\/wp-json\/wp\/v2\/guest\/80890"}],"_sponsors":[],"_cover_image":null,"_links":{"self":[{"href":"https:\/\/www.parispackagingweek.com\/fr\/wp-json\/wp\/v2\/activity\/489608","targetHints":{"allow":["GET"]}}],"collection":[{"href":"https:\/\/www.parispackagingweek.com\/fr\/wp-json\/wp\/v2\/activity"}],"about":[{"href":"https:\/\/www.parispackagingweek.com\/fr\/wp-json\/wp\/v2\/types\/activity"}],"version-history":[{"count":5,"href":"https:\/\/www.parispackagingweek.com\/fr\/wp-json\/wp\/v2\/activity\/489608\/revisions"}],"predecessor-version":[{"id":493339,"href":"https:\/\/www.parispackagingweek.com\/fr\/wp-json\/wp\/v2\/activity\/489608\/revisions\/493339"}],"wp:attachment":[{"href":"https:\/\/www.parispackagingweek.com\/fr\/wp-json\/wp\/v2\/media?parent=489608"}],"wp:term":[{"taxonomy":"edition","embeddable":true,"href":"https:\/\/www.parispackagingweek.com\/fr\/wp-json\/wp\/v2\/edition?post=489608"},{"taxonomy":"location","embeddable":true,"href":"https:\/\/www.parispackagingweek.com\/fr\/wp-json\/wp\/v2\/location?post=489608"},{"taxonomy":"track","embeddable":true,"href":"https:\/\/www.parispackagingweek.com\/fr\/wp-json\/wp\/v2\/track?post=489608"},{"taxonomy":"activity_type","embeddable":true,"href":"https:\/\/www.parispackagingweek.com\/fr\/wp-json\/wp\/v2\/activity_type?post=489608"}],"curies":[{"name":"wp","href":"https:\/\/api.w.org\/{rel}","templated":true}]}}