{"id":489751,"date":"2025-12-04T14:06:19","date_gmt":"2025-12-04T13:06:19","guid":{"rendered":"https:\/\/www.parispackagingweek.com\/?post_type=activity&#038;p=489751"},"modified":"2025-12-09T12:07:46","modified_gmt":"2025-12-09T11:07:46","slug":"ceremonie-du-concours-emballe-5-0-organisee-en-partenariat-avec-le-cne","status":"publish","type":"activity","link":"https:\/\/www.parispackagingweek.com\/fr\/session\/ceremonie-du-concours-emballe-5-0-organisee-en-partenariat-avec-le-cne\/","title":{"rendered":"C\u00e9r\u00e9monie du Concours Emball\u00e9 5.0 organis\u00e9e par le Conseil National de l\u2019Emballage\u00a0\u2013 Th\u00e8me 2026 \u00ab\u00a0les s\u00e9niors\u00a0\u00bb"},"content":{"rendered":"\n<p><strong>1\/ Institution du concours \u00ab Emball\u00e9 5.0 \u00bb du Conseil National de l\u2019Emballage&nbsp;<\/strong><\/p>\n\n\n\n<p>Contexte&nbsp;<\/p>\n\n\n\n<p>Chaque ann\u00e9e, bon nombre de produits sont commercialis\u00e9s ou mis \u00e0 disposition directement emball\u00e9s. Ces emballages, associ\u00e9s aux produits, assurent de multiples fonctions indispensables aussi bien au produit lui-m\u00eame, qu\u2019aux consommateurs et aux professionnels : protection, conservation, hygi\u00e8ne, information, tra\u00e7abilit\u00e9, pr\u00e9sentation, regroupement, transport, stockage\u2026&nbsp;<\/p>\n\n\n\n<p>Leur nombre \u00e9volue selon des effets explicatifs tels que l&rsquo;augmentation de la population, que la croissance du nombre de m\u00e9nages, ainsi que l&rsquo;\u00e9volution des modes de consommation, des canaux de distribution, des besoins et des attentes des Fran\u00e7ais.&nbsp;<\/p>\n\n\n\n<p>Ainsi, optimiser les emballages par la pr\u00e9vention est n\u00e9cessaire en vue de la r\u00e9duction des d\u00e9chets et innover devient cl\u00e9 pour d\u00e9finir le&nbsp;<strong>Juste Emballage<\/strong>.&nbsp;<\/p>\n\n\n\n<p>L\u2019\u00e9co-conception, au-del\u00e0 de la pr\u00e9vention par r\u00e9duction \u00e0 la source, a pour but de concevoir des produits respectant les piliers du d\u00e9veloppement durable sur tout le cycle de vie du couple produit emballage (de l\u2019extraction des mati\u00e8res \u00e0 sa valorisation en fin de vie).&nbsp;<\/p>\n\n\n\n<p><strong>b) Objectifs&nbsp;<\/strong><\/p>\n\n\n\n<p>Le Conseil National de l\u2019Emballage souhaite distinguer et valoriser des pistes d\u2019innovations, pertinentes pour le consommateur, porteuses de sens pour le bien commun et exemplaires en termes de pr\u00e9vention des d\u00e9chets et de r\u00e9duction \u00e0 la source des emballages. Le concours porte sur le syst\u00e8me complet de l\u2019emballage que ce soit sur l\u2019emballage primaire, secondaire et\/ou tertiaire.<\/p>\n\n\n\n<p><strong>2\/ Candidatures&nbsp;<\/strong><\/p>\n\n\n\n<p>Le concours est ouvert \u00e0 un nombre limit\u00e9 d\u2019\u00e9coles et d\u2019universit\u00e9s (formations post-bac) retenues par le CNE. Des \u00e9quipes seront constitu\u00e9es de\u00a0<strong>deux \u00e0 quatre \u00e9tudiants.<\/strong><\/p>\n\n\n\n<p><strong>\u00c9tablissements participants :<\/strong><\/p>\n\n\n\n<ul class=\"wp-block-list\">\n<li>Institut Agrosup Dijon<\/li>\n\n\n\n<li>Iut Evreux<\/li>\n\n\n\n<li>Lycee Louis Delage \/ Fspack Cognac<\/li>\n\n\n\n<li>Isip Angouleme<\/li>\n\n\n\n<li>Iut Reims<\/li>\n\n\n\n<li>Iut Dole Franche Comt\u00e9<\/li>\n\n\n\n<li>Ensaia Nancy<\/li>\n\n\n\n<li>Ecole Superieure Des Professionnels De L&#8217;emballage Et Du&nbsp; Conditionnement (Esepac)<\/li>\n\n\n\n<li>Hech \/ Heaj Gembloux<\/li>\n<\/ul>\n\n\n\n<p><\/p>\n","protected":false},"excerpt":{"rendered":"<p>1\/ Institution du concours \u00ab Emball\u00e9 5.0 \u00bb du Conseil National de l\u2019Emballage&nbsp; Contexte&nbsp; Chaque ann\u00e9e, bon nombre de produits sont commercialis\u00e9s ou mis \u00e0 disposition directement emball\u00e9s. Ces emballages, associ\u00e9s aux produits, assurent de multiples fonctions indispensables aussi bien au produit lui-m\u00eame, qu\u2019aux consommateurs et aux professionnels : protection, conservation, hygi\u00e8ne, information, tra\u00e7abilit\u00e9, pr\u00e9sentation, [&hellip;]<\/p>\n","protected":false},"featured_media":489806,"template":"","meta":{"_seopress_robots_primary_cat":"","_seopress_titles_title":"C\u00e9r\u00e9monie du Concours Emball\u00e9 5.0","_seopress_titles_desc":"","_seopress_robots_index":"","_activity_time_start":"10:30","_activity_time_end":"13:00","_activity_date":"2026-02-06","_activity_price":"0","footnotes":""},"edition":[1084],"location":[1085],"track":[],"activity_type":[],"class_list":["post-489751","activity","type-activity","status-publish","has-post-thumbnail","hentry","edition-paris-packaging-week-2026","location-future-innovation-forum-2026"],"_guests":[],"_sponsors":[],"_cover_image":null,"_links":{"self":[{"href":"https:\/\/www.parispackagingweek.com\/fr\/wp-json\/wp\/v2\/activity\/489751","targetHints":{"allow":["GET"]}}],"collection":[{"href":"https:\/\/www.parispackagingweek.com\/fr\/wp-json\/wp\/v2\/activity"}],"about":[{"href":"https:\/\/www.parispackagingweek.com\/fr\/wp-json\/wp\/v2\/types\/activity"}],"version-history":[{"count":4,"href":"https:\/\/www.parispackagingweek.com\/fr\/wp-json\/wp\/v2\/activity\/489751\/revisions"}],"predecessor-version":[{"id":490339,"href":"https:\/\/www.parispackagingweek.com\/fr\/wp-json\/wp\/v2\/activity\/489751\/revisions\/490339"}],"wp:featuredmedia":[{"embeddable":true,"href":"https:\/\/www.parispackagingweek.com\/fr\/wp-json\/wp\/v2\/media\/489806"}],"wp:attachment":[{"href":"https:\/\/www.parispackagingweek.com\/fr\/wp-json\/wp\/v2\/media?parent=489751"}],"wp:term":[{"taxonomy":"edition","embeddable":true,"href":"https:\/\/www.parispackagingweek.com\/fr\/wp-json\/wp\/v2\/edition?post=489751"},{"taxonomy":"location","embeddable":true,"href":"https:\/\/www.parispackagingweek.com\/fr\/wp-json\/wp\/v2\/location?post=489751"},{"taxonomy":"track","embeddable":true,"href":"https:\/\/www.parispackagingweek.com\/fr\/wp-json\/wp\/v2\/track?post=489751"},{"taxonomy":"activity_type","embeddable":true,"href":"https:\/\/www.parispackagingweek.com\/fr\/wp-json\/wp\/v2\/activity_type?post=489751"}],"curies":[{"name":"wp","href":"https:\/\/api.w.org\/{rel}","templated":true}]}}