{"id":489765,"date":"2025-12-04T14:12:38","date_gmt":"2025-12-04T13:12:38","guid":{"rendered":"https:\/\/www.parispackagingweek.com\/?post_type=activity&#038;p=489765"},"modified":"2026-01-14T17:31:25","modified_gmt":"2026-01-14T16:31:25","slug":"pld-innovation-awards-winners-panel","status":"publish","type":"activity","link":"https:\/\/www.parispackagingweek.com\/fr\/session\/pld-innovation-awards-winners-panel\/","title":{"rendered":"Table Ronde des innovations de l\u2019ann\u00e9e en pr\u00e9sence des gagnants \u2013 PLD Innovation Awards"},"content":{"rendered":"\n<p><strong>Format &amp; d\u00e9roul\u00e9 du panel (40 min)<\/strong><\/p>\n\n\n\n<p>Le panel est structur\u00e9 en <strong>3 temps<\/strong><\/p>\n\n\n\n<p><strong>13h30 \u2013 13h 45 &#8211; PARTIE 1 \u2013 Panel | <\/strong><em>Innovation, conception &amp; valeur ajout\u00e9e<\/em><\/p>\n\n\n\n<p>Cat\u00e9gories regroup\u00e9es :<\/p>\n\n\n\n<ul class=\"wp-block-list\">\n<li><strong>Mass Market Innovation (&lt;15\u20ac)<\/strong><\/li>\n\n\n\n<li><strong>Premium Innovation (15\u20ac \u2013 30\u20ac)<\/strong><\/li>\n\n\n\n<li><strong>Packaging Redesign<\/strong><\/li>\n\n\n\n<li><strong>Value Added Packaging<\/strong><\/li>\n<\/ul>\n\n\n\n<p><strong>13h45 \u2013 13h55 &#8211; C\u00c9R\u00c9MONIE DE REMISE DES CERTIFICATS<\/strong><\/p>\n\n\n\n<p><strong>Tous les gagnants \u201cCertificat\u201d PLD sont invit\u00e9s \u00e0 monter sur sc\u00e8ne<\/strong>.<\/p>\n\n\n\n<p>Cat\u00e9gories concern\u00e9es :<\/p>\n\n\n\n<ul class=\"wp-block-list\">\n<li><strong>Prix &amp; mentions du jury<\/strong><\/li>\n\n\n\n<li><strong>Special Packs<\/strong><\/li>\n\n\n\n<li><strong>Service ritual for on-trade \/ hotels, restaurants &amp; caf\u00e9s<\/strong><\/li>\n\n\n\n<li>Autres cat\u00e9gories r\u00e9compens\u00e9es par un <strong>certificat PLD<\/strong><\/li>\n<\/ul>\n\n\n\n<p><strong>13h55 \u2013 14h10 &#8211; PARTIE 2 \u2013 Panel | <\/strong><em>Premiumisation, image &amp; exp\u00e9rience<\/em><strong><\/strong><\/p>\n\n\n\n<p>Cat\u00e9gories regroup\u00e9es :<\/p>\n\n\n\n<ul class=\"wp-block-list\">\n<li><strong>Super &amp; Ultra Premium Innovation (30\u20ac \u2013 100\u20ac)<\/strong><\/li>\n\n\n\n<li><strong>Luxury Innovation (100\u20ac \u2013 1000\u20ac)<\/strong><\/li>\n\n\n\n<li><strong>Hyper Luxury &amp; Bespoke (>1000\u20ac)<\/strong><\/li>\n<\/ul>\n\n\n\n<p><\/p>\n","protected":false},"excerpt":{"rendered":"<p>Format &amp; d\u00e9roul\u00e9 du panel (40 min) Le panel est structur\u00e9 en 3 temps 13h30 \u2013 13h 45 &#8211; PARTIE 1 \u2013 Panel | Innovation, conception &amp; valeur ajout\u00e9e Cat\u00e9gories regroup\u00e9es : 13h45 \u2013 13h55 &#8211; C\u00c9R\u00c9MONIE DE REMISE DES CERTIFICATS Tous les gagnants \u201cCertificat\u201d PLD sont invit\u00e9s \u00e0 monter sur sc\u00e8ne. Cat\u00e9gories concern\u00e9es : [&hellip;]<\/p>\n","protected":false},"featured_media":492301,"template":"","meta":{"_seopress_robots_primary_cat":"","_seopress_titles_title":"Table Ronde des innovations de l\u2019ann\u00e9e en pr\u00e9sence des gagnants \u2013 Packaging Premi\u00e8re Premium and Luxury Innovation Awards","_seopress_titles_desc":"","_seopress_robots_index":"","_activity_time_start":"13:30","_activity_time_end":"14:00","_activity_date":"2026-02-06","_activity_price":"0","footnotes":""},"edition":[1084],"location":[1085],"track":[],"activity_type":[],"class_list":["post-489765","activity","type-activity","status-publish","has-post-thumbnail","hentry","edition-paris-packaging-week-2026","location-future-innovation-forum-2026"],"_guests":[],"_sponsors":[],"_cover_image":null,"_links":{"self":[{"href":"https:\/\/www.parispackagingweek.com\/fr\/wp-json\/wp\/v2\/activity\/489765","targetHints":{"allow":["GET"]}}],"collection":[{"href":"https:\/\/www.parispackagingweek.com\/fr\/wp-json\/wp\/v2\/activity"}],"about":[{"href":"https:\/\/www.parispackagingweek.com\/fr\/wp-json\/wp\/v2\/types\/activity"}],"version-history":[{"count":5,"href":"https:\/\/www.parispackagingweek.com\/fr\/wp-json\/wp\/v2\/activity\/489765\/revisions"}],"predecessor-version":[{"id":493529,"href":"https:\/\/www.parispackagingweek.com\/fr\/wp-json\/wp\/v2\/activity\/489765\/revisions\/493529"}],"wp:featuredmedia":[{"embeddable":true,"href":"https:\/\/www.parispackagingweek.com\/fr\/wp-json\/wp\/v2\/media\/492301"}],"wp:attachment":[{"href":"https:\/\/www.parispackagingweek.com\/fr\/wp-json\/wp\/v2\/media?parent=489765"}],"wp:term":[{"taxonomy":"edition","embeddable":true,"href":"https:\/\/www.parispackagingweek.com\/fr\/wp-json\/wp\/v2\/edition?post=489765"},{"taxonomy":"location","embeddable":true,"href":"https:\/\/www.parispackagingweek.com\/fr\/wp-json\/wp\/v2\/location?post=489765"},{"taxonomy":"track","embeddable":true,"href":"https:\/\/www.parispackagingweek.com\/fr\/wp-json\/wp\/v2\/track?post=489765"},{"taxonomy":"activity_type","embeddable":true,"href":"https:\/\/www.parispackagingweek.com\/fr\/wp-json\/wp\/v2\/activity_type?post=489765"}],"curies":[{"name":"wp","href":"https:\/\/api.w.org\/{rel}","templated":true}]}}