{"id":489778,"date":"2025-12-04T14:18:02","date_gmt":"2025-12-04T13:18:02","guid":{"rendered":"https:\/\/www.parispackagingweek.com\/?post_type=activity&#038;p=489778"},"modified":"2026-01-14T17:23:36","modified_gmt":"2026-01-14T16:23:36","slug":"reinventer-liconique-quand-les-future-leaders-dessinent-les-usages-de-demain","status":"publish","type":"activity","link":"https:\/\/www.parispackagingweek.com\/fr\/session\/reinventer-liconique-quand-les-future-leaders-dessinent-les-usages-de-demain\/","title":{"rendered":"R\u00e9inventer l\u2019iconique : quand les Future Leaders dessinent les usages de demain"},"content":{"rendered":"\n<p>Les 10 Future Leaders Class of 2026 prennent la parole pour un panel d\u2019une heure consacr\u00e9 aux produits iconiques qui ont marqu\u00e9 leur parcours.<br>Chacun\u00b7e part d\u2019un produit culte pour le repenser \u00e0 l\u2019aune de son expertise des nouveaux usages et des enjeux soci\u00e9taux actuels.<\/p>\n\n\n\n<p>\u00c0 travers leurs visions ces Future Leaders questionnent ce qui fait un produit r\u00e9ellement d\u00e9sirable aujourd\u2019hui et surtout responsable et montrent comment l\u2019innovation peut servir \u00e0 la fois la performance l\u2019utilit\u00e9 et le bien commun.<\/p>\n\n\n\n<p>Un \u00e9change inspirant sur le pouvoir de la r\u00e9invention et le r\u00f4le des leaders de demain dans la transformation de la soci\u00e9t\u00e9.<\/p>\n","protected":false},"excerpt":{"rendered":"<p>Les 10 Future Leaders Class of 2026 prennent la parole pour un panel d\u2019une heure consacr\u00e9 aux produits iconiques qui ont marqu\u00e9 leur parcours.Chacun\u00b7e part d\u2019un produit culte pour le repenser \u00e0 l\u2019aune de son expertise des nouveaux usages et des enjeux soci\u00e9taux actuels. \u00c0 travers leurs visions ces Future Leaders questionnent ce qui fait [&hellip;]<\/p>\n","protected":false},"featured_media":0,"template":"","meta":{"_seopress_robots_primary_cat":"","_seopress_titles_title":"R\u00e9inventer l\u2019iconique : quand les Future Leaders dessinent les usages de demain","_seopress_titles_desc":"","_seopress_robots_index":"","_activity_time_start":"14:15","_activity_time_end":"15:15","_activity_date":"2026-02-06","_activity_price":"0","footnotes":""},"edition":[1084],"location":[1085],"track":[],"activity_type":[],"class_list":["post-489778","activity","type-activity","status-publish","hentry","edition-paris-packaging-week-2026","location-future-innovation-forum-2026"],"_guests":[{"href":"https:\/\/www.parispackagingweek.com\/fr\/wp-json\/wp\/v2\/guest\/491915"},{"href":"https:\/\/www.parispackagingweek.com\/fr\/wp-json\/wp\/v2\/guest\/487664"},{"href":"https:\/\/www.parispackagingweek.com\/fr\/wp-json\/wp\/v2\/guest\/486194"},{"href":"https:\/\/www.parispackagingweek.com\/fr\/wp-json\/wp\/v2\/guest\/486180"},{"href":"https:\/\/www.parispackagingweek.com\/fr\/wp-json\/wp\/v2\/guest\/486186"},{"href":"https:\/\/www.parispackagingweek.com\/fr\/wp-json\/wp\/v2\/guest\/486161"},{"href":"https:\/\/www.parispackagingweek.com\/fr\/wp-json\/wp\/v2\/guest\/486155"},{"href":"https:\/\/www.parispackagingweek.com\/fr\/wp-json\/wp\/v2\/guest\/486168"},{"href":"https:\/\/www.parispackagingweek.com\/fr\/wp-json\/wp\/v2\/guest\/486149"},{"href":"https:\/\/www.parispackagingweek.com\/fr\/wp-json\/wp\/v2\/guest\/486143"},{"href":"https:\/\/www.parispackagingweek.com\/fr\/wp-json\/wp\/v2\/guest\/486137"},{"href":"https:\/\/www.parispackagingweek.com\/fr\/wp-json\/wp\/v2\/guest\/486121"},{"href":"https:\/\/www.parispackagingweek.com\/fr\/wp-json\/wp\/v2\/guest\/280745"},{"href":"https:\/\/www.parispackagingweek.com\/fr\/wp-json\/wp\/v2\/guest\/195071"},{"href":"https:\/\/www.parispackagingweek.com\/fr\/wp-json\/wp\/v2\/guest\/75069"}],"_sponsors":[],"_cover_image":null,"_links":{"self":[{"href":"https:\/\/www.parispackagingweek.com\/fr\/wp-json\/wp\/v2\/activity\/489778","targetHints":{"allow":["GET"]}}],"collection":[{"href":"https:\/\/www.parispackagingweek.com\/fr\/wp-json\/wp\/v2\/activity"}],"about":[{"href":"https:\/\/www.parispackagingweek.com\/fr\/wp-json\/wp\/v2\/types\/activity"}],"version-history":[{"count":1,"href":"https:\/\/www.parispackagingweek.com\/fr\/wp-json\/wp\/v2\/activity\/489778\/revisions"}],"predecessor-version":[{"id":489786,"href":"https:\/\/www.parispackagingweek.com\/fr\/wp-json\/wp\/v2\/activity\/489778\/revisions\/489786"}],"wp:attachment":[{"href":"https:\/\/www.parispackagingweek.com\/fr\/wp-json\/wp\/v2\/media?parent=489778"}],"wp:term":[{"taxonomy":"edition","embeddable":true,"href":"https:\/\/www.parispackagingweek.com\/fr\/wp-json\/wp\/v2\/edition?post=489778"},{"taxonomy":"location","embeddable":true,"href":"https:\/\/www.parispackagingweek.com\/fr\/wp-json\/wp\/v2\/location?post=489778"},{"taxonomy":"track","embeddable":true,"href":"https:\/\/www.parispackagingweek.com\/fr\/wp-json\/wp\/v2\/track?post=489778"},{"taxonomy":"activity_type","embeddable":true,"href":"https:\/\/www.parispackagingweek.com\/fr\/wp-json\/wp\/v2\/activity_type?post=489778"}],"curies":[{"name":"wp","href":"https:\/\/api.w.org\/{rel}","templated":true}]}}