{"id":490540,"date":"2025-12-10T09:58:33","date_gmt":"2025-12-10T08:58:33","guid":{"rendered":"https:\/\/www.parispackagingweek.com\/?post_type=activity&#038;p=490540"},"modified":"2025-12-10T09:58:49","modified_gmt":"2025-12-10T08:58:49","slug":"ceremonie-de-remise-des-prix-challenges-etudiants-celebration-de-25-ans-dinnovation-ppw","status":"publish","type":"activity","link":"https:\/\/www.parispackagingweek.com\/fr\/session\/ceremonie-de-remise-des-prix-challenges-etudiants-celebration-de-25-ans-dinnovation-ppw\/","title":{"rendered":"Ceremonie de remise des Prix Challenges \u00e9tudiants \u2013 C\u00e9l\u00e9bration de 25 ans d\u2019innovation PPW"},"content":{"rendered":"\n<p>25 ans d\u2019innovation, \u00e7a se f\u00eate\u2026 et surtout, \u00e7a se partage ! Pour c\u00e9l\u00e9brer cet anniversaire, nous avons cr\u00e9\u00e9 un concours r\u00e9unissant trois \u00e9coles afin d\u2019inviter les \u00e9tudiants \u00e0 imaginer ce que sera l\u2019innovation demain. Un d\u00e9fi, une inspiration, et l\u2019occasion de mettre en lumi\u00e8re la cr\u00e9ativit\u00e9 des talents \u00e9mergents.<\/p>\n\n\n\n<p>Avec le concours de\u00a0: ESEPAC \u2013 ESIReims &#8211; IUT Evreux<\/p>\n","protected":false},"excerpt":{"rendered":"<p>25 ans d\u2019innovation, \u00e7a se f\u00eate\u2026 et surtout, \u00e7a se partage ! Pour c\u00e9l\u00e9brer cet anniversaire, nous avons cr\u00e9\u00e9 un concours r\u00e9unissant trois \u00e9coles afin d\u2019inviter les \u00e9tudiants \u00e0 imaginer ce que sera l\u2019innovation demain. Un d\u00e9fi, une inspiration, et l\u2019occasion de mettre en lumi\u00e8re la cr\u00e9ativit\u00e9 des talents \u00e9mergents. Avec le concours de\u00a0: ESEPAC [&hellip;]<\/p>\n","protected":false},"featured_media":0,"template":"","meta":{"_seopress_robots_primary_cat":"","_seopress_titles_title":"Ceremonie de remise des Prix Challenges \u00e9tudiants \u2013 C\u00e9l\u00e9bration de 25 ans d\u2019innovation PPW","_seopress_titles_desc":"25 ans d\u2019innovation, \u00e7a se f\u00eate\u2026 et surtout, \u00e7a se partage ! Pour c\u00e9l\u00e9brer cet anniversaire, nous avons cr\u00e9\u00e9 un concours r\u00e9unissant trois \u00e9coles afin d\u2019inviter les \u00e9tudiants \u00e0 imaginer ce que sera l\u2019innovation demain. Un d\u00e9fi, une inspiration, et l\u2019occasion de mettre en lumi\u00e8re la cr\u00e9ativit\u00e9 des talents \u00e9mergents.\r\n\r\nAvec le concours de\u00a0: ESEPAC \u2013 ESIReims - IUT Evreux","_seopress_robots_index":"","_activity_time_start":"15:45","_activity_time_end":"16:00","_activity_date":"2026-02-05","_activity_price":"0","footnotes":""},"edition":[1084],"location":[1086],"track":[],"activity_type":[],"class_list":["post-490540","activity","type-activity","status-publish","hentry","edition-paris-packaging-week-2026","location-circular-economy-stage-2026"],"_guests":[],"_sponsors":[],"_cover_image":null,"_links":{"self":[{"href":"https:\/\/www.parispackagingweek.com\/fr\/wp-json\/wp\/v2\/activity\/490540","targetHints":{"allow":["GET"]}}],"collection":[{"href":"https:\/\/www.parispackagingweek.com\/fr\/wp-json\/wp\/v2\/activity"}],"about":[{"href":"https:\/\/www.parispackagingweek.com\/fr\/wp-json\/wp\/v2\/types\/activity"}],"version-history":[{"count":1,"href":"https:\/\/www.parispackagingweek.com\/fr\/wp-json\/wp\/v2\/activity\/490540\/revisions"}],"predecessor-version":[{"id":490542,"href":"https:\/\/www.parispackagingweek.com\/fr\/wp-json\/wp\/v2\/activity\/490540\/revisions\/490542"}],"wp:attachment":[{"href":"https:\/\/www.parispackagingweek.com\/fr\/wp-json\/wp\/v2\/media?parent=490540"}],"wp:term":[{"taxonomy":"edition","embeddable":true,"href":"https:\/\/www.parispackagingweek.com\/fr\/wp-json\/wp\/v2\/edition?post=490540"},{"taxonomy":"location","embeddable":true,"href":"https:\/\/www.parispackagingweek.com\/fr\/wp-json\/wp\/v2\/location?post=490540"},{"taxonomy":"track","embeddable":true,"href":"https:\/\/www.parispackagingweek.com\/fr\/wp-json\/wp\/v2\/track?post=490540"},{"taxonomy":"activity_type","embeddable":true,"href":"https:\/\/www.parispackagingweek.com\/fr\/wp-json\/wp\/v2\/activity_type?post=490540"}],"curies":[{"name":"wp","href":"https:\/\/api.w.org\/{rel}","templated":true}]}}