{"id":494143,"date":"2026-01-21T10:50:23","date_gmt":"2026-01-21T09:50:23","guid":{"rendered":"https:\/\/www.parispackagingweek.com\/session\/la-soie-et-sericyne-nouvelles-matieres-durables-et-dexcellence-dediees-au-packaging-dexception\/"},"modified":"2026-01-21T10:50:24","modified_gmt":"2026-01-21T09:50:24","slug":"la-soie-et-sericyne-nouvelles-matieres-durables-et-dexcellence-dediees-au-packaging-dexception","status":"publish","type":"activity","link":"https:\/\/www.parispackagingweek.com\/fr\/session\/la-soie-et-sericyne-nouvelles-matieres-durables-et-dexcellence-dediees-au-packaging-dexception\/","title":{"rendered":"La soie et SERICYNE : nouvelles mati\u00e8res durables et d\u2019excellence d\u00e9di\u00e9es au packaging d\u2019exception"},"content":{"rendered":"\n<p>Cette conf\u00e9rence met en lumi\u00e8re SERICYNE et sa mati\u00e8re innovante \u00e0 base de soie, d\u00e9velopp\u00e9e pour r\u00e9pondre aux exigences du packaging de luxe et d\u2019exception. Elle montre comment SERICYNE associe durabilit\u00e9, performance et excellence esth\u00e9tique afin d\u2019accompagner les maisons de luxe face aux nouveaux enjeux environnementaux du secteur, tout en respectant leur ADN, leur cr\u00e9ativit\u00e9 et leur image.<\/p>\n","protected":false},"excerpt":{"rendered":"<p>Cette conf\u00e9rence met en lumi\u00e8re SERICYNE et sa mati\u00e8re innovante \u00e0 base de soie, d\u00e9velopp\u00e9e pour r\u00e9pondre aux exigences du packaging de luxe et d\u2019exception. Elle montre comment SERICYNE associe durabilit\u00e9, performance et excellence esth\u00e9tique afin d\u2019accompagner les maisons de luxe face aux nouveaux enjeux environnementaux du secteur, tout en respectant leur ADN, leur cr\u00e9ativit\u00e9 [&hellip;]<\/p>\n","protected":false},"featured_media":0,"template":"","meta":{"_seopress_robots_primary_cat":"","_seopress_titles_title":"La soie et SERICYNE : nouvelles mati\u00e8res durables et d\u2019excellence d\u00e9di\u00e9es au packaging d\u2019exception","_seopress_titles_desc":"Cette conf\u00e9rence met en lumi\u00e8re SERICYNE et sa mati\u00e8re innovante \u00e0 base de soie, d\u00e9velopp\u00e9e pour r\u00e9pondre aux exigences du packaging de luxe et d\u2019exception. Elle montre comment SERICYNE associe durabilit\u00e9, performance et excellence esth\u00e9tique afin d\u2019accompagner les maisons de luxe face aux nouveaux enjeux environnementaux du secteur, tout en respectant leur ADN, leur cr\u00e9ativit\u00e9 et leur image.","_seopress_robots_index":"","_activity_time_start":"13:15","_activity_time_end":"13:30","_activity_date":"2026-02-06","_activity_price":"","footnotes":""},"edition":[1084],"location":[1089],"track":[],"activity_type":[],"class_list":["post-494143","activity","type-activity","status-publish","hentry","edition-paris-packaging-week-2026","location-discovery-zone-stage-2026"],"_guests":[{"href":"https:\/\/www.parispackagingweek.com\/fr\/wp-json\/wp\/v2\/guest\/494137"}],"_sponsors":[],"_cover_image":null,"_links":{"self":[{"href":"https:\/\/www.parispackagingweek.com\/fr\/wp-json\/wp\/v2\/activity\/494143","targetHints":{"allow":["GET"]}}],"collection":[{"href":"https:\/\/www.parispackagingweek.com\/fr\/wp-json\/wp\/v2\/activity"}],"about":[{"href":"https:\/\/www.parispackagingweek.com\/fr\/wp-json\/wp\/v2\/types\/activity"}],"version-history":[{"count":1,"href":"https:\/\/www.parispackagingweek.com\/fr\/wp-json\/wp\/v2\/activity\/494143\/revisions"}],"predecessor-version":[{"id":494144,"href":"https:\/\/www.parispackagingweek.com\/fr\/wp-json\/wp\/v2\/activity\/494143\/revisions\/494144"}],"wp:attachment":[{"href":"https:\/\/www.parispackagingweek.com\/fr\/wp-json\/wp\/v2\/media?parent=494143"}],"wp:term":[{"taxonomy":"edition","embeddable":true,"href":"https:\/\/www.parispackagingweek.com\/fr\/wp-json\/wp\/v2\/edition?post=494143"},{"taxonomy":"location","embeddable":true,"href":"https:\/\/www.parispackagingweek.com\/fr\/wp-json\/wp\/v2\/location?post=494143"},{"taxonomy":"track","embeddable":true,"href":"https:\/\/www.parispackagingweek.com\/fr\/wp-json\/wp\/v2\/track?post=494143"},{"taxonomy":"activity_type","embeddable":true,"href":"https:\/\/www.parispackagingweek.com\/fr\/wp-json\/wp\/v2\/activity_type?post=494143"}],"curies":[{"name":"wp","href":"https:\/\/api.w.org\/{rel}","templated":true}]}}