{"id":494382,"date":"2026-01-23T12:46:24","date_gmt":"2026-01-23T11:46:24","guid":{"rendered":"https:\/\/www.parispackagingweek.com\/?post_type=activity&#038;p=494382"},"modified":"2026-01-23T12:46:25","modified_gmt":"2026-01-23T11:46:25","slug":"darmon-id-la-tracabilite-pensee-pour-la-parfumerie-de-niche","status":"publish","type":"activity","link":"https:\/\/www.parispackagingweek.com\/fr\/session\/darmon-id-la-tracabilite-pensee-pour-la-parfumerie-de-niche\/","title":{"rendered":"Darmon\u00a0ID : la tra\u00e7abilit\u00e9 pens\u00e9e pour la parfumerie de niche"},"content":{"rendered":"\n<p>Darmon\u00a0ID est aujourd\u2019hui la solution de tra\u00e7abilit\u00e9 incontournable pour les parfumeurs de niche qui veulent reprendre le contr\u00f4le de leurs flux.<br>D\u00e9ploy\u00e9e chez plusieurs clients, \u00e9prouv\u00e9e sur le terrain, elle combine tags NFC infalsifiables, plateau brevet\u00e9 et plateforme digitale pour offrir une tra\u00e7abilit\u00e9 unitaire en temps r\u00e9el, sans scan unitaire et sans complexit\u00e9 op\u00e9rationnelle.<br>R\u00e9sultat : moins de risques, plus de visibilit\u00e9, et une ma\u00eetrise r\u00e9elle des march\u00e9s parall\u00e8les.<\/p>\n","protected":false},"excerpt":{"rendered":"<p>Darmon\u00a0ID est aujourd\u2019hui la solution de tra\u00e7abilit\u00e9 incontournable pour les parfumeurs de niche qui veulent reprendre le contr\u00f4le de leurs flux.D\u00e9ploy\u00e9e chez plusieurs clients, \u00e9prouv\u00e9e sur le terrain, elle combine tags NFC infalsifiables, plateau brevet\u00e9 et plateforme digitale pour offrir une tra\u00e7abilit\u00e9 unitaire en temps r\u00e9el, sans scan unitaire et sans complexit\u00e9 op\u00e9rationnelle.R\u00e9sultat : moins [&hellip;]<\/p>\n","protected":false},"featured_media":0,"template":"","meta":{"_seopress_robots_primary_cat":"","_seopress_titles_title":"Darmon\u00a0ID : la tra\u00e7abilit\u00e9 pens\u00e9e pour la parfumerie de niche","_seopress_titles_desc":"Darmon ID est aujourd\u2019hui la solution de tra\u00e7abilit\u00e9 incontournable pour les parfumeurs de niche qui veulent reprendre le contr\u00f4le de leurs flux.\r\nD\u00e9ploy\u00e9e chez plusieurs clients, \u00e9prouv\u00e9e sur le terrain, elle combine tags NFC infalsifiables, plateau brevet\u00e9 et plateforme digitale pour offrir une tra\u00e7abilit\u00e9 unitaire en temps r\u00e9el, sans scan unitaire et sans complexit\u00e9 op\u00e9rationnelle.\r\nR\u00e9sultat : moins de risques, plus de visibilit\u00e9, et une ma\u00eetrise r\u00e9elle des march\u00e9s parall\u00e8les.","_seopress_robots_index":"","_activity_time_start":"14:35","_activity_time_end":"14:50","_activity_date":"2026-02-06","_activity_price":"0","footnotes":""},"edition":[1084],"location":[1089],"track":[],"activity_type":[],"class_list":["post-494382","activity","type-activity","status-publish","hentry","edition-paris-packaging-week-2026","location-discovery-zone-stage-2026"],"_guests":[{"href":"https:\/\/www.parispackagingweek.com\/fr\/wp-json\/wp\/v2\/guest\/494373"}],"_sponsors":[],"_cover_image":null,"_links":{"self":[{"href":"https:\/\/www.parispackagingweek.com\/fr\/wp-json\/wp\/v2\/activity\/494382","targetHints":{"allow":["GET"]}}],"collection":[{"href":"https:\/\/www.parispackagingweek.com\/fr\/wp-json\/wp\/v2\/activity"}],"about":[{"href":"https:\/\/www.parispackagingweek.com\/fr\/wp-json\/wp\/v2\/types\/activity"}],"version-history":[{"count":1,"href":"https:\/\/www.parispackagingweek.com\/fr\/wp-json\/wp\/v2\/activity\/494382\/revisions"}],"predecessor-version":[{"id":494384,"href":"https:\/\/www.parispackagingweek.com\/fr\/wp-json\/wp\/v2\/activity\/494382\/revisions\/494384"}],"wp:attachment":[{"href":"https:\/\/www.parispackagingweek.com\/fr\/wp-json\/wp\/v2\/media?parent=494382"}],"wp:term":[{"taxonomy":"edition","embeddable":true,"href":"https:\/\/www.parispackagingweek.com\/fr\/wp-json\/wp\/v2\/edition?post=494382"},{"taxonomy":"location","embeddable":true,"href":"https:\/\/www.parispackagingweek.com\/fr\/wp-json\/wp\/v2\/location?post=494382"},{"taxonomy":"track","embeddable":true,"href":"https:\/\/www.parispackagingweek.com\/fr\/wp-json\/wp\/v2\/track?post=494382"},{"taxonomy":"activity_type","embeddable":true,"href":"https:\/\/www.parispackagingweek.com\/fr\/wp-json\/wp\/v2\/activity_type?post=494382"}],"curies":[{"name":"wp","href":"https:\/\/api.w.org\/{rel}","templated":true}]}}