{"id":494660,"date":"2026-01-27T11:43:41","date_gmt":"2026-01-27T10:43:41","guid":{"rendered":"https:\/\/www.parispackagingweek.com\/session\/la-recharge-intelligente-simple-et-sans-desordre\/"},"modified":"2026-01-30T14:09:36","modified_gmt":"2026-01-30T13:09:36","slug":"la-recharge-intelligente-simple-et-sans-desordre","status":"publish","type":"activity","link":"https:\/\/www.parispackagingweek.com\/fr\/session\/la-recharge-intelligente-simple-et-sans-desordre\/","title":{"rendered":"La recharge intelligente, simple et sans d\u00e9sordre"},"content":{"rendered":"\n<p>(ecourage) pr\u00e9sente un syst\u00e8me de recharge intelligent et automatis\u00e9, con\u00e7u pour les r\u00e9alit\u00e9s du commerce de d\u00e9tail. Pens\u00e9e pour \u00e9liminer les d\u00e9bordements, favoriser l\u2019adoption par les consommateurs et fournir des donn\u00e9es en temps r\u00e9el, cette plateforme modulaire s\u2019int\u00e8gre facilement aux emballages existants ainsi qu\u2019aux op\u00e9rations en magasin. En faisant de la recharge un syst\u00e8me pilot\u00e9 et mesurable, (ecourage) permet aux marques et aux distributeurs de r\u00e9duire les emballages \u00e0 usage unique tout en r\u00e9pondant, \u00e0 grande \u00e9chelle, aux exigences r\u00e9glementaires et op\u00e9rationnelles.<\/p>\n","protected":false},"excerpt":{"rendered":"<p>(ecourage) pr\u00e9sente un syst\u00e8me de recharge intelligent et automatis\u00e9, con\u00e7u pour les r\u00e9alit\u00e9s du commerce de d\u00e9tail. Pens\u00e9e pour \u00e9liminer les d\u00e9bordements, favoriser l\u2019adoption par les consommateurs et fournir des donn\u00e9es en temps r\u00e9el, cette plateforme modulaire s\u2019int\u00e8gre facilement aux emballages existants ainsi qu\u2019aux op\u00e9rations en magasin. En faisant de la recharge un syst\u00e8me pilot\u00e9 [&hellip;]<\/p>\n","protected":false},"featured_media":0,"template":"","meta":{"_seopress_robots_primary_cat":"","_seopress_titles_title":"La recharge intelligente, simple et sans d\u00e9sordre","_seopress_titles_desc":"(ecourage) pr\u00e9sente un syst\u00e8me de recharge intelligent et automatis\u00e9, con\u00e7u pour les r\u00e9alit\u00e9s du commerce de d\u00e9tail. Pens\u00e9e pour \u00e9liminer les d\u00e9bordements, favoriser l\u2019adoption par les consommateurs et fournir des donn\u00e9es en temps r\u00e9el, cette plateforme modulaire s\u2019int\u00e8gre facilement aux emballages existants ainsi qu\u2019aux op\u00e9rations en magasin. En faisant de la recharge un syst\u00e8me pilot\u00e9 et mesurable, (ecourage) permet aux marques et aux distributeurs de r\u00e9duire les emballages \u00e0 usage unique tout en r\u00e9pondant, \u00e0 grande \u00e9chelle, aux exigences r\u00e9glementaires et op\u00e9rationnelles.","_seopress_robots_index":"","_activity_time_start":"09:45","_activity_time_end":"10:00","_activity_date":"2026-02-05","_activity_price":"0","footnotes":""},"edition":[1084],"location":[1089],"track":[],"activity_type":[],"class_list":["post-494660","activity","type-activity","status-publish","hentry","edition-paris-packaging-week-2026","location-discovery-zone-stage-2026"],"_guests":[{"href":"https:\/\/www.parispackagingweek.com\/fr\/wp-json\/wp\/v2\/guest\/494650"}],"_sponsors":[],"_cover_image":null,"_links":{"self":[{"href":"https:\/\/www.parispackagingweek.com\/fr\/wp-json\/wp\/v2\/activity\/494660","targetHints":{"allow":["GET"]}}],"collection":[{"href":"https:\/\/www.parispackagingweek.com\/fr\/wp-json\/wp\/v2\/activity"}],"about":[{"href":"https:\/\/www.parispackagingweek.com\/fr\/wp-json\/wp\/v2\/types\/activity"}],"version-history":[{"count":1,"href":"https:\/\/www.parispackagingweek.com\/fr\/wp-json\/wp\/v2\/activity\/494660\/revisions"}],"predecessor-version":[{"id":494661,"href":"https:\/\/www.parispackagingweek.com\/fr\/wp-json\/wp\/v2\/activity\/494660\/revisions\/494661"}],"wp:attachment":[{"href":"https:\/\/www.parispackagingweek.com\/fr\/wp-json\/wp\/v2\/media?parent=494660"}],"wp:term":[{"taxonomy":"edition","embeddable":true,"href":"https:\/\/www.parispackagingweek.com\/fr\/wp-json\/wp\/v2\/edition?post=494660"},{"taxonomy":"location","embeddable":true,"href":"https:\/\/www.parispackagingweek.com\/fr\/wp-json\/wp\/v2\/location?post=494660"},{"taxonomy":"track","embeddable":true,"href":"https:\/\/www.parispackagingweek.com\/fr\/wp-json\/wp\/v2\/track?post=494660"},{"taxonomy":"activity_type","embeddable":true,"href":"https:\/\/www.parispackagingweek.com\/fr\/wp-json\/wp\/v2\/activity_type?post=494660"}],"curies":[{"name":"wp","href":"https:\/\/api.w.org\/{rel}","templated":true}]}}