{"id":195088,"date":"2022-11-02T18:02:08","date_gmt":"2022-11-02T17:02:08","guid":{"rendered":"https:\/\/www.parispackagingweek.com\/?post_type=guest&#038;p=195088"},"modified":"2022-11-02T18:02:08","modified_gmt":"2022-11-02T17:02:08","slug":"quentin-hirsinger-materio-sas","status":"publish","type":"guest","link":"https:\/\/www.parispackagingweek.com\/fr\/speaker\/quentin-hirsinger-materio-sas\/","title":{"rendered":"Quentin Hirsinger, mat\u00e9riO&rsquo; SAS"},"content":{"rendered":"<p>CEO<\/p>\n<p>Apre\u0300s avoir e\u0301te\u0301 responsable prescription et mate\u0301riaux dans l\u2019agence d\u2019architecture de J.M. Wilmotte, Quentin cre\u0301e en 2000 la socie\u0301te\u0301 mate\u0301riO&rsquo;, service de veille sur l\u2019innovation mat\u00e9riaux pour toutes les professions de cr\u00e9ation. Depuis plus de 20 ans il sillonne les salons les plus divers \u00e0 travers le monde, traque les innovations sur Internet, bouscule les industriels pour obtenir des \u00e9chantillons ou informations compl\u00e9mentaires, travaillant sans rel\u00e2che \u00e0 favoriser de nouveaux emplois pour des milliers de mati\u00e8res singuli\u00e8res. mat\u00e9riO met \u00e0 disposition des cr\u00e9ateurs, en toute ind\u00e9pendance, une \u2018\u2018mat\u00e9riauth\u00e8que\u2019\u2019 la plus riche et inspirante possible, sans barri\u00e8re, sans cloisonnement, mais avec la curiosit\u00e9 comme moteur, une base de donn\u00e9e intuitive comme outil et 5 showrooms dans le monde pour appr\u00e9hender physiquement cette richesse. Quentin est souvent sollicite\u0301 pour parler de la matie\u0300re, du processus d\u2019inspiration et d\u2019innovation, du de\u0301veloppement durable, de cross-fertilisation&#8230; lors de confe\u0301rences et workshops.<\/p>\n","protected":false},"excerpt":{"rendered":"<p>CEO Apre\u0300s avoir e\u0301te\u0301 responsable prescription et mate\u0301riaux dans l\u2019agence d\u2019architecture de J.M. Wilmotte, Quentin cre\u0301e en 2000 la socie\u0301te\u0301 mate\u0301riO&rsquo;, service de veille sur l\u2019innovation mat\u00e9riaux pour toutes les professions de cr\u00e9ation. Depuis plus de 20 ans il sillonne les salons les plus divers \u00e0 travers le monde, traque les innovations sur Internet, bouscule [&hellip;]<\/p>\n","protected":false},"featured_media":195093,"template":"","meta":{"_seopress_robots_primary_cat":"","_seopress_titles_title":"Packaging Premi\u00e8re Talks 2023 | Quentin Hirsinger, mat\u00e9riO&#039; SAS","_seopress_titles_desc":"","_seopress_robots_index":"","_company_name":"","_job_title":"","_visit_me":"","_email":"","_linkedin":"https:\/\/fr.linkedin.com\/in\/quentin-hirsinger-22a5336","_twitter":"","_facebook":"","_instagram":"","_youtube":"","_imdb":"","footnotes":""},"edition":[585],"guest_type":[],"work":[],"class_list":["post-195088","guest","type-guest","status-publish","has-post-thumbnail","hentry","edition-paris-packaging-week-speakers-2023"],"_cover_image":null,"_links":{"self":[{"href":"https:\/\/www.parispackagingweek.com\/fr\/wp-json\/wp\/v2\/guest\/195088","targetHints":{"allow":["GET"]}}],"collection":[{"href":"https:\/\/www.parispackagingweek.com\/fr\/wp-json\/wp\/v2\/guest"}],"about":[{"href":"https:\/\/www.parispackagingweek.com\/fr\/wp-json\/wp\/v2\/types\/guest"}],"version-history":[{"count":1,"href":"https:\/\/www.parispackagingweek.com\/fr\/wp-json\/wp\/v2\/guest\/195088\/revisions"}],"predecessor-version":[{"id":195092,"href":"https:\/\/www.parispackagingweek.com\/fr\/wp-json\/wp\/v2\/guest\/195088\/revisions\/195092"}],"wp:featuredmedia":[{"embeddable":true,"href":"https:\/\/www.parispackagingweek.com\/fr\/wp-json\/wp\/v2\/media\/195093"}],"wp:attachment":[{"href":"https:\/\/www.parispackagingweek.com\/fr\/wp-json\/wp\/v2\/media?parent=195088"}],"wp:term":[{"taxonomy":"edition","embeddable":true,"href":"https:\/\/www.parispackagingweek.com\/fr\/wp-json\/wp\/v2\/edition?post=195088"},{"taxonomy":"guest_type","embeddable":true,"href":"https:\/\/www.parispackagingweek.com\/fr\/wp-json\/wp\/v2\/guest_type?post=195088"},{"taxonomy":"work","embeddable":true,"href":"https:\/\/www.parispackagingweek.com\/fr\/wp-json\/wp\/v2\/work?post=195088"}],"curies":[{"name":"wp","href":"https:\/\/api.w.org\/{rel}","templated":true}]}}