{"id":209640,"date":"2022-11-21T10:21:44","date_gmt":"2022-11-21T09:21:44","guid":{"rendered":"https:\/\/www.parispackagingweek.com\/?post_type=guest&#038;p=209640"},"modified":"2022-11-30T11:11:30","modified_gmt":"2022-11-30T10:11:30","slug":"chafik-gasmi-chafik-studio","status":"publish","type":"guest","link":"https:\/\/www.parispackagingweek.com\/fr\/speaker\/chafik-gasmi-chafik-studio\/","title":{"rendered":"Chafik Gasmi, Chafik Studio"},"content":{"rendered":"<p>Fondateur et Directeur Artistique<\/p>\n<p>Chafik est un architecte et designer franco-alg\u00e9rien. Il est reconnu pour ses cr\u00e9ations intemporelles, son expertise en retail design et exp\u00e9rience client, et sa connaissance du luxe.<br \/>\nApr\u00e8s avoir \u00e9t\u00e9 directeur artistique de Sephora et particip\u00e9 \u00e0 son essor mondial, puis conseiller de Bernard Arnault sur les marques du groupe LVMH, Chafik fonde en 2004 Chafik Studio compos\u00e9 de talents pluridisciplinaires et compl\u00e9mentaires.<br \/>\nEn parall\u00e8le, il est nomm\u00e9 premier directeur artistique de la maison Baccarat. Il y parfait sa conception de la lumi\u00e8re et d\u00e9veloppe des projets oniriques, entre vision et illusion. Chafik cr\u00e9e le premier concept d\u2019h\u00f4tel Baccarat qui servira de r\u00e9f\u00e9rence \u00e0 l\u2019\u00e9laboration de l\u2019h\u00f4tel Baccarat de New York. Pour des projets d\u2019exception, la marque continue de faire appel \u00e0 la force cr\u00e9ative de Chafik. En 2019, pour la tour Meritus \u00e0 P\u00e9kin, il livre la Trilogie : la plus grande installation lumineuse de l\u2019histoire de Baccarat, combinant plus de 4 800 lumi\u00e8res (90m lin\u00e9aires et 18m de haut), une oeuvre grandiose.<br \/>\nIl collabore \u00e9galement avec Lanc\u00f4me depuis plus de dix ans en tant que directeur artistique du retail et du premier flagship de la marque sur les Champs-\u00c9lys\u00e9es. Il con\u00e7oit, en parall\u00e8le, des produits iconiques : le rouge \u00e0 l\u00e8vres Rouge Absolu, le mascara Hypn\u00f4se, la cr\u00e8me Absolue et plus r\u00e9cemment, le flacon Id\u00f4le.<br \/>\nL\u2019\u00e9co-responsabilit\u00e9 est au centre de la r\u00e9flexion men\u00e9e par Chafik. D\u00e9sormais, le Luxe doit s&rsquo;orienter vers le \u00ab mieux \u00bb et non plus n\u00e9cessairement vers le \u00ab plus \u00bb.\u00a0\u00bb<\/p>\n","protected":false},"excerpt":{"rendered":"<p>Fondateur et Directeur Artistique Chafik est un architecte et designer franco-alg\u00e9rien. Il est reconnu pour ses cr\u00e9ations intemporelles, son expertise en retail design et exp\u00e9rience client, et sa connaissance du luxe. Apr\u00e8s avoir \u00e9t\u00e9 directeur artistique de Sephora et particip\u00e9 \u00e0 son essor mondial, puis conseiller de Bernard Arnault sur les marques du groupe LVMH, [&hellip;]<\/p>\n","protected":false},"featured_media":209646,"template":"","meta":{"_seopress_robots_primary_cat":"","_seopress_titles_title":"Packaging Premi\u00e8re Talks 2023 | Chafik Gasmi, Chafik Studio","_seopress_titles_desc":"","_seopress_robots_index":"","_company_name":"","_job_title":"","_visit_me":"","_email":"","_linkedin":"https:\/\/fr.linkedin.com\/in\/chafik-gasmi-bb617016","_twitter":"","_facebook":"","_instagram":"","_youtube":"","_imdb":"","footnotes":""},"edition":[585],"guest_type":[600],"work":[],"class_list":["post-209640","guest","type-guest","status-publish","has-post-thumbnail","hentry","edition-paris-packaging-week-speakers-2023","guest_type-front-page"],"_cover_image":null,"_links":{"self":[{"href":"https:\/\/www.parispackagingweek.com\/fr\/wp-json\/wp\/v2\/guest\/209640","targetHints":{"allow":["GET"]}}],"collection":[{"href":"https:\/\/www.parispackagingweek.com\/fr\/wp-json\/wp\/v2\/guest"}],"about":[{"href":"https:\/\/www.parispackagingweek.com\/fr\/wp-json\/wp\/v2\/types\/guest"}],"version-history":[{"count":1,"href":"https:\/\/www.parispackagingweek.com\/fr\/wp-json\/wp\/v2\/guest\/209640\/revisions"}],"predecessor-version":[{"id":209645,"href":"https:\/\/www.parispackagingweek.com\/fr\/wp-json\/wp\/v2\/guest\/209640\/revisions\/209645"}],"wp:featuredmedia":[{"embeddable":true,"href":"https:\/\/www.parispackagingweek.com\/fr\/wp-json\/wp\/v2\/media\/209646"}],"wp:attachment":[{"href":"https:\/\/www.parispackagingweek.com\/fr\/wp-json\/wp\/v2\/media?parent=209640"}],"wp:term":[{"taxonomy":"edition","embeddable":true,"href":"https:\/\/www.parispackagingweek.com\/fr\/wp-json\/wp\/v2\/edition?post=209640"},{"taxonomy":"guest_type","embeddable":true,"href":"https:\/\/www.parispackagingweek.com\/fr\/wp-json\/wp\/v2\/guest_type?post=209640"},{"taxonomy":"work","embeddable":true,"href":"https:\/\/www.parispackagingweek.com\/fr\/wp-json\/wp\/v2\/work?post=209640"}],"curies":[{"name":"wp","href":"https:\/\/api.w.org\/{rel}","templated":true}]}}