{"id":209652,"date":"2022-11-21T10:25:12","date_gmt":"2022-11-21T09:25:12","guid":{"rendered":"https:\/\/www.parispackagingweek.com\/?post_type=guest&#038;p=209652"},"modified":"2022-11-21T10:25:12","modified_gmt":"2022-11-21T09:25:12","slug":"sandra-gasmi-demain-beauty","status":"publish","type":"guest","link":"https:\/\/www.parispackagingweek.com\/fr\/speaker\/sandra-gasmi-demain-beauty\/","title":{"rendered":"Sandra Gasmi, DEMAIN BEAUTY"},"content":{"rendered":"<p>Fondatrice<\/p>\n<p>Fondatrice de la marque de soins Clean. Organic. Healthy DEMAIN BEAUTY, Sandra GASMI a plus de 25 ans d&rsquo;exp\u00e9rience dans l\u2019industrie de la cosm\u00e9tique au sein de laquelle elle a collabor\u00e9 avec les plus grandes marques: Lauder, Clarins, Lanc\u00f4me, Sephora.<br \/>\nEn 2005, elle se lance pour la premi\u00e8re fois dans l\u2019entrepreunariat en cr\u00e9ant pour le march\u00e9 des spas Voyage des th\u00e9s, une marque de cosm\u00e9tiques bio personnalisable \u00e0 base de th\u00e9 vert. Cette marque lanc\u00e9e top t\u00f4t alors que le march\u00e9 n\u2019est pas encore pr\u00eat est mise en sommeil.<br \/>\nEn 2017, forte de son exp\u00e9rience pass\u00e9e mais aussi choqu\u00e9e de voir que la majeure partie des cosm\u00e9tiques (tous circuits de distribution confondus) contiennent des ingr\u00e9dients nocifs pour la sant\u00e9 sans que les grands groupes ne s\u2019attaquent r\u00e9ellement au probl\u00e8me, elle cr\u00e9e DEMAIN, une marque de soins 100% clean, 100% naturels, biologiques certifi\u00e9s COSMOS Organic, Vegan, respectueuse du microbiome (notre syst\u00e8me immunitaire) et de la plan\u00e8te avec pour mission de prendre soin de notre peau, de notre sant\u00e9 et de notre plan\u00e8te.<br \/>\nUne marque innovante et engag\u00e9e combinant le meilleur de la science et de la nature pour la plus grande efficacit\u00e9 de ses produits. Une marque tourn\u00e9e vers l\u2019avenir et le monde du retail et de la formation de demain: le metavers.<\/p>\n","protected":false},"excerpt":{"rendered":"<p>Fondatrice Fondatrice de la marque de soins Clean. Organic. Healthy DEMAIN BEAUTY, Sandra GASMI a plus de 25 ans d&rsquo;exp\u00e9rience dans l\u2019industrie de la cosm\u00e9tique au sein de laquelle elle a collabor\u00e9 avec les plus grandes marques: Lauder, Clarins, Lanc\u00f4me, Sephora. En 2005, elle se lance pour la premi\u00e8re fois dans l\u2019entrepreunariat en cr\u00e9ant pour [&hellip;]<\/p>\n","protected":false},"featured_media":209655,"template":"","meta":{"_seopress_robots_primary_cat":"","_seopress_titles_title":"Packaging Premi\u00e8re Talks 2023 | Sandra Gasmi, DEMAIN BEAUTY ","_seopress_titles_desc":"","_seopress_robots_index":"","_company_name":"","_job_title":"","_visit_me":"","_email":"","_linkedin":"https:\/\/fr.linkedin.com\/in\/sandra-gasmi-385a191","_twitter":"","_facebook":"","_instagram":"","_youtube":"","_imdb":"","footnotes":""},"edition":[585],"guest_type":[],"work":[],"class_list":["post-209652","guest","type-guest","status-publish","has-post-thumbnail","hentry","edition-paris-packaging-week-speakers-2023"],"_cover_image":null,"_links":{"self":[{"href":"https:\/\/www.parispackagingweek.com\/fr\/wp-json\/wp\/v2\/guest\/209652","targetHints":{"allow":["GET"]}}],"collection":[{"href":"https:\/\/www.parispackagingweek.com\/fr\/wp-json\/wp\/v2\/guest"}],"about":[{"href":"https:\/\/www.parispackagingweek.com\/fr\/wp-json\/wp\/v2\/types\/guest"}],"version-history":[{"count":1,"href":"https:\/\/www.parispackagingweek.com\/fr\/wp-json\/wp\/v2\/guest\/209652\/revisions"}],"predecessor-version":[{"id":209654,"href":"https:\/\/www.parispackagingweek.com\/fr\/wp-json\/wp\/v2\/guest\/209652\/revisions\/209654"}],"wp:featuredmedia":[{"embeddable":true,"href":"https:\/\/www.parispackagingweek.com\/fr\/wp-json\/wp\/v2\/media\/209655"}],"wp:attachment":[{"href":"https:\/\/www.parispackagingweek.com\/fr\/wp-json\/wp\/v2\/media?parent=209652"}],"wp:term":[{"taxonomy":"edition","embeddable":true,"href":"https:\/\/www.parispackagingweek.com\/fr\/wp-json\/wp\/v2\/edition?post=209652"},{"taxonomy":"guest_type","embeddable":true,"href":"https:\/\/www.parispackagingweek.com\/fr\/wp-json\/wp\/v2\/guest_type?post=209652"},{"taxonomy":"work","embeddable":true,"href":"https:\/\/www.parispackagingweek.com\/fr\/wp-json\/wp\/v2\/work?post=209652"}],"curies":[{"name":"wp","href":"https:\/\/api.w.org\/{rel}","templated":true}]}}