{"id":217009,"date":"2022-12-07T10:18:01","date_gmt":"2022-12-07T09:18:01","guid":{"rendered":"https:\/\/www.parispackagingweek.com\/?post_type=guest&#038;p=217009"},"modified":"2022-12-13T10:01:30","modified_gmt":"2022-12-13T09:01:30","slug":"evelio-mattos-packaging-design-unboxd-podcast","status":"publish","type":"guest","link":"https:\/\/www.parispackagingweek.com\/fr\/speaker\/evelio-mattos-packaging-design-unboxd-podcast\/","title":{"rendered":"Evelio Mattos, Packaging Design Unboxed Podcast"},"content":{"rendered":"<p>Animatuer du Packaging Design Unboxd Podcast et directeur artistique d&#8217;emballages chez IDPdirect.com<\/p>\n<p>Evelio est une autorit\u00e9 internationale prim\u00e9e en mati\u00e8re de conception d&#8217;emballages, dot\u00e9e d&rsquo;une rare capacit\u00e9 \u00e0 connecter et \u00e0 combiner une grande pens\u00e9e cr\u00e9ative et une production sans faille. Il a cr\u00e9\u00e9 des visuels remarquables pour des marques embl\u00e9matiques comme Marc Jacobs, Sephora, Tiffany &amp; Co, Tesla, Sonos, Google et Nespresso. Son expertise dans ce domaine l&rsquo;am\u00e8ne \u00e9galement \u00e0 \u00eatre consultant aupr\u00e8s de divers conseils d&rsquo;administration du secteur et \u00e0 donner des conf\u00e9rences dans des universit\u00e9s du monde entier, sans parler de sa s\u00e9rie de podcasts tr\u00e8s appr\u00e9ci\u00e9e qui offre un aper\u00e7u inestimable de ce domaine captivant qu&rsquo;est la conception d&#8217;emballages.<\/p>\n<p>&nbsp;<\/p>\n","protected":false},"excerpt":{"rendered":"<p>Animatuer du Packaging Design Unboxd Podcast et directeur artistique d&#8217;emballages chez IDPdirect.com Evelio est une autorit\u00e9 internationale prim\u00e9e en mati\u00e8re de conception d&#8217;emballages, dot\u00e9e d&rsquo;une rare capacit\u00e9 \u00e0 connecter et \u00e0 combiner une grande pens\u00e9e cr\u00e9ative et une production sans faille. Il a cr\u00e9\u00e9 des visuels remarquables pour des marques embl\u00e9matiques comme Marc Jacobs, Sephora, [&hellip;]<\/p>\n","protected":false},"featured_media":218506,"template":"","meta":{"_seopress_robots_primary_cat":"","_seopress_titles_title":"Packaging Premi\u00e8re Talks 2023 | Evelio Mattos, Packaging Design Unboxed Podcast","_seopress_titles_desc":"","_seopress_robots_index":"","_company_name":"","_job_title":"","_visit_me":"","_email":"","_linkedin":"","_twitter":"","_facebook":"","_instagram":"","_youtube":"","_imdb":"","footnotes":""},"edition":[585],"guest_type":[],"work":[],"class_list":["post-217009","guest","type-guest","status-publish","has-post-thumbnail","hentry","edition-paris-packaging-week-speakers-2023"],"_cover_image":null,"_links":{"self":[{"href":"https:\/\/www.parispackagingweek.com\/fr\/wp-json\/wp\/v2\/guest\/217009","targetHints":{"allow":["GET"]}}],"collection":[{"href":"https:\/\/www.parispackagingweek.com\/fr\/wp-json\/wp\/v2\/guest"}],"about":[{"href":"https:\/\/www.parispackagingweek.com\/fr\/wp-json\/wp\/v2\/types\/guest"}],"version-history":[{"count":2,"href":"https:\/\/www.parispackagingweek.com\/fr\/wp-json\/wp\/v2\/guest\/217009\/revisions"}],"predecessor-version":[{"id":219308,"href":"https:\/\/www.parispackagingweek.com\/fr\/wp-json\/wp\/v2\/guest\/217009\/revisions\/219308"}],"wp:featuredmedia":[{"embeddable":true,"href":"https:\/\/www.parispackagingweek.com\/fr\/wp-json\/wp\/v2\/media\/218506"}],"wp:attachment":[{"href":"https:\/\/www.parispackagingweek.com\/fr\/wp-json\/wp\/v2\/media?parent=217009"}],"wp:term":[{"taxonomy":"edition","embeddable":true,"href":"https:\/\/www.parispackagingweek.com\/fr\/wp-json\/wp\/v2\/edition?post=217009"},{"taxonomy":"guest_type","embeddable":true,"href":"https:\/\/www.parispackagingweek.com\/fr\/wp-json\/wp\/v2\/guest_type?post=217009"},{"taxonomy":"work","embeddable":true,"href":"https:\/\/www.parispackagingweek.com\/fr\/wp-json\/wp\/v2\/work?post=217009"}],"curies":[{"name":"wp","href":"https:\/\/api.w.org\/{rel}","templated":true}]}}