{"id":217494,"date":"2022-12-07T19:21:12","date_gmt":"2022-12-07T18:21:12","guid":{"rendered":"https:\/\/www.parispackagingweek.com\/?post_type=guest&#038;p=217494"},"modified":"2024-01-16T15:03:38","modified_gmt":"2024-01-16T14:03:38","slug":"jeremy-alonso-guerlain","status":"publish","type":"guest","link":"https:\/\/www.parispackagingweek.com\/fr\/speaker\/jeremy-alonso-guerlain\/","title":{"rendered":"J\u00e9r\u00e9my Alonso"},"content":{"rendered":"<p>Apr\u00e8s une formation de biologiste \u00e0 l\u2019Ecole Normale Sup\u00e9rieure et un MBA au Coll\u00e8ge des Ing\u00e9nieurs, Jeremy int\u00e8gre SUEZ o\u00f9 il passera 12 ans. Tout d\u2019abord avec pour responsabilit\u00e9 de d\u00e9velopper les prestations de conseil et d\u2019\u00e9tude en mati\u00e8re de protection de l\u2019environnement, il contribuera ensuite \u00e0 d\u00e9finir et animer la strat\u00e9gie et les bonnes pratiques de l\u2019entreprise pour la protection de l\u2019environnement, il ira jusqu\u2019\u00e0 participer activement \u00e0 la diversification des activit\u00e9s business de Suez dans divers domaines toujours en lien avec l\u2019environnement et la protection de la ressource en eau. Ensuite en charge de la performance et de la qualit\u00e9 du service client\u00e8le d\u2019Ile de France puis du plan de performance sur toute la France. Il int\u00e8gre la Maison Guerlain en 2022 en charge de l\u2019Innovation Durable.<\/p>\n","protected":false},"excerpt":{"rendered":"<p>Apr\u00e8s une formation de biologiste \u00e0 l\u2019Ecole Normale Sup\u00e9rieure et un MBA au Coll\u00e8ge des Ing\u00e9nieurs, Jeremy int\u00e8gre SUEZ o\u00f9 il passera 12 ans. Tout d\u2019abord avec pour responsabilit\u00e9 de d\u00e9velopper les prestations de conseil et d\u2019\u00e9tude en mati\u00e8re de protection de l\u2019environnement, il contribuera ensuite \u00e0 d\u00e9finir et animer la strat\u00e9gie et les bonnes [&hellip;]<\/p>\n","protected":false},"featured_media":217487,"template":"","meta":{"_seopress_robots_primary_cat":"","_seopress_titles_title":"Future Innovation Forum | J\u00e9r\u00e9my Alonso, Guerlain ","_seopress_titles_desc":"Apr\u00e8s une formation de biologiste \u00e0 l\u2019Ecole Normale Sup\u00e9rieure et un MBA au Coll\u00e8ge des Ing\u00e9nieurs, Jeremy int\u00e8gre SUEZ o\u00f9 il passera 12 ans. Tout d\u2019abord avec pour responsabilit\u00e9 de d\u00e9velopper les prestations de conseil et d\u2019\u00e9tude en mati\u00e8re de protection de l\u2019environnement, il contribuera ensuite \u00e0 d\u00e9finir et animer la strat\u00e9gie et les bonnes pratiques de l\u2019entreprise pour la protection de l\u2019environnement, il ira jusqu\u2019\u00e0 participer activement \u00e0 la diversification des activit\u00e9s business de Suez dans divers domaines toujours en lien avec l\u2019environnement et la protection de la ressource en eau. Ensuite en charge de la performance et de la qualit\u00e9 du service client\u00e8le d\u2019Ile de France puis du plan de performance sur toute la France. Il int\u00e8gre la Maison Guerlain en 2022 en charge de l\u2019Innovation Durable.","_seopress_robots_index":"","_company_name":"Guerlain","_job_title":"Head of Eco-Innovation","_visit_me":"","_email":"","_linkedin":"https:\/\/fr.linkedin.com\/in\/jeremyalonso","_twitter":"","_facebook":"","_instagram":"","_youtube":"","_imdb":"","footnotes":""},"edition":[744],"guest_type":[801],"work":[],"class_list":["post-217494","guest","type-guest","status-publish","has-post-thumbnail","hentry","edition-paris-packaging-week-speakers-2024","guest_type-the-future-innovation-forum-fr"],"_cover_image":null,"_links":{"self":[{"href":"https:\/\/www.parispackagingweek.com\/fr\/wp-json\/wp\/v2\/guest\/217494","targetHints":{"allow":["GET"]}}],"collection":[{"href":"https:\/\/www.parispackagingweek.com\/fr\/wp-json\/wp\/v2\/guest"}],"about":[{"href":"https:\/\/www.parispackagingweek.com\/fr\/wp-json\/wp\/v2\/types\/guest"}],"version-history":[{"count":3,"href":"https:\/\/www.parispackagingweek.com\/fr\/wp-json\/wp\/v2\/guest\/217494\/revisions"}],"predecessor-version":[{"id":334114,"href":"https:\/\/www.parispackagingweek.com\/fr\/wp-json\/wp\/v2\/guest\/217494\/revisions\/334114"}],"wp:featuredmedia":[{"embeddable":true,"href":"https:\/\/www.parispackagingweek.com\/fr\/wp-json\/wp\/v2\/media\/217487"}],"wp:attachment":[{"href":"https:\/\/www.parispackagingweek.com\/fr\/wp-json\/wp\/v2\/media?parent=217494"}],"wp:term":[{"taxonomy":"edition","embeddable":true,"href":"https:\/\/www.parispackagingweek.com\/fr\/wp-json\/wp\/v2\/edition?post=217494"},{"taxonomy":"guest_type","embeddable":true,"href":"https:\/\/www.parispackagingweek.com\/fr\/wp-json\/wp\/v2\/guest_type?post=217494"},{"taxonomy":"work","embeddable":true,"href":"https:\/\/www.parispackagingweek.com\/fr\/wp-json\/wp\/v2\/work?post=217494"}],"curies":[{"name":"wp","href":"https:\/\/api.w.org\/{rel}","templated":true}]}}