{"id":219639,"date":"2022-12-12T21:47:26","date_gmt":"2022-12-12T20:47:26","guid":{"rendered":"https:\/\/www.parispackagingweek.com\/?post_type=guest&#038;p=219639"},"modified":"2022-12-14T14:31:31","modified_gmt":"2022-12-14T13:31:31","slug":"christophe-coquard-sisley","status":"publish","type":"guest","link":"https:\/\/www.parispackagingweek.com\/fr\/speaker\/christophe-coquard-sisley\/","title":{"rendered":"Christophe Coquard, Sisley"},"content":{"rendered":"<p>Directeur D\u00e9veloppement Packaging<\/p>\n<p>Actuellement Directeur du D\u00e9veloppement Packaging pour le Groupe Sisley, qu&rsquo;il a rejoint en mars 2022. Il a souhait\u00e9 mettre bient\u00f4t 25 ann\u00e9es d\u2019exp\u00e9rience au service des marques de cette tr\u00e8s belle maison fran\u00e7aise, apr\u00e8s un parcours riche dans le milieu de la Cosm\u00e9tique, principalement ax\u00e9 sur le d\u00e9veloppement packaging pour les produits de Soin, Maquillage et Parfum.<br \/>\nIl a d\u00e9but\u00e9 chez Ren\u00e9 Guinot \/ Mary en tant que Technicien packaging qualit\u00e9 et d\u00e9veloppement. Puis il a rejoint Johnson &amp; Johnson comme technicien homologation et d\u00e9veloppement Packaging.<br \/>\nC\u2019est ensuite chez Guerlain que il a pu enrichir son exp\u00e9rience comme ing\u00e9nieur d\u00e9veloppement packaging sur les Axes Parfum et Maquillage. Puis prendre la responsabilit\u00e9 de l\u2019Axe Maquillage. Et finalement occuper la fonction de responsable qualit\u00e9 du site de production de Parfums de la marque.<br \/>\nEnfin, ces 5 derni\u00e8res ann\u00e9es, il a occup\u00e9 le poste de Chef de groupe D\u00e9veloppement Packaging pour l\u2019Axe Soin chez Chanel.<\/p>\n","protected":false},"excerpt":{"rendered":"<p>Directeur D\u00e9veloppement Packaging Actuellement Directeur du D\u00e9veloppement Packaging pour le Groupe Sisley, qu&rsquo;il a rejoint en mars 2022. Il a souhait\u00e9 mettre bient\u00f4t 25 ann\u00e9es d\u2019exp\u00e9rience au service des marques de cette tr\u00e8s belle maison fran\u00e7aise, apr\u00e8s un parcours riche dans le milieu de la Cosm\u00e9tique, principalement ax\u00e9 sur le d\u00e9veloppement packaging pour les produits [&hellip;]<\/p>\n","protected":false},"featured_media":220498,"template":"","meta":{"_seopress_robots_primary_cat":"","_seopress_titles_title":"PCD Talks 2023 | Christophe Coquard, Sisley","_seopress_titles_desc":"","_seopress_robots_index":"","_company_name":"","_job_title":"","_visit_me":"","_email":"","_linkedin":"","_twitter":"","_facebook":"","_instagram":"","_youtube":"","_imdb":"","footnotes":""},"edition":[585],"guest_type":[578],"work":[],"class_list":["post-219639","guest","type-guest","status-publish","has-post-thumbnail","hentry","edition-paris-packaging-week-speakers-2023","guest_type-pcd-speakers-2023"],"_cover_image":null,"_links":{"self":[{"href":"https:\/\/www.parispackagingweek.com\/fr\/wp-json\/wp\/v2\/guest\/219639","targetHints":{"allow":["GET"]}}],"collection":[{"href":"https:\/\/www.parispackagingweek.com\/fr\/wp-json\/wp\/v2\/guest"}],"about":[{"href":"https:\/\/www.parispackagingweek.com\/fr\/wp-json\/wp\/v2\/types\/guest"}],"version-history":[{"count":2,"href":"https:\/\/www.parispackagingweek.com\/fr\/wp-json\/wp\/v2\/guest\/219639\/revisions"}],"predecessor-version":[{"id":220500,"href":"https:\/\/www.parispackagingweek.com\/fr\/wp-json\/wp\/v2\/guest\/219639\/revisions\/220500"}],"wp:featuredmedia":[{"embeddable":true,"href":"https:\/\/www.parispackagingweek.com\/fr\/wp-json\/wp\/v2\/media\/220498"}],"wp:attachment":[{"href":"https:\/\/www.parispackagingweek.com\/fr\/wp-json\/wp\/v2\/media?parent=219639"}],"wp:term":[{"taxonomy":"edition","embeddable":true,"href":"https:\/\/www.parispackagingweek.com\/fr\/wp-json\/wp\/v2\/edition?post=219639"},{"taxonomy":"guest_type","embeddable":true,"href":"https:\/\/www.parispackagingweek.com\/fr\/wp-json\/wp\/v2\/guest_type?post=219639"},{"taxonomy":"work","embeddable":true,"href":"https:\/\/www.parispackagingweek.com\/fr\/wp-json\/wp\/v2\/work?post=219639"}],"curies":[{"name":"wp","href":"https:\/\/api.w.org\/{rel}","templated":true}]}}