{"id":219645,"date":"2022-12-12T21:58:33","date_gmt":"2022-12-12T20:58:33","guid":{"rendered":"https:\/\/www.parispackagingweek.com\/?post_type=guest&#038;p=219645"},"modified":"2022-12-12T21:58:33","modified_gmt":"2022-12-12T20:58:33","slug":"leila-meistertzeim-plasticsea","status":"publish","type":"guest","link":"https:\/\/www.parispackagingweek.com\/fr\/speaker\/leila-meistertzeim-plasticsea\/","title":{"rendered":"Le\u00efla Meistertzeim, PLASTIC@SEA"},"content":{"rendered":"<p>Dr. Biologie Marine et PDG<\/p>\n<p>Docteur en Biologie Marine, elle a \u00e9t\u00e9 chercheure sp\u00e9cialis\u00e9e en toxicologie pendant de nombreuses ann\u00e9es, auteure de nombreux articles scientifiques. En 2018, elle a quitt\u00e9 le mode acad\u00e9mique et elle a fond\u00e9 la soci\u00e9t\u00e9 Plastic@Sea : un laboratoire d&rsquo;analyses exp\u00e9rimentales permettant d\u2019accompagner les industriels dans leur recherche d\u2019alternatives plus respectueuses de l\u2019environnement aux produits conventionnels dans une approche d&rsquo;\u00e9conomie circulaire. Gr\u00e2ce \u00e0 des solutions innovantes, ils fournissent des donn\u00e9es factuelles sur la fin de vie des produits de ses clients, ils testent la biod\u00e9gradabilit\u00e9 des plastiques de nouvelle g\u00e9n\u00e9ration dans le milieu aquatique et ils mesurent les impacts sur la biodiversit\u00e9 des plastiques biod\u00e9gradables, recycl\u00e9s et conventionnels. Elle essaie \u00e9galement de promouvoir l\u2019Economie Bleue dans de nombreuses structures d\u00e9partementales.<\/p>\n","protected":false},"excerpt":{"rendered":"<p>Dr. Biologie Marine et PDG Docteur en Biologie Marine, elle a \u00e9t\u00e9 chercheure sp\u00e9cialis\u00e9e en toxicologie pendant de nombreuses ann\u00e9es, auteure de nombreux articles scientifiques. En 2018, elle a quitt\u00e9 le mode acad\u00e9mique et elle a fond\u00e9 la soci\u00e9t\u00e9 Plastic@Sea : un laboratoire d&rsquo;analyses exp\u00e9rimentales permettant d\u2019accompagner les industriels dans leur recherche d\u2019alternatives plus respectueuses [&hellip;]<\/p>\n","protected":false},"featured_media":219648,"template":"","meta":{"_seopress_robots_primary_cat":"","_seopress_titles_title":"PCD Talks 2023 | Le\u00efla Meistertzeim, PLASTIC@SEA","_seopress_titles_desc":"","_seopress_robots_index":"","_company_name":"","_job_title":"","_visit_me":"","_email":"","_linkedin":"","_twitter":"","_facebook":"","_instagram":"","_youtube":"","_imdb":"","footnotes":""},"edition":[585],"guest_type":[578],"work":[],"class_list":["post-219645","guest","type-guest","status-publish","has-post-thumbnail","hentry","edition-paris-packaging-week-speakers-2023","guest_type-pcd-speakers-2023"],"_cover_image":null,"_links":{"self":[{"href":"https:\/\/www.parispackagingweek.com\/fr\/wp-json\/wp\/v2\/guest\/219645","targetHints":{"allow":["GET"]}}],"collection":[{"href":"https:\/\/www.parispackagingweek.com\/fr\/wp-json\/wp\/v2\/guest"}],"about":[{"href":"https:\/\/www.parispackagingweek.com\/fr\/wp-json\/wp\/v2\/types\/guest"}],"version-history":[{"count":1,"href":"https:\/\/www.parispackagingweek.com\/fr\/wp-json\/wp\/v2\/guest\/219645\/revisions"}],"predecessor-version":[{"id":219647,"href":"https:\/\/www.parispackagingweek.com\/fr\/wp-json\/wp\/v2\/guest\/219645\/revisions\/219647"}],"wp:featuredmedia":[{"embeddable":true,"href":"https:\/\/www.parispackagingweek.com\/fr\/wp-json\/wp\/v2\/media\/219648"}],"wp:attachment":[{"href":"https:\/\/www.parispackagingweek.com\/fr\/wp-json\/wp\/v2\/media?parent=219645"}],"wp:term":[{"taxonomy":"edition","embeddable":true,"href":"https:\/\/www.parispackagingweek.com\/fr\/wp-json\/wp\/v2\/edition?post=219645"},{"taxonomy":"guest_type","embeddable":true,"href":"https:\/\/www.parispackagingweek.com\/fr\/wp-json\/wp\/v2\/guest_type?post=219645"},{"taxonomy":"work","embeddable":true,"href":"https:\/\/www.parispackagingweek.com\/fr\/wp-json\/wp\/v2\/work?post=219645"}],"curies":[{"name":"wp","href":"https:\/\/api.w.org\/{rel}","templated":true}]}}