{"id":220199,"date":"2022-12-13T17:30:28","date_gmt":"2022-12-13T16:30:28","guid":{"rendered":"https:\/\/www.parispackagingweek.com\/?post_type=guest&#038;p=220199"},"modified":"2022-12-13T17:30:28","modified_gmt":"2022-12-13T16:30:28","slug":"dominika-minarovic-bybi","status":"publish","type":"guest","link":"https:\/\/www.parispackagingweek.com\/fr\/speaker\/dominika-minarovic-bybi\/","title":{"rendered":"Dominika Minarovic, BYBI"},"content":{"rendered":"<p>Co-fondatrice<\/p>\n<p>Dominika Minarovic raconte une nouvelle histoire pour le monde de la beaut\u00e9. La cofondatrice de BYBI pr\u00e9sente un paradigme propre de produits 100% naturels, v\u00e9g\u00e9taliens et sans cruaut\u00e9. En tant que telle, la marque soutient de tout c\u0153ur la durabilit\u00e9 au plus haut niveau, en pr\u00e9servant non seulement la sant\u00e9 de la peau, mais aussi l&rsquo;environnement.<\/p>\n","protected":false},"excerpt":{"rendered":"<p>Co-fondatrice Dominika Minarovic raconte une nouvelle histoire pour le monde de la beaut\u00e9. La cofondatrice de BYBI pr\u00e9sente un paradigme propre de produits 100% naturels, v\u00e9g\u00e9taliens et sans cruaut\u00e9. En tant que telle, la marque soutient de tout c\u0153ur la durabilit\u00e9 au plus haut niveau, en pr\u00e9servant non seulement la sant\u00e9 de la peau, mais [&hellip;]<\/p>\n","protected":false},"featured_media":220202,"template":"","meta":{"_seopress_robots_primary_cat":"","_seopress_titles_title":"PCD Talks 2023 | Dominika Minarovic, BYBI","_seopress_titles_desc":"","_seopress_robots_index":"","_company_name":"","_job_title":"","_visit_me":"","_email":"","_linkedin":"https:\/\/uk.linkedin.com\/in\/dominika-minarovic-5b1b2611","_twitter":"","_facebook":"","_instagram":"","_youtube":"","_imdb":"","footnotes":""},"edition":[585],"guest_type":[578],"work":[],"class_list":["post-220199","guest","type-guest","status-publish","has-post-thumbnail","hentry","edition-paris-packaging-week-speakers-2023","guest_type-pcd-speakers-2023"],"_cover_image":null,"_links":{"self":[{"href":"https:\/\/www.parispackagingweek.com\/fr\/wp-json\/wp\/v2\/guest\/220199","targetHints":{"allow":["GET"]}}],"collection":[{"href":"https:\/\/www.parispackagingweek.com\/fr\/wp-json\/wp\/v2\/guest"}],"about":[{"href":"https:\/\/www.parispackagingweek.com\/fr\/wp-json\/wp\/v2\/types\/guest"}],"version-history":[{"count":1,"href":"https:\/\/www.parispackagingweek.com\/fr\/wp-json\/wp\/v2\/guest\/220199\/revisions"}],"predecessor-version":[{"id":220201,"href":"https:\/\/www.parispackagingweek.com\/fr\/wp-json\/wp\/v2\/guest\/220199\/revisions\/220201"}],"wp:featuredmedia":[{"embeddable":true,"href":"https:\/\/www.parispackagingweek.com\/fr\/wp-json\/wp\/v2\/media\/220202"}],"wp:attachment":[{"href":"https:\/\/www.parispackagingweek.com\/fr\/wp-json\/wp\/v2\/media?parent=220199"}],"wp:term":[{"taxonomy":"edition","embeddable":true,"href":"https:\/\/www.parispackagingweek.com\/fr\/wp-json\/wp\/v2\/edition?post=220199"},{"taxonomy":"guest_type","embeddable":true,"href":"https:\/\/www.parispackagingweek.com\/fr\/wp-json\/wp\/v2\/guest_type?post=220199"},{"taxonomy":"work","embeddable":true,"href":"https:\/\/www.parispackagingweek.com\/fr\/wp-json\/wp\/v2\/work?post=220199"}],"curies":[{"name":"wp","href":"https:\/\/api.w.org\/{rel}","templated":true}]}}