{"id":223373,"date":"2022-12-27T10:16:40","date_gmt":"2022-12-27T09:16:40","guid":{"rendered":"https:\/\/www.parispackagingweek.com\/?post_type=guest&#038;p=223373"},"modified":"2023-01-17T15:13:18","modified_gmt":"2023-01-17T14:13:18","slug":"maud-funaro-printemps","status":"publish","type":"guest","link":"https:\/\/www.parispackagingweek.com\/fr\/speaker\/maud-funaro-printemps\/","title":{"rendered":"Maud Funaro, PRINTEMPS"},"content":{"rendered":"<p>Directrice G\u00e9n\u00e9rale de la Transformation et des Nouveaux Business<\/p>\n<p>Apr\u00e8s HEC et un PhD d\u2019\u00e9conomie, Maud commence sa carri\u00e8re entre le monde acad\u00e9mique et la Haute fonction publique. En 2010, elle rejoint le BCG o\u00f9 elle pilote pendant 5 ans des projets retail \/ consumer \/ luxe. Elle devient ensuite directrice g\u00e9n\u00e9rale d&rsquo;une marque de lingerie issue des Lejaby, Madame Aime. En 2016, Maud rejoint E. Leclerc. en tant que Directrice de la strat\u00e9gie, de la transformation digitale et de l\u2019innovation. Depuis f\u00e9vrier 2022, elle est membre du comit\u00e9 ex\u00e9cutif du groupe Printemps en tant que Directrice G\u00e9n\u00e9rale de la Transformation et des Nouveaux Business.<\/p>\n","protected":false},"excerpt":{"rendered":"<p>Directrice G\u00e9n\u00e9rale de la Transformation et des Nouveaux Business Apr\u00e8s HEC et un PhD d\u2019\u00e9conomie, Maud commence sa carri\u00e8re entre le monde acad\u00e9mique et la Haute fonction publique. En 2010, elle rejoint le BCG o\u00f9 elle pilote pendant 5 ans des projets retail \/ consumer \/ luxe. Elle devient ensuite directrice g\u00e9n\u00e9rale d&rsquo;une marque de [&hellip;]<\/p>\n","protected":false},"featured_media":223360,"template":"","meta":{"_seopress_robots_primary_cat":"","_seopress_titles_title":"Packaging Premi\u00e8re Talks 2023 | Maud Funaro, PRINTEMPS","_seopress_titles_desc":"","_seopress_robots_index":"","_company_name":"","_job_title":"","_visit_me":"","_email":"","_linkedin":"https:\/\/fr.linkedin.com\/in\/maud-funaro","_twitter":"","_facebook":"","_instagram":"","_youtube":"","_imdb":"","footnotes":""},"edition":[585],"guest_type":[600],"work":[],"class_list":["post-223373","guest","type-guest","status-publish","has-post-thumbnail","hentry","edition-paris-packaging-week-speakers-2023","guest_type-front-page"],"_cover_image":null,"_links":{"self":[{"href":"https:\/\/www.parispackagingweek.com\/fr\/wp-json\/wp\/v2\/guest\/223373","targetHints":{"allow":["GET"]}}],"collection":[{"href":"https:\/\/www.parispackagingweek.com\/fr\/wp-json\/wp\/v2\/guest"}],"about":[{"href":"https:\/\/www.parispackagingweek.com\/fr\/wp-json\/wp\/v2\/types\/guest"}],"version-history":[{"count":1,"href":"https:\/\/www.parispackagingweek.com\/fr\/wp-json\/wp\/v2\/guest\/223373\/revisions"}],"predecessor-version":[{"id":223375,"href":"https:\/\/www.parispackagingweek.com\/fr\/wp-json\/wp\/v2\/guest\/223373\/revisions\/223375"}],"wp:featuredmedia":[{"embeddable":true,"href":"https:\/\/www.parispackagingweek.com\/fr\/wp-json\/wp\/v2\/media\/223360"}],"wp:attachment":[{"href":"https:\/\/www.parispackagingweek.com\/fr\/wp-json\/wp\/v2\/media?parent=223373"}],"wp:term":[{"taxonomy":"edition","embeddable":true,"href":"https:\/\/www.parispackagingweek.com\/fr\/wp-json\/wp\/v2\/edition?post=223373"},{"taxonomy":"guest_type","embeddable":true,"href":"https:\/\/www.parispackagingweek.com\/fr\/wp-json\/wp\/v2\/guest_type?post=223373"},{"taxonomy":"work","embeddable":true,"href":"https:\/\/www.parispackagingweek.com\/fr\/wp-json\/wp\/v2\/work?post=223373"}],"curies":[{"name":"wp","href":"https:\/\/api.w.org\/{rel}","templated":true}]}}