{"id":223427,"date":"2022-12-27T10:40:27","date_gmt":"2022-12-27T09:40:27","guid":{"rendered":"https:\/\/www.parispackagingweek.com\/?post_type=guest&#038;p=223427"},"modified":"2022-12-27T10:41:04","modified_gmt":"2022-12-27T09:41:04","slug":"cyrile-deranlot-daumet","status":"publish","type":"guest","link":"https:\/\/www.parispackagingweek.com\/fr\/speaker\/cyrile-deranlot-daumet\/","title":{"rendered":"Cyrile Deranlot, DAUMET"},"content":{"rendered":"<p>PDG<\/p>\n<p>Comment l\u2019innovation peut nourrir la cr\u00e9ativit\u00e9 tout en prenant en compte la gestion des ressources, voil\u00e0 la pierre angulaire du travail de Cyrile Deranlot.<\/p>\n<p>Sp\u00e9cialiste de physique des mat\u00e9riaux, Cyrile Deranlot a \u00e9t\u00e9 pendant presque 20 ans ing\u00e9nieur de recherche au CNRS. Notamment membre de l\u2019\u00e9quipe d\u2019Albert Fert, Prix Nobel de Physique 2007, il y a d\u00e9velopp\u00e9 des machines et des mat\u00e9riaux innovants pour l\u2019\u00e9lectronique de demain.<\/p>\n<p>Un des mat\u00e9riaux qu\u2019il a invent\u00e9s va se r\u00e9v\u00e9ler l\u2019or 18 carats le plus blanc au monde. Apr\u00e8s une formation entrepreneuriale \u00e0 HEC, Cyrile Deranlot quitte la recherche pour fonder Daumet en 2016. Cette soci\u00e9t\u00e9 a pour but de transformer nos usages des m\u00e9taux pr\u00e9cieux gr\u00e2ce \u00e0 des mat\u00e9riaux et proc\u00e9d\u00e9s moins gourmands en ressources rares.<\/p>\n","protected":false},"excerpt":{"rendered":"<p>PDG Comment l\u2019innovation peut nourrir la cr\u00e9ativit\u00e9 tout en prenant en compte la gestion des ressources, voil\u00e0 la pierre angulaire du travail de Cyrile Deranlot. Sp\u00e9cialiste de physique des mat\u00e9riaux, Cyrile Deranlot a \u00e9t\u00e9 pendant presque 20 ans ing\u00e9nieur de recherche au CNRS. Notamment membre de l\u2019\u00e9quipe d\u2019Albert Fert, Prix Nobel de Physique 2007, il [&hellip;]<\/p>\n","protected":false},"featured_media":223338,"template":"","meta":{"_seopress_robots_primary_cat":"","_seopress_titles_title":"Packaging Premi\u00e8re Talks 2023 | Cyrile Deranlot, DAUMET","_seopress_titles_desc":"","_seopress_robots_index":"","_company_name":"","_job_title":"","_visit_me":"","_email":"","_linkedin":"","_twitter":"","_facebook":"","_instagram":"","_youtube":"","_imdb":"","footnotes":""},"edition":[585],"guest_type":[],"work":[],"class_list":["post-223427","guest","type-guest","status-publish","has-post-thumbnail","hentry","edition-paris-packaging-week-speakers-2023"],"_cover_image":null,"_links":{"self":[{"href":"https:\/\/www.parispackagingweek.com\/fr\/wp-json\/wp\/v2\/guest\/223427","targetHints":{"allow":["GET"]}}],"collection":[{"href":"https:\/\/www.parispackagingweek.com\/fr\/wp-json\/wp\/v2\/guest"}],"about":[{"href":"https:\/\/www.parispackagingweek.com\/fr\/wp-json\/wp\/v2\/types\/guest"}],"version-history":[{"count":1,"href":"https:\/\/www.parispackagingweek.com\/fr\/wp-json\/wp\/v2\/guest\/223427\/revisions"}],"predecessor-version":[{"id":223429,"href":"https:\/\/www.parispackagingweek.com\/fr\/wp-json\/wp\/v2\/guest\/223427\/revisions\/223429"}],"wp:featuredmedia":[{"embeddable":true,"href":"https:\/\/www.parispackagingweek.com\/fr\/wp-json\/wp\/v2\/media\/223338"}],"wp:attachment":[{"href":"https:\/\/www.parispackagingweek.com\/fr\/wp-json\/wp\/v2\/media?parent=223427"}],"wp:term":[{"taxonomy":"edition","embeddable":true,"href":"https:\/\/www.parispackagingweek.com\/fr\/wp-json\/wp\/v2\/edition?post=223427"},{"taxonomy":"guest_type","embeddable":true,"href":"https:\/\/www.parispackagingweek.com\/fr\/wp-json\/wp\/v2\/guest_type?post=223427"},{"taxonomy":"work","embeddable":true,"href":"https:\/\/www.parispackagingweek.com\/fr\/wp-json\/wp\/v2\/work?post=223427"}],"curies":[{"name":"wp","href":"https:\/\/api.w.org\/{rel}","templated":true}]}}