{"id":250706,"date":"2023-01-12T12:22:43","date_gmt":"2023-01-12T11:22:43","guid":{"rendered":"https:\/\/www.parispackagingweek.com\/?post_type=guest&#038;p=250706"},"modified":"2023-01-12T19:27:39","modified_gmt":"2023-01-12T18:27:39","slug":"nathalie-bastianelli-webelongtochange-ngo","status":"publish","type":"guest","link":"https:\/\/www.parispackagingweek.com\/fr\/speaker\/nathalie-bastianelli-webelongtochange-ngo\/","title":{"rendered":"Nathalie Bastianelli, WeBelongToChange"},"content":{"rendered":"<p>Pr\u00e9sidente de WeBelongToChange (NGO)<\/p>\n<p><span dir=\"ltr\" role=\"presentation\">Nathalie Bastianelli<\/span> <span dir=\"ltr\" role=\"presentation\">est conf\u00e9renci\u00e8re, auteure et accompagne les PME vers une transition<\/span><br role=\"presentation\" \/><span dir=\"ltr\" role=\"presentation\">\u00e9cologique \u00e0 travers son activit\u00e9 de conseil Authentika. Ancienne PDG de deux filiales du<\/span><br role=\"presentation\" \/><span dir=\"ltr\" role=\"presentation\">groupe de communication international Havas \u00e0 P\u00e9kin et Shanghai, Nathalie Bastianelli a cr\u00e9\u00e9<\/span><br role=\"presentation\" \/><span dir=\"ltr\" role=\"presentation\">en<\/span> <span dir=\"ltr\" role=\"presentation\">Chine l&rsquo;ONG \u2018WeBelongToChange&rsquo; d\u00e9di\u00e9e \u00e0 la promotion d&rsquo;une consommation durable et<\/span><br role=\"presentation\" \/><span dir=\"ltr\" role=\"presentation\">consciente. Elle a organis\u00e9 un forum annuel \u00e9ponyme pendant 5 ans pour promouvoir les<\/span><br role=\"presentation\" \/><span dir=\"ltr\" role=\"presentation\">solutions et innovations durables chinoises et internationales, il a \u00e9t\u00e9 suivi en direc<\/span><span dir=\"ltr\" role=\"presentation\">t par<\/span><br role=\"presentation\" \/><span dir=\"ltr\" role=\"presentation\">plusieurs millions d&rsquo;internautes chinois sur les plateformes locales de livestream. Cette<\/span><br role=\"presentation\" \/><span dir=\"ltr\" role=\"presentation\">entrepreneuse engag\u00e9e veut croire au r\u00e9veil \u00e9cologique des Chinois et a livr\u00e9 son t\u00e9moignage<\/span><br role=\"presentation\" \/><span dir=\"ltr\" role=\"presentation\">dans un livre \u00ab<\/span> <span dir=\"ltr\" role=\"presentation\">Quand la Chine s\u2019\u00e9veille verte&#8230; un t\u00e9moignage sur<\/span> <span dir=\"ltr\" role=\"presentation\">les engagements<\/span><br role=\"presentation\" \/><span dir=\"ltr\" role=\"presentation\">\u00e9cologiques de la soci\u00e9t\u00e9 civile chinoise\u00a0\u00bb (\u00c9ditions de l\u2019Aube, une version anglaise est pr\u00e9vue<\/span><br role=\"presentation\" \/><span dir=\"ltr\" role=\"presentation\">en 2023).<\/span><\/p>\n","protected":false},"excerpt":{"rendered":"<p>Pr\u00e9sidente de WeBelongToChange (NGO) Nathalie Bastianelli est conf\u00e9renci\u00e8re, auteure et accompagne les PME vers une transition\u00e9cologique \u00e0 travers son activit\u00e9 de conseil Authentika. Ancienne PDG de deux filiales dugroupe de communication international Havas \u00e0 P\u00e9kin et Shanghai, Nathalie Bastianelli a cr\u00e9\u00e9en Chine l&rsquo;ONG \u2018WeBelongToChange&rsquo; d\u00e9di\u00e9e \u00e0 la promotion d&rsquo;une consommation durable etconsciente. Elle a organis\u00e9 [&hellip;]<\/p>\n","protected":false},"featured_media":250855,"template":"","meta":{"_seopress_robots_primary_cat":"","_seopress_titles_title":"PCD Talks 2023 | Nathalie Bastianelli, WeBelongToChange","_seopress_titles_desc":"","_seopress_robots_index":"","_company_name":"","_job_title":"","_visit_me":"","_email":"","_linkedin":"","_twitter":"","_facebook":"","_instagram":"","_youtube":"","_imdb":"","footnotes":""},"edition":[585],"guest_type":[578],"work":[],"class_list":["post-250706","guest","type-guest","status-publish","has-post-thumbnail","hentry","edition-paris-packaging-week-speakers-2023","guest_type-pcd-speakers-2023"],"_cover_image":null,"_links":{"self":[{"href":"https:\/\/www.parispackagingweek.com\/fr\/wp-json\/wp\/v2\/guest\/250706","targetHints":{"allow":["GET"]}}],"collection":[{"href":"https:\/\/www.parispackagingweek.com\/fr\/wp-json\/wp\/v2\/guest"}],"about":[{"href":"https:\/\/www.parispackagingweek.com\/fr\/wp-json\/wp\/v2\/types\/guest"}],"version-history":[{"count":3,"href":"https:\/\/www.parispackagingweek.com\/fr\/wp-json\/wp\/v2\/guest\/250706\/revisions"}],"predecessor-version":[{"id":251121,"href":"https:\/\/www.parispackagingweek.com\/fr\/wp-json\/wp\/v2\/guest\/250706\/revisions\/251121"}],"wp:featuredmedia":[{"embeddable":true,"href":"https:\/\/www.parispackagingweek.com\/fr\/wp-json\/wp\/v2\/media\/250855"}],"wp:attachment":[{"href":"https:\/\/www.parispackagingweek.com\/fr\/wp-json\/wp\/v2\/media?parent=250706"}],"wp:term":[{"taxonomy":"edition","embeddable":true,"href":"https:\/\/www.parispackagingweek.com\/fr\/wp-json\/wp\/v2\/edition?post=250706"},{"taxonomy":"guest_type","embeddable":true,"href":"https:\/\/www.parispackagingweek.com\/fr\/wp-json\/wp\/v2\/guest_type?post=250706"},{"taxonomy":"work","embeddable":true,"href":"https:\/\/www.parispackagingweek.com\/fr\/wp-json\/wp\/v2\/work?post=250706"}],"curies":[{"name":"wp","href":"https:\/\/api.w.org\/{rel}","templated":true}]}}