{"id":251041,"date":"2023-01-12T18:16:23","date_gmt":"2023-01-12T17:16:23","guid":{"rendered":"https:\/\/www.parispackagingweek.com\/?post_type=guest&#038;p=251041"},"modified":"2023-01-20T10:18:36","modified_gmt":"2023-01-20T09:18:36","slug":"christophe-balaresque-aidoma","status":"publish","type":"guest","link":"https:\/\/www.parispackagingweek.com\/fr\/speaker\/christophe-balaresque-aidoma\/","title":{"rendered":"Christophe Balaresque, AIDOMA"},"content":{"rendered":"<p>Fondateur<\/p>\n<p>Ancien Directeur Marketing International d\u2019un groupe de papier de luxe iconique.<br \/>\nA donn\u00e9 des conf\u00e9rences sur le bel imprim\u00e9, le d\u00e9tail et la qualit\u00e9 de production sur les cinq<br \/>\ncontinents. Imprimeurs, designers et marques ont visit\u00e9 les \u201cPop Exhibitions\u201d organis\u00e9es \u00e0 travers<br \/>\nl\u2019Europe, l\u2019Asie et le Moyen Orient pour d\u00e9couvrir ce que le beau papier et la belle id\u00e9e pouvaient<br \/>\nfaire.<br \/>\nAuteur du livre \u201cAttack the Attack\u201d, formateur, coach, leader et manager, avec un m\u00e9lange de<br \/>\npassion et d&rsquo;engagement personnel, il transmet \u00e0 ses interlocuteurs, l&rsquo;importance du d\u00e9tail et de<br \/>\nla relation humaine.<\/p>\n","protected":false},"excerpt":{"rendered":"<p>Fondateur Ancien Directeur Marketing International d\u2019un groupe de papier de luxe iconique. A donn\u00e9 des conf\u00e9rences sur le bel imprim\u00e9, le d\u00e9tail et la qualit\u00e9 de production sur les cinq continents. Imprimeurs, designers et marques ont visit\u00e9 les \u201cPop Exhibitions\u201d organis\u00e9es \u00e0 travers l\u2019Europe, l\u2019Asie et le Moyen Orient pour d\u00e9couvrir ce que le beau [&hellip;]<\/p>\n","protected":false},"featured_media":252988,"template":"","meta":{"_seopress_robots_primary_cat":"","_seopress_titles_title":"Packaging Premi\u00e8re Talks 2023 | Christophe Balaresque, AIDOMA","_seopress_titles_desc":"","_seopress_robots_index":"","_company_name":"","_job_title":"","_visit_me":"","_email":"","_linkedin":"","_twitter":"","_facebook":"","_instagram":"","_youtube":"","_imdb":"","footnotes":""},"edition":[585],"guest_type":[],"work":[],"class_list":["post-251041","guest","type-guest","status-publish","has-post-thumbnail","hentry","edition-paris-packaging-week-speakers-2023"],"_cover_image":null,"_links":{"self":[{"href":"https:\/\/www.parispackagingweek.com\/fr\/wp-json\/wp\/v2\/guest\/251041","targetHints":{"allow":["GET"]}}],"collection":[{"href":"https:\/\/www.parispackagingweek.com\/fr\/wp-json\/wp\/v2\/guest"}],"about":[{"href":"https:\/\/www.parispackagingweek.com\/fr\/wp-json\/wp\/v2\/types\/guest"}],"version-history":[{"count":5,"href":"https:\/\/www.parispackagingweek.com\/fr\/wp-json\/wp\/v2\/guest\/251041\/revisions"}],"predecessor-version":[{"id":253967,"href":"https:\/\/www.parispackagingweek.com\/fr\/wp-json\/wp\/v2\/guest\/251041\/revisions\/253967"}],"wp:featuredmedia":[{"embeddable":true,"href":"https:\/\/www.parispackagingweek.com\/fr\/wp-json\/wp\/v2\/media\/252988"}],"wp:attachment":[{"href":"https:\/\/www.parispackagingweek.com\/fr\/wp-json\/wp\/v2\/media?parent=251041"}],"wp:term":[{"taxonomy":"edition","embeddable":true,"href":"https:\/\/www.parispackagingweek.com\/fr\/wp-json\/wp\/v2\/edition?post=251041"},{"taxonomy":"guest_type","embeddable":true,"href":"https:\/\/www.parispackagingweek.com\/fr\/wp-json\/wp\/v2\/guest_type?post=251041"},{"taxonomy":"work","embeddable":true,"href":"https:\/\/www.parispackagingweek.com\/fr\/wp-json\/wp\/v2\/work?post=251041"}],"curies":[{"name":"wp","href":"https:\/\/api.w.org\/{rel}","templated":true}]}}