{"id":251053,"date":"2023-01-12T18:18:41","date_gmt":"2023-01-12T17:18:41","guid":{"rendered":"https:\/\/www.parispackagingweek.com\/?post_type=guest&#038;p=251053"},"modified":"2023-01-18T13:07:59","modified_gmt":"2023-01-18T12:07:59","slug":"olivier-nineuil-typofacto","status":"publish","type":"guest","link":"https:\/\/www.parispackagingweek.com\/fr\/speaker\/olivier-nineuil-typofacto\/","title":{"rendered":"Olivier Nineuil, TYPOFACTO"},"content":{"rendered":"<p>Foundateur Associ\u00e9<\/p>\n<p>Fondateur de Typofacto, Olivier Nineuil est dessinateur de caract\u00e8res typographiques, auteur,<br \/>\n\u00e9diteur et animateur de workshops sur la cr\u00e9ation typographique.<br \/>\nIl dessine des polices de caract\u00e8res typographiques exclusives sur commande, pour des artistes,<br \/>\ndes \u00e9diteurs et des entreprises. Il a cr\u00e9\u00e9 les typographies Air France, Club Med, Michelin, celles<br \/>\ndu Comit\u00e9 national olympique fran\u00e7ais, de la F\u00e9d\u00e9ration fran\u00e7aise de tennis, de l\u2019\u00e9quipe de<br \/>\nFrance de Handball et dans le domaine de l\u2019\u00e9dition, la typo Jean Giono pour Hatier ou encore<br \/>\nla typo Gr\u00e9visse pour Magnard.<\/p>\n<p>En marge de ces cr\u00e9ations, Olivier Nineuil enseigne dans diff\u00e9rentes \u00e9coles d\u2019art, le dessin de<br \/>\ncaract\u00e8res et ce qu\u2019il nomme la \u00ab ma\u00efeutique typographique \u00bb. Engag\u00e9 dans la valorisation du<br \/>\npatrimoine typographique et dans la transmission des savoir-faire, Olivier Nineuil anime au sein de<br \/>\nTypofacto, une activit\u00e9 d\u2019\u00e9dition, consacr\u00e9e au domaine de l\u2019\u00e9criture (monographies, essais,<br \/>\nfictions, livres jeunesse).<br \/>\nC&rsquo;est dans ce d\u00e9sir de transmission qu\u2019il intervient au sein de Format A5, un groupe de<br \/>\nprofessionnels des arts graphiques, qui partagent leur expertise et leur passion du print lors de<br \/>\nconf\u00e9rences et de formations.<\/p>\n","protected":false},"excerpt":{"rendered":"<p>Foundateur Associ\u00e9 Fondateur de Typofacto, Olivier Nineuil est dessinateur de caract\u00e8res typographiques, auteur, \u00e9diteur et animateur de workshops sur la cr\u00e9ation typographique. Il dessine des polices de caract\u00e8res typographiques exclusives sur commande, pour des artistes, des \u00e9diteurs et des entreprises. Il a cr\u00e9\u00e9 les typographies Air France, Club Med, Michelin, celles du Comit\u00e9 national olympique [&hellip;]<\/p>\n","protected":false},"featured_media":253170,"template":"","meta":{"_seopress_robots_primary_cat":"","_seopress_titles_title":"Packaging Premi\u00e8re Talks 2023 | Olivier Nineuil, TYPOFACTO","_seopress_titles_desc":"","_seopress_robots_index":"","_company_name":"","_job_title":"","_visit_me":"","_email":"","_linkedin":"","_twitter":"","_facebook":"","_instagram":"","_youtube":"","_imdb":"","footnotes":""},"edition":[585],"guest_type":[],"work":[],"class_list":["post-251053","guest","type-guest","status-publish","has-post-thumbnail","hentry","edition-paris-packaging-week-speakers-2023"],"_cover_image":null,"_links":{"self":[{"href":"https:\/\/www.parispackagingweek.com\/fr\/wp-json\/wp\/v2\/guest\/251053","targetHints":{"allow":["GET"]}}],"collection":[{"href":"https:\/\/www.parispackagingweek.com\/fr\/wp-json\/wp\/v2\/guest"}],"about":[{"href":"https:\/\/www.parispackagingweek.com\/fr\/wp-json\/wp\/v2\/types\/guest"}],"version-history":[{"count":2,"href":"https:\/\/www.parispackagingweek.com\/fr\/wp-json\/wp\/v2\/guest\/251053\/revisions"}],"predecessor-version":[{"id":253172,"href":"https:\/\/www.parispackagingweek.com\/fr\/wp-json\/wp\/v2\/guest\/251053\/revisions\/253172"}],"wp:featuredmedia":[{"embeddable":true,"href":"https:\/\/www.parispackagingweek.com\/fr\/wp-json\/wp\/v2\/media\/253170"}],"wp:attachment":[{"href":"https:\/\/www.parispackagingweek.com\/fr\/wp-json\/wp\/v2\/media?parent=251053"}],"wp:term":[{"taxonomy":"edition","embeddable":true,"href":"https:\/\/www.parispackagingweek.com\/fr\/wp-json\/wp\/v2\/edition?post=251053"},{"taxonomy":"guest_type","embeddable":true,"href":"https:\/\/www.parispackagingweek.com\/fr\/wp-json\/wp\/v2\/guest_type?post=251053"},{"taxonomy":"work","embeddable":true,"href":"https:\/\/www.parispackagingweek.com\/fr\/wp-json\/wp\/v2\/work?post=251053"}],"curies":[{"name":"wp","href":"https:\/\/api.w.org\/{rel}","templated":true}]}}