{"id":251067,"date":"2023-01-12T18:26:03","date_gmt":"2023-01-12T17:26:03","guid":{"rendered":"https:\/\/www.parispackagingweek.com\/?post_type=guest&#038;p=251067"},"modified":"2023-01-20T10:17:42","modified_gmt":"2023-01-20T09:17:42","slug":"aurore-amouroux-a-a-conseil","status":"publish","type":"guest","link":"https:\/\/www.parispackagingweek.com\/fr\/speaker\/aurore-amouroux-a-a-conseil\/","title":{"rendered":"Aurore Amouroux, Aurore Amouroux Conseil"},"content":{"rendered":"<p>Responsable de production<\/p>\n<p>Depuis 17 ans, Aurore Amouroux accompagne les clients dans le concr\u00e9tisation de leurs projets<br \/>\nd\u2019impression. Elle intervient sur des dossiers en packaging et en \u00e9dition.<br \/>\nAurore Amouroux voit son m\u00e9tier comme un pont entre la cr\u00e9ation et les artisanats.<br \/>\nPour elle, la coordination passe par la p\u00e9dagogie entre les diff\u00e9rents acteurs d\u2019un projet.<br \/>\nChez Dragon Rouge, o\u00f9 elle a travaill\u00e9 13 ans, on l\u2019appelait \u00ab Madame papier \u00bb.<br \/>\nC\u2019est une experte et une passionn\u00e9e du papier. Une main sur un marqu\u00e9 feutre et le regard sur un<br \/>\npapier recycl\u00e9.Elle est toujours \u00e0 l\u2019affut de nouveaut\u00e9s.<br \/>\nElle anime des workshops pour les professionnels et le grand public afin de diffuser sa<br \/>\nconnaissance et son go\u00fbt pour ce mat\u00e9riau, support durable des imaginations et cr\u00e9ateur de lien.<br \/>\nL\u2019esprit collectif est pour elle une valeur et une force. C\u2019est pour cela qu\u2019elle a rejoint CLARA, une<br \/>\ncoop\u00e9rative d\u2019entrepreneurs active au sein de l\u2019\u00e9conomie sociale et solidaire.<br \/>\nC\u2019est pour cela aussi qu\u2019elle s\u2019est associ\u00e9e \u00e0 Christophe Balaresque, Anne Rodeno, Olivier<br \/>\nNineuil et Thierry Denis pour cr\u00e9er Format A5, un groupe de professionnels des arts graphiques,<br \/>\nqui partagent leur expertise et leur passion du print lors de conf\u00e9rences et de formations.<\/p>\n","protected":false},"excerpt":{"rendered":"<p>Responsable de production Depuis 17 ans, Aurore Amouroux accompagne les clients dans le concr\u00e9tisation de leurs projets d\u2019impression. Elle intervient sur des dossiers en packaging et en \u00e9dition. Aurore Amouroux voit son m\u00e9tier comme un pont entre la cr\u00e9ation et les artisanats. Pour elle, la coordination passe par la p\u00e9dagogie entre les diff\u00e9rents acteurs d\u2019un [&hellip;]<\/p>\n","protected":false},"featured_media":252887,"template":"","meta":{"_seopress_robots_primary_cat":"","_seopress_titles_title":"Packaging Premi\u00e8re Talks 2023 | Aurore Amouroux, A.A. Conseil","_seopress_titles_desc":"","_seopress_robots_index":"","_company_name":"","_job_title":"","_visit_me":"","_email":"","_linkedin":"","_twitter":"","_facebook":"","_instagram":"","_youtube":"","_imdb":"","footnotes":""},"edition":[585],"guest_type":[],"work":[],"class_list":["post-251067","guest","type-guest","status-publish","has-post-thumbnail","hentry","edition-paris-packaging-week-speakers-2023"],"_cover_image":null,"_links":{"self":[{"href":"https:\/\/www.parispackagingweek.com\/fr\/wp-json\/wp\/v2\/guest\/251067","targetHints":{"allow":["GET"]}}],"collection":[{"href":"https:\/\/www.parispackagingweek.com\/fr\/wp-json\/wp\/v2\/guest"}],"about":[{"href":"https:\/\/www.parispackagingweek.com\/fr\/wp-json\/wp\/v2\/types\/guest"}],"version-history":[{"count":5,"href":"https:\/\/www.parispackagingweek.com\/fr\/wp-json\/wp\/v2\/guest\/251067\/revisions"}],"predecessor-version":[{"id":253965,"href":"https:\/\/www.parispackagingweek.com\/fr\/wp-json\/wp\/v2\/guest\/251067\/revisions\/253965"}],"wp:featuredmedia":[{"embeddable":true,"href":"https:\/\/www.parispackagingweek.com\/fr\/wp-json\/wp\/v2\/media\/252887"}],"wp:attachment":[{"href":"https:\/\/www.parispackagingweek.com\/fr\/wp-json\/wp\/v2\/media?parent=251067"}],"wp:term":[{"taxonomy":"edition","embeddable":true,"href":"https:\/\/www.parispackagingweek.com\/fr\/wp-json\/wp\/v2\/edition?post=251067"},{"taxonomy":"guest_type","embeddable":true,"href":"https:\/\/www.parispackagingweek.com\/fr\/wp-json\/wp\/v2\/guest_type?post=251067"},{"taxonomy":"work","embeddable":true,"href":"https:\/\/www.parispackagingweek.com\/fr\/wp-json\/wp\/v2\/work?post=251067"}],"curies":[{"name":"wp","href":"https:\/\/api.w.org\/{rel}","templated":true}]}}