{"id":303398,"date":"2023-10-13T13:56:06","date_gmt":"2023-10-13T11:56:06","guid":{"rendered":"https:\/\/www.parispackagingweek.com\/?post_type=guest&#038;p=303398"},"modified":"2025-12-03T10:14:51","modified_gmt":"2025-12-03T09:14:51","slug":"eva-lagarde-re-sources-2","status":"publish","type":"guest","link":"https:\/\/www.parispackagingweek.com\/fr\/speaker\/eva-lagarde-re-sources-2\/","title":{"rendered":"Eva Lagarde"},"content":{"rendered":"\n<p><\/p>\n\n\n\n<p>Eva, une professionnelle reconnue sur le d\u00e9veloppement durable dans le secteur beaut\u00e9, poss\u00e8de plus de 15 ans d&rsquo;exp\u00e9rience globale dans l&rsquo;industrie cosm\u00e9tique. Son expertise consiste \u00e0 stimuler l&rsquo;innovation et le d\u00e9veloppement de produits tout en excellant \u00e0 rendre compr\u00e9hensible le sujet complexe de la durabilit\u00e9. Eva s&rsquo;attache principalement \u00e0 aider les responsables marketing des marques de beaut\u00e9 \u00e0 cr\u00e9er de meilleurs produits sur le plan environnemental tout en offrant des produits tendances sur le march\u00e9.<br>Avant-gardiste, Eva garde un \u0153il sur les derni\u00e8res tendances et innovations \u00e9mergeant \u00e0 la fois des marques et des fournisseurs. Afin de permettre aux professionnels de la beaut\u00e9 de prendre des d\u00e9cisions \u00e9clair\u00e9es, elle d\u00e9veloppe des contenus et rapports d\u00e9di\u00e9s sur re-sources tout en organisant r\u00e9guli\u00e8rement des \u00e9v\u00e9nements au cours desquels ces professionnels peuvent acqu\u00e9rir des connaissances pr\u00e9cieuses. Gr\u00e2ce \u00e0 ces rencontres, Eva vise \u00e0 faciliter la construction de portefeuilles de marques plus solides et le d\u00e9veloppement de revendications marketing plus robustes, notamment en mati\u00e8re de durabilit\u00e9.<\/p>\n","protected":false},"excerpt":{"rendered":"<p>Eva, une professionnelle reconnue sur le d\u00e9veloppement durable dans le secteur beaut\u00e9, poss\u00e8de plus de 15 ans d&rsquo;exp\u00e9rience globale dans l&rsquo;industrie cosm\u00e9tique. Son expertise consiste \u00e0 stimuler l&rsquo;innovation et le d\u00e9veloppement de produits tout en excellant \u00e0 rendre compr\u00e9hensible le sujet complexe de la durabilit\u00e9. Eva s&rsquo;attache principalement \u00e0 aider les responsables marketing des marques [&hellip;]<\/p>\n","protected":false},"featured_media":305193,"template":"","meta":{"_seopress_robots_primary_cat":"","_seopress_titles_title":"Circular Economy Stage | Eva Lagarde, Re\/sources","_seopress_titles_desc":"Eva, une professionnelle reconnue sur le d\u00e9veloppement durable dans le secteur beaut\u00e9, poss\u00e8de plus de 15 ans d&#039;exp\u00e9rience globale dans l&#039;industrie cosm\u00e9tique. Son expertise consiste \u00e0 stimuler l&#039;innovation et le d\u00e9veloppement de produits tout en excellant \u00e0 rendre compr\u00e9hensible le sujet complexe de la durabilit\u00e9. Eva s&#039;attache principalement \u00e0 aider les responsables marketing des marques de beaut\u00e9 \u00e0 cr\u00e9er de meilleurs produits sur le plan environnemental tout en offrant des produits tendances sur le march\u00e9.","_seopress_robots_index":"","_company_name":"Re\/sources","_job_title":"CEO & Founder","_visit_me":"","_email":"","_linkedin":"","_twitter":"","_facebook":"","_instagram":"","_youtube":"","_imdb":"","footnotes":""},"edition":[744,1084],"guest_type":[769,1079],"work":[],"class_list":["post-303398","guest","type-guest","status-publish","has-post-thumbnail","hentry","edition-paris-packaging-week-speakers-2024","edition-paris-packaging-week-2026","guest_type-circular-economy-stage","guest_type-circular-economy-stage-2026"],"_cover_image":null,"_links":{"self":[{"href":"https:\/\/www.parispackagingweek.com\/fr\/wp-json\/wp\/v2\/guest\/303398","targetHints":{"allow":["GET"]}}],"collection":[{"href":"https:\/\/www.parispackagingweek.com\/fr\/wp-json\/wp\/v2\/guest"}],"about":[{"href":"https:\/\/www.parispackagingweek.com\/fr\/wp-json\/wp\/v2\/types\/guest"}],"version-history":[{"count":5,"href":"https:\/\/www.parispackagingweek.com\/fr\/wp-json\/wp\/v2\/guest\/303398\/revisions"}],"predecessor-version":[{"id":488796,"href":"https:\/\/www.parispackagingweek.com\/fr\/wp-json\/wp\/v2\/guest\/303398\/revisions\/488796"}],"wp:featuredmedia":[{"embeddable":true,"href":"https:\/\/www.parispackagingweek.com\/fr\/wp-json\/wp\/v2\/media\/305193"}],"wp:attachment":[{"href":"https:\/\/www.parispackagingweek.com\/fr\/wp-json\/wp\/v2\/media?parent=303398"}],"wp:term":[{"taxonomy":"edition","embeddable":true,"href":"https:\/\/www.parispackagingweek.com\/fr\/wp-json\/wp\/v2\/edition?post=303398"},{"taxonomy":"guest_type","embeddable":true,"href":"https:\/\/www.parispackagingweek.com\/fr\/wp-json\/wp\/v2\/guest_type?post=303398"},{"taxonomy":"work","embeddable":true,"href":"https:\/\/www.parispackagingweek.com\/fr\/wp-json\/wp\/v2\/work?post=303398"}],"curies":[{"name":"wp","href":"https:\/\/api.w.org\/{rel}","templated":true}]}}