{"id":303408,"date":"2023-10-13T13:57:14","date_gmt":"2023-10-13T11:57:14","guid":{"rendered":"https:\/\/www.parispackagingweek.com\/?post_type=guest&#038;p=303408"},"modified":"2023-12-07T11:37:11","modified_gmt":"2023-12-07T10:37:11","slug":"elodie-carpentier-le-rouge-francais","status":"publish","type":"guest","link":"https:\/\/www.parispackagingweek.com\/fr\/speaker\/elodie-carpentier-le-rouge-francais\/","title":{"rendered":"Elodie Carpentier"},"content":{"rendered":"\n<p><\/p>\n\n\n\n<p>Ing\u00e9nieure en biotechnologie et passionn\u00e9e par l\u2019entrepreneuriat, Elodie Carpentier est \u00e0 l\u2019origine d\u2019une v\u00e9ritable r\u00e9volution v\u00e9g\u00e9tale.<\/p>\n\n\n\n<p>Son parcours de plus de 15 ans dans l\u2019industrie pharmaceutique et l\u2019arriv\u00e9e de sa fille June l\u2019orientent vers des produits sans compromis pour sa sant\u00e9 et pour celle de son enfant. Passionn\u00e9e par l\u2019univers botanique et par l\u2019histoire de l\u2019art, elle s\u2019int\u00e9resse alors \u00e0 la pigmentation v\u00e9g\u00e9tale issue des plantes tinctoriales aux propri\u00e9t\u00e9s colorielles et b\u00e9n\u00e9fiques pour la sant\u00e9.<\/p>\n\n\n\n<p>C\u2019est en 2019 qu\u2019Elodie cr\u00e9e Le Rouge Fran\u00e7ais avec son mari et associ\u00e9 Salem Ghezaili : la premi\u00e8re Maison de Maquillage sp\u00e9cialis\u00e9e dans la pigmentation v\u00e9g\u00e9tale. Elodie se lance alors dans la formulation de ses propres produits cosm\u00e9tiques gr\u00e2ce \u00e0 une structure de R&amp;D internalis\u00e9e avec des certifications BIO Cosmos Organic, Vegan par le PETA et sans ingr\u00e9dients controvers\u00e9s tels que le Mica ou le Dioxyde de Titane.<\/p>\n\n\n\n<p>V\u00e9ritable actrice de la French Tech et de la GreenTech Fran\u00e7aise elle a pour ambition de r\u00e9volutionner l\u2019industrie de la couleur dans sa globalit\u00e9 pour le v\u00e9g\u00e9tal (automobile, a\u00e9ronautique, mode et fashion, lunetterie\u2026). Elle a r\u00e9cemment \u00e9t\u00e9 nomm\u00e9e \u00c9claireuse, militante pour le Climat de la communaut\u00e9 du Coq Vert de BPI France, finaliste de la derni\u00e8re BFM acad\u00e9mie, Visage Green Vogue et Laur\u00e9ate du concours National FEW40 des femmes entrepreneures en forte croissance. La Maison Le Rouge Fran\u00e7ais, c\u2019est aujourd\u2019hui la premi\u00e8re Maison de Maquillage \u00e0 s\u2019inscrire sur le mod\u00e8le de l\u2019\u00e9conomie r\u00e9g\u00e9n\u00e9ratrice, aux actions positives pour la Plan\u00e8te, sur l\u2019ensemble de sa cha\u00eene de valeur, du champ au produit fini.<\/p>\n","protected":false},"excerpt":{"rendered":"<p>Ing\u00e9nieure en biotechnologie et passionn\u00e9e par l\u2019entrepreneuriat, Elodie Carpentier est \u00e0 l\u2019origine d\u2019une v\u00e9ritable r\u00e9volution v\u00e9g\u00e9tale. Son parcours de plus de 15 ans dans l\u2019industrie pharmaceutique et l\u2019arriv\u00e9e de sa fille June l\u2019orientent vers des produits sans compromis pour sa sant\u00e9 et pour celle de son enfant. Passionn\u00e9e par l\u2019univers botanique et par l\u2019histoire de [&hellip;]<\/p>\n","protected":false},"featured_media":305210,"template":"","meta":{"_seopress_robots_primary_cat":"","_seopress_titles_title":"Circular Economy Stage | Elodie Carpentier, Le Rouge Fran\u00e7ais","_seopress_titles_desc":"Ing\u00e9nieure en biotechnologie et passionn\u00e9e par l\u2019entrepreneuriat, Elodie Carpentier est \u00e0 l\u2019origine d\u2019une v\u00e9ritable r\u00e9volution v\u00e9g\u00e9tale. Son parcours de plus de 15 ans dans l\u2019industrie pharmaceutique et l\u2019arriv\u00e9e de sa fille June l\u2019orientent vers des produits sans compromis pour sa sant\u00e9 et pour celle de son enfant. Passionn\u00e9e par l\u2019univers botanique et par l\u2019histoire de l\u2019art, elle s\u2019int\u00e9resse alors \u00e0 la pigmentation v\u00e9g\u00e9tale issue des plantes tinctoriales aux propri\u00e9t\u00e9s colorielles et b\u00e9n\u00e9fiques pour la sant\u00e9.","_seopress_robots_index":"","_company_name":"Le Rouge Fran\u00e7ais","_job_title":"Co-Founder","_visit_me":"","_email":"","_linkedin":"","_twitter":"","_facebook":"","_instagram":"","_youtube":"","_imdb":"","footnotes":""},"edition":[744],"guest_type":[769,781,578],"work":[],"class_list":["post-303408","guest","type-guest","status-publish","has-post-thumbnail","hentry","edition-paris-packaging-week-speakers-2024","guest_type-circular-economy-stage","guest_type-homepage-2024-en-2","guest_type-pcd-speakers-2023"],"_cover_image":null,"_links":{"self":[{"href":"https:\/\/www.parispackagingweek.com\/fr\/wp-json\/wp\/v2\/guest\/303408","targetHints":{"allow":["GET"]}}],"collection":[{"href":"https:\/\/www.parispackagingweek.com\/fr\/wp-json\/wp\/v2\/guest"}],"about":[{"href":"https:\/\/www.parispackagingweek.com\/fr\/wp-json\/wp\/v2\/types\/guest"}],"version-history":[{"count":3,"href":"https:\/\/www.parispackagingweek.com\/fr\/wp-json\/wp\/v2\/guest\/303408\/revisions"}],"predecessor-version":[{"id":309927,"href":"https:\/\/www.parispackagingweek.com\/fr\/wp-json\/wp\/v2\/guest\/303408\/revisions\/309927"}],"wp:featuredmedia":[{"embeddable":true,"href":"https:\/\/www.parispackagingweek.com\/fr\/wp-json\/wp\/v2\/media\/305210"}],"wp:attachment":[{"href":"https:\/\/www.parispackagingweek.com\/fr\/wp-json\/wp\/v2\/media?parent=303408"}],"wp:term":[{"taxonomy":"edition","embeddable":true,"href":"https:\/\/www.parispackagingweek.com\/fr\/wp-json\/wp\/v2\/edition?post=303408"},{"taxonomy":"guest_type","embeddable":true,"href":"https:\/\/www.parispackagingweek.com\/fr\/wp-json\/wp\/v2\/guest_type?post=303408"},{"taxonomy":"work","embeddable":true,"href":"https:\/\/www.parispackagingweek.com\/fr\/wp-json\/wp\/v2\/work?post=303408"}],"curies":[{"name":"wp","href":"https:\/\/api.w.org\/{rel}","templated":true}]}}