{"id":336937,"date":"2024-01-08T16:37:54","date_gmt":"2024-01-08T15:37:54","guid":{"rendered":"https:\/\/www.parispackagingweek.com\/?post_type=guest&#038;p=336937"},"modified":"2024-01-08T16:39:45","modified_gmt":"2024-01-08T15:39:45","slug":"berangere-raguenet","status":"publish","type":"guest","link":"https:\/\/www.parispackagingweek.com\/fr\/speaker\/berangere-raguenet\/","title":{"rendered":"B\u00e9rang\u00e8re Raguenet"},"content":{"rendered":"\n<p>B\u00e9rang\u00e8re Raguenet a rejoint Verescence en 2020. Auparavant, elle \u00e9tait Chef de produit chez le groupe verrier Verallia de 2015 \u00e0 2020, o\u00f9 elle \u00e9tait responsable de la marque internationale haut de gamme, Selective Line. Elle a d\u00e9but\u00e9 sa carri\u00e8re en tant qu&rsquo;Ing\u00e9nieure de recherche au sein de Saint-Gobain Research Paris. B\u00e9rang\u00e8re est titulaire d&rsquo;un Doctorat en Physico-chimie des Mat\u00e9riaux de l&rsquo;Universit\u00e9 Montpellier 2 et d&rsquo;un Master en Physico-chimie des Mat\u00e9riaux de l&rsquo;Universit\u00e9 de Lille.<\/p>\n","protected":false},"excerpt":{"rendered":"<p>B\u00e9rang\u00e8re Raguenet a rejoint Verescence en 2020. Auparavant, elle \u00e9tait Chef de produit chez le groupe verrier Verallia de 2015 \u00e0 2020, o\u00f9 elle \u00e9tait responsable de la marque internationale haut de gamme, Selective Line. Elle a d\u00e9but\u00e9 sa carri\u00e8re en tant qu&rsquo;Ing\u00e9nieure de recherche au sein de Saint-Gobain Research Paris. B\u00e9rang\u00e8re est titulaire d&rsquo;un [&hellip;]<\/p>\n","protected":false},"featured_media":336942,"template":"","meta":{"_seopress_robots_primary_cat":"","_seopress_titles_title":"Circular Economy Stage | B\u00e9rang\u00e8re Raguenet, Verescence","_seopress_titles_desc":"B\u00e9rang\u00e8re Raguenet a rejoint Verescence en 2020. Auparavant, elle \u00e9tait Chef de produit chez le groupe verrier Verallia de 2015 \u00e0 2020, o\u00f9 elle \u00e9tait responsable de la marque internationale haut de gamme, Selective Line. Elle a d\u00e9but\u00e9 sa carri\u00e8re en tant qu&#039;Ing\u00e9nieure de recherche au sein de Saint-Gobain Research Paris. B\u00e9rang\u00e8re est titulaire d&#039;un Doctorat en Physico-chimie des Mat\u00e9riaux de l&#039;Universit\u00e9 Montpellier 2 et d&#039;un Master en Physico-chimie des Mat\u00e9riaux de l&#039;Universit\u00e9 de Lille.","_seopress_robots_index":"","_company_name":"Verescence","_job_title":"Marketing and Communication Director","_visit_me":"","_email":"","_linkedin":"","_twitter":"","_facebook":"","_instagram":"","_youtube":"","_imdb":"","footnotes":""},"edition":[744],"guest_type":[769],"work":[],"class_list":["post-336937","guest","type-guest","status-publish","has-post-thumbnail","hentry","edition-paris-packaging-week-speakers-2024","guest_type-circular-economy-stage"],"_cover_image":null,"_links":{"self":[{"href":"https:\/\/www.parispackagingweek.com\/fr\/wp-json\/wp\/v2\/guest\/336937","targetHints":{"allow":["GET"]}}],"collection":[{"href":"https:\/\/www.parispackagingweek.com\/fr\/wp-json\/wp\/v2\/guest"}],"about":[{"href":"https:\/\/www.parispackagingweek.com\/fr\/wp-json\/wp\/v2\/types\/guest"}],"version-history":[{"count":1,"href":"https:\/\/www.parispackagingweek.com\/fr\/wp-json\/wp\/v2\/guest\/336937\/revisions"}],"predecessor-version":[{"id":336940,"href":"https:\/\/www.parispackagingweek.com\/fr\/wp-json\/wp\/v2\/guest\/336937\/revisions\/336940"}],"wp:featuredmedia":[{"embeddable":true,"href":"https:\/\/www.parispackagingweek.com\/fr\/wp-json\/wp\/v2\/media\/336942"}],"wp:attachment":[{"href":"https:\/\/www.parispackagingweek.com\/fr\/wp-json\/wp\/v2\/media?parent=336937"}],"wp:term":[{"taxonomy":"edition","embeddable":true,"href":"https:\/\/www.parispackagingweek.com\/fr\/wp-json\/wp\/v2\/edition?post=336937"},{"taxonomy":"guest_type","embeddable":true,"href":"https:\/\/www.parispackagingweek.com\/fr\/wp-json\/wp\/v2\/guest_type?post=336937"},{"taxonomy":"work","embeddable":true,"href":"https:\/\/www.parispackagingweek.com\/fr\/wp-json\/wp\/v2\/work?post=336937"}],"curies":[{"name":"wp","href":"https:\/\/api.w.org\/{rel}","templated":true}]}}