{"id":337823,"date":"2024-01-10T14:53:21","date_gmt":"2024-01-10T13:53:21","guid":{"rendered":"https:\/\/www.parispackagingweek.com\/?post_type=guest&#038;p=337823"},"modified":"2024-01-10T14:54:57","modified_gmt":"2024-01-10T13:54:57","slug":"laurence-barriol","status":"publish","type":"guest","link":"https:\/\/www.parispackagingweek.com\/fr\/speaker\/laurence-barriol\/","title":{"rendered":"Laurence Barriol"},"content":{"rendered":"\n<p>Entreprendre, r\u00e9fl\u00e9chir, observer, analyser, imaginer des produits, des services, des strat\u00e9gies de d\u00e9veloppement, autant d\u2019actions qui assouvissent ma soif de d\u00e9couverte, de rencontres et de collaborations depuis 30 ans.<\/p>\n\n\n\n<p>Apr\u00e8s des \u00e9tudes sup\u00e9rieures de commerce (Angleterre et France),<br>&#8211; 9 ans de direction de gamme et marketing au sein de groupes Agroalimentaires.<br>&#8211; 4 ans de cr\u00e9ation et management d\u2019entreprise : Fondatrice Table In Box \u2013 E-shop DtoC de Box de d\u00e9coration de tables festives.<br>&#8211; 12 ans de direction strat\u00e9gie en cabinet de conseil, depuis 8 ans directrice offre et innovation chez Groupe Zebra.<\/p>\n","protected":false},"excerpt":{"rendered":"<p>Entreprendre, r\u00e9fl\u00e9chir, observer, analyser, imaginer des produits, des services, des strat\u00e9gies de d\u00e9veloppement, autant d\u2019actions qui assouvissent ma soif de d\u00e9couverte, de rencontres et de collaborations depuis 30 ans. Apr\u00e8s des \u00e9tudes sup\u00e9rieures de commerce (Angleterre et France),&#8211; 9 ans de direction de gamme et marketing au sein de groupes Agroalimentaires.&#8211; 4 ans de cr\u00e9ation [&hellip;]<\/p>\n","protected":false},"featured_media":337872,"template":"","meta":{"_seopress_robots_primary_cat":"","_seopress_titles_title":"Circular Economy Stage | Laurence Barriol, Groupe Zebra","_seopress_titles_desc":"Entreprendre, r\u00e9fl\u00e9chir, observer, analyser, imaginer des produits, des services, des strat\u00e9gies de d\u00e9veloppement, autant d\u2019actions qui assouvissent ma soif de d\u00e9couverte, de rencontres et de collaborations depuis 30 ans.\r\n\r\nApr\u00e8s des \u00e9tudes sup\u00e9rieures de commerce (Angleterre et France),\r\n- 9 ans de direction de gamme et marketing au sein de groupes Agroalimentaires.\r\n- 4 ans de cr\u00e9ation et management d\u2019entreprise : Fondatrice Table In Box \u2013 E-shop DtoC de Box de d\u00e9coration de tables festives.\r\n- 12 ans de direction strat\u00e9gie en cabinet de conseil, depuis 8 ans directrice offre et innovation chez Groupe Zebra.","_seopress_robots_index":"","_company_name":"Groupe Zebra","_job_title":"Director of supply and innovation","_visit_me":"","_email":"","_linkedin":"","_twitter":"","_facebook":"","_instagram":"","_youtube":"","_imdb":"","footnotes":""},"edition":[744],"guest_type":[769],"work":[],"class_list":["post-337823","guest","type-guest","status-publish","has-post-thumbnail","hentry","edition-paris-packaging-week-speakers-2024","guest_type-circular-economy-stage"],"_cover_image":null,"_links":{"self":[{"href":"https:\/\/www.parispackagingweek.com\/fr\/wp-json\/wp\/v2\/guest\/337823","targetHints":{"allow":["GET"]}}],"collection":[{"href":"https:\/\/www.parispackagingweek.com\/fr\/wp-json\/wp\/v2\/guest"}],"about":[{"href":"https:\/\/www.parispackagingweek.com\/fr\/wp-json\/wp\/v2\/types\/guest"}],"version-history":[{"count":1,"href":"https:\/\/www.parispackagingweek.com\/fr\/wp-json\/wp\/v2\/guest\/337823\/revisions"}],"predecessor-version":[{"id":337860,"href":"https:\/\/www.parispackagingweek.com\/fr\/wp-json\/wp\/v2\/guest\/337823\/revisions\/337860"}],"wp:featuredmedia":[{"embeddable":true,"href":"https:\/\/www.parispackagingweek.com\/fr\/wp-json\/wp\/v2\/media\/337872"}],"wp:attachment":[{"href":"https:\/\/www.parispackagingweek.com\/fr\/wp-json\/wp\/v2\/media?parent=337823"}],"wp:term":[{"taxonomy":"edition","embeddable":true,"href":"https:\/\/www.parispackagingweek.com\/fr\/wp-json\/wp\/v2\/edition?post=337823"},{"taxonomy":"guest_type","embeddable":true,"href":"https:\/\/www.parispackagingweek.com\/fr\/wp-json\/wp\/v2\/guest_type?post=337823"},{"taxonomy":"work","embeddable":true,"href":"https:\/\/www.parispackagingweek.com\/fr\/wp-json\/wp\/v2\/work?post=337823"}],"curies":[{"name":"wp","href":"https:\/\/api.w.org\/{rel}","templated":true}]}}