{"id":410682,"date":"2024-11-25T11:42:07","date_gmt":"2024-11-25T10:42:07","guid":{"rendered":"https:\/\/www.parispackagingweek.com\/?post_type=guest&#038;p=410682"},"modified":"2024-11-29T10:15:29","modified_gmt":"2024-11-29T09:15:29","slug":"urs-hauser","status":"publish","type":"guest","link":"https:\/\/www.parispackagingweek.com\/fr\/speaker\/urs-hauser\/","title":{"rendered":"Urs Hauser"},"content":{"rendered":"\n<p>Urs Hauser est un v\u00e9t\u00e9ran de l&rsquo;industrie des a\u00e9rosols, avec plus de quatre d\u00e9cennies d&rsquo;expertise chez Pamasol, l&rsquo;un des principaux fabricants suisses d&rsquo;\u00e9quipements pour a\u00e9rosols. Tout au long de sa carri\u00e8re, il a acquis une connaissance approfondie de la technologie des a\u00e9rosols, des processus de fabrication et de la dynamique de l&rsquo;industrie.<br>Apr\u00e8s avoir d\u00e9but\u00e9 comme technicien, M. Hauser a occup\u00e9 diff\u00e9rents postes strat\u00e9giques au sein de Pamasol, notamment des postes de gestion de projet et de vente. Sa formation technique et son exp\u00e9rience pratique ont jou\u00e9 un r\u00f4le d\u00e9terminant dans le d\u00e9veloppement de solutions innovantes pour l&rsquo;industrie des a\u00e9rosols.<br>Actuellement directeur des ventes pour l&rsquo;Am\u00e9rique du Nord, l&rsquo;Afrique et le Moyen-Orient, M. Hauser tire parti de ses connaissances techniques approfondies et de ses relations avec l&rsquo;industrie pour favoriser l&rsquo;expansion du march\u00e9 et la r\u00e9ussite des clients. Son engagement continu aupr\u00e8s des clients et des fournisseurs a fait de lui un conseiller de confiance dans le secteur de la fabrication d&rsquo;a\u00e9rosols.<br>Fervent d\u00e9fenseur de la F\u00e9d\u00e9ration europ\u00e9enne des a\u00e9rosols (FEA), M. Hauser contribue activement \u00e0 faire progresser les normes industrielles et les pratiques durables dans le domaine de la fabrication d&rsquo;a\u00e9rosols. Sa vaste exp\u00e9rience et son engagement en faveur de l&rsquo;excellence font de lui une voix pr\u00e9cieuse dans l&rsquo;industrie mondiale des a\u00e9rosols.<\/p>\n","protected":false},"excerpt":{"rendered":"<p>Urs Hauser est un v\u00e9t\u00e9ran de l&rsquo;industrie des a\u00e9rosols, avec plus de quatre d\u00e9cennies d&rsquo;expertise chez Pamasol, l&rsquo;un des principaux fabricants suisses d&rsquo;\u00e9quipements pour a\u00e9rosols. Tout au long de sa carri\u00e8re, il a acquis une connaissance approfondie de la technologie des a\u00e9rosols, des processus de fabrication et de la dynamique de l&rsquo;industrie.Apr\u00e8s avoir d\u00e9but\u00e9 comme [&hellip;]<\/p>\n","protected":false},"featured_media":410704,"template":"","meta":{"_seopress_robots_primary_cat":"","_seopress_titles_title":"Aerosol &amp; Dispensing Forum | Urs Hauser, Senior Sales Manager, Pamasol","_seopress_titles_desc":"Urs Hauser est un v\u00e9t\u00e9ran de l&#039;industrie des a\u00e9rosols, avec plus de quatre d\u00e9cennies d&#039;expertise chez Pamasol, l&#039;un des principaux fabricants suisses d&#039;\u00e9quipements pour a\u00e9rosols. Tout au long de sa carri\u00e8re, il a acquis une connaissance approfondie de la technologie des a\u00e9rosols, des processus de fabrication et de la dynamique de l&#039;industrie.\r\nApr\u00e8s avoir d\u00e9but\u00e9 comme technicien, M. Hauser a occup\u00e9 diff\u00e9rents postes strat\u00e9giques au sein de Pamasol, notamment des postes de gestion de projet et de vente. Sa formation technique et son exp\u00e9rience pratique ont jou\u00e9 un r\u00f4le d\u00e9terminant dans le d\u00e9veloppement de solutions innovantes pour l&#039;industrie des a\u00e9rosols.\r\nActuellement directeur des ventes pour l&#039;Am\u00e9rique du Nord, l&#039;Afrique et le Moyen-Orient, M. Hauser tire parti de ses connaissances techniques approfondies et de ses relations avec l&#039;industrie pour favoriser l&#039;expansion du march\u00e9 et la r\u00e9ussite des clients. Son engagement continu aupr\u00e8s des clients et des fournisseurs a fait de lui un conseiller de confiance dans le secteur de la fabrication d&#039;a\u00e9rosols.\r\nFervent d\u00e9fenseur de la F\u00e9d\u00e9ration europ\u00e9enne des a\u00e9rosols (FEA), M. Hauser contribue activement \u00e0 faire progresser les normes industrielles et les pratiques durables dans le domaine de la fabrication d&#039;a\u00e9rosols. Sa vaste exp\u00e9rience et son engagement en faveur de l&#039;excellence font de lui une voix pr\u00e9cieuse dans l&#039;industrie mondiale des a\u00e9rosols.\r\n","_seopress_robots_index":"","_company_name":"pamasol Swiss Aerosol Solutions","_job_title":"Senior Sales Manager","_visit_me":"","_email":"","_linkedin":"","_twitter":"","_facebook":"","_instagram":"","_youtube":"","_imdb":"","footnotes":""},"edition":[924],"guest_type":[923],"work":[],"class_list":["post-410682","guest","type-guest","status-publish","has-post-thumbnail","hentry","edition-paris-packaging-week-2025","guest_type-global-aerosol-dispensing-summit-2025"],"_cover_image":null,"_links":{"self":[{"href":"https:\/\/www.parispackagingweek.com\/fr\/wp-json\/wp\/v2\/guest\/410682","targetHints":{"allow":["GET"]}}],"collection":[{"href":"https:\/\/www.parispackagingweek.com\/fr\/wp-json\/wp\/v2\/guest"}],"about":[{"href":"https:\/\/www.parispackagingweek.com\/fr\/wp-json\/wp\/v2\/types\/guest"}],"version-history":[{"count":1,"href":"https:\/\/www.parispackagingweek.com\/fr\/wp-json\/wp\/v2\/guest\/410682\/revisions"}],"predecessor-version":[{"id":410714,"href":"https:\/\/www.parispackagingweek.com\/fr\/wp-json\/wp\/v2\/guest\/410682\/revisions\/410714"}],"wp:featuredmedia":[{"embeddable":true,"href":"https:\/\/www.parispackagingweek.com\/fr\/wp-json\/wp\/v2\/media\/410704"}],"wp:attachment":[{"href":"https:\/\/www.parispackagingweek.com\/fr\/wp-json\/wp\/v2\/media?parent=410682"}],"wp:term":[{"taxonomy":"edition","embeddable":true,"href":"https:\/\/www.parispackagingweek.com\/fr\/wp-json\/wp\/v2\/edition?post=410682"},{"taxonomy":"guest_type","embeddable":true,"href":"https:\/\/www.parispackagingweek.com\/fr\/wp-json\/wp\/v2\/guest_type?post=410682"},{"taxonomy":"work","embeddable":true,"href":"https:\/\/www.parispackagingweek.com\/fr\/wp-json\/wp\/v2\/work?post=410682"}],"curies":[{"name":"wp","href":"https:\/\/api.w.org\/{rel}","templated":true}]}}