{"id":487387,"date":"2025-11-12T00:00:32","date_gmt":"2025-11-11T23:00:32","guid":{"rendered":"https:\/\/www.parispackagingweek.com\/?post_type=guest&#038;p=487387"},"modified":"2026-01-08T10:40:55","modified_gmt":"2026-01-08T09:40:55","slug":"vitalie-tattinger","status":"publish","type":"guest","link":"https:\/\/www.parispackagingweek.com\/fr\/speaker\/vitalie-tattinger\/","title":{"rendered":"Vitalie Taittinger"},"content":{"rendered":"\n<p>Dipl\u00f4m\u00e9e de l\u2019Ecole Emile Cohl \u00e0 Lyon, elle y suit pendant 4 ans, de 1997 \u00e0 2001, un cursus d\u00e9di\u00e9 aux diff\u00e9rentes pratiques artistiques appliqu\u00e9es aux m\u00e9tiers de l\u2019illustration et du graphisme.<\/p>\n\n\n\n<p>Fra\u00eechement sortie de l\u2019\u00e9cole, elle r\u00e9alise avec Gilles Bernard une monographie consacr\u00e9e au peintre surr\u00e9aliste Alfred Courmes parue aux \u00e9ditions Le Cherche Midi en 2004. Le livre est pr\u00e9fac\u00e9 par le philosophe Michel Onfray. Fid\u00e8le \u00e0 l\u2019esprit d\u2019entreprise qui anime sa famille depuis toujours, Vitalie Taittinger cr\u00e9\u00e9 en 2002 une petite structure et d\u00e9veloppe de nombreux projets dans l\u2019univers du vin et de la gastronomie. En 2007, admirative de la reconqu\u00eate de la Maison de Champagne Taittinger par son p\u00e8re Pierre-Emmanuel, Vitalie r\u00e9v\u00e8le son d\u00e9sir de rejoindre l\u2019entreprise. Elle d\u00e9bute ainsi dans le monde du Champagne avec un r\u00f4le de consultante en Marketing. Rapidement, elle devient l\u2019\u00e9g\u00e9rie de la marque \u00e9ponyme et en porte les couleurs dans le monde entier. Deux ans plus tard, elle prendra en charge la direction artistique de la maison familiale et l\u2019int\u00e8grera pleinement.<\/p>\n\n\n\n<p>Pr\u00e9sidente du FRAC depuis 2017, elle fut \u00e9galement pr\u00e9sidente de l\u2019association Platform de 2018 \u00e0 2022. Apr\u00e8s avoir dirig\u00e9 le D\u00e9partement Marketing et Communication, Vitalie devient en janvier 2020, la Pr\u00e9sidente du Champagne Taittinger. Elle partage son temps entre vie professionnelle intense et une famille recompos\u00e9e de 4 enfants. <\/p>\n\n\n\n<p>En 2021, Vitalie est nomm\u00e9e Chevalier des Arts et des Lettres. En 2023, elle cofonde avec son p\u00e8re Pierre-Emmanuel Taittinger le fonds de dotation Philantropic Arsnova qui entend favoriser l\u2019acc\u00e8s \u00e0 la musique, l\u2019art culinaire, les arts et le patrimoine.<\/p>\n","protected":false},"excerpt":{"rendered":"<p>Dipl\u00f4m\u00e9e de l\u2019Ecole Emile Cohl \u00e0 Lyon, elle y suit pendant 4 ans, de 1997 \u00e0 2001, un cursus d\u00e9di\u00e9 aux diff\u00e9rentes pratiques artistiques appliqu\u00e9es aux m\u00e9tiers de l\u2019illustration et du graphisme. Fra\u00eechement sortie de l\u2019\u00e9cole, elle r\u00e9alise avec Gilles Bernard une monographie consacr\u00e9e au peintre surr\u00e9aliste Alfred Courmes parue aux \u00e9ditions Le Cherche Midi [&hellip;]<\/p>\n","protected":false},"featured_media":487390,"template":"","meta":{"_seopress_robots_primary_cat":"","_seopress_titles_title":"Keynote : Vitalie Taittinger, CEO Champagne Tattinger","_seopress_titles_desc":"La question de l\u2019environnement, de l\u2019impact et de l'innovation s\u2019inscrit pleinement dans la vision globale du champagne Taittinger. Vitalie Taittinger a veill\u00e9 \u00e0 ce que cette r\u00e9flexion soit au c\u0153ur des pr\u00e9occupations de chacun des d\u00e9partements, un engagement qui fait aujourd\u2019hui la fiert\u00e9 de toute l\u2019entreprise. Elle viendra nous partager sa vision et ses engagements.","_seopress_robots_index":"","_company_name":"champagne taittinger","_job_title":"CEO","_visit_me":"","_email":"","_linkedin":"","_twitter":"","_facebook":"","_instagram":"","_youtube":"","_imdb":"","footnotes":""},"edition":[1084],"guest_type":[1078,1083],"work":[],"class_list":["post-487387","guest","type-guest","status-publish","has-post-thumbnail","hentry","edition-paris-packaging-week-2026","guest_type-future-innovation-forum-2026","guest_type-homepage-2026"],"_cover_image":null,"_links":{"self":[{"href":"https:\/\/www.parispackagingweek.com\/fr\/wp-json\/wp\/v2\/guest\/487387","targetHints":{"allow":["GET"]}}],"collection":[{"href":"https:\/\/www.parispackagingweek.com\/fr\/wp-json\/wp\/v2\/guest"}],"about":[{"href":"https:\/\/www.parispackagingweek.com\/fr\/wp-json\/wp\/v2\/types\/guest"}],"version-history":[{"count":2,"href":"https:\/\/www.parispackagingweek.com\/fr\/wp-json\/wp\/v2\/guest\/487387\/revisions"}],"predecessor-version":[{"id":492602,"href":"https:\/\/www.parispackagingweek.com\/fr\/wp-json\/wp\/v2\/guest\/487387\/revisions\/492602"}],"wp:featuredmedia":[{"embeddable":true,"href":"https:\/\/www.parispackagingweek.com\/fr\/wp-json\/wp\/v2\/media\/487390"}],"wp:attachment":[{"href":"https:\/\/www.parispackagingweek.com\/fr\/wp-json\/wp\/v2\/media?parent=487387"}],"wp:term":[{"taxonomy":"edition","embeddable":true,"href":"https:\/\/www.parispackagingweek.com\/fr\/wp-json\/wp\/v2\/edition?post=487387"},{"taxonomy":"guest_type","embeddable":true,"href":"https:\/\/www.parispackagingweek.com\/fr\/wp-json\/wp\/v2\/guest_type?post=487387"},{"taxonomy":"work","embeddable":true,"href":"https:\/\/www.parispackagingweek.com\/fr\/wp-json\/wp\/v2\/work?post=487387"}],"curies":[{"name":"wp","href":"https:\/\/api.w.org\/{rel}","templated":true}]}}