{"id":488778,"date":"2025-12-03T10:06:34","date_gmt":"2025-12-03T09:06:34","guid":{"rendered":"https:\/\/www.parispackagingweek.com\/?post_type=guest&#038;p=488778"},"modified":"2025-12-11T11:59:44","modified_gmt":"2025-12-11T10:59:44","slug":"philippe-michon","status":"publish","type":"guest","link":"https:\/\/www.parispackagingweek.com\/fr\/speaker\/philippe-michon\/","title":{"rendered":"Philippe Michon"},"content":{"rendered":"\n<p>Eranova Bioplastics d\u00e9veloppe des mat\u00e9riaux bioplastiques innovants \u00e0 partir de biomasse marine, en particulier d\u2019algues vertes collect\u00e9es dans les \u00e9cosyst\u00e8mes c\u00f4tiers. Philippe Michon pr\u00e9sentera les derni\u00e8res avanc\u00e9es d\u2019Eranova en mati\u00e8re de technologies de polym\u00e8res \u00e0 base d\u2019algues et expliquera comment ces ressources marines peuvent \u00eatre int\u00e9gr\u00e9es dans des applications d\u2019emballage industrielles afin de r\u00e9duire la d\u00e9pendance aux plastiques d\u2019origine fossile tout en maintenant performance et capacit\u00e9 d\u2019industrialisation.<\/p>\n\n\n\n<p><\/p>\n","protected":false},"excerpt":{"rendered":"<p>Eranova Bioplastics d\u00e9veloppe des mat\u00e9riaux bioplastiques innovants \u00e0 partir de biomasse marine, en particulier d\u2019algues vertes collect\u00e9es dans les \u00e9cosyst\u00e8mes c\u00f4tiers. Philippe Michon pr\u00e9sentera les derni\u00e8res avanc\u00e9es d\u2019Eranova en mati\u00e8re de technologies de polym\u00e8res \u00e0 base d\u2019algues et expliquera comment ces ressources marines peuvent \u00eatre int\u00e9gr\u00e9es dans des applications d\u2019emballage industrielles afin de r\u00e9duire la [&hellip;]<\/p>\n","protected":false},"featured_media":490745,"template":"","meta":{"_seopress_robots_primary_cat":"","_seopress_titles_title":"","_seopress_titles_desc":"","_seopress_robots_index":"","_company_name":"Eranova Bioplastics","_job_title":"Co-Founder & Associate Director","_visit_me":"","_email":"","_linkedin":"","_twitter":"","_facebook":"","_instagram":"","_youtube":"","_imdb":"","footnotes":""},"edition":[1084],"guest_type":[1079],"work":[],"class_list":["post-488778","guest","type-guest","status-publish","has-post-thumbnail","hentry","edition-paris-packaging-week-2026","guest_type-circular-economy-stage-2026"],"_cover_image":null,"_links":{"self":[{"href":"https:\/\/www.parispackagingweek.com\/fr\/wp-json\/wp\/v2\/guest\/488778","targetHints":{"allow":["GET"]}}],"collection":[{"href":"https:\/\/www.parispackagingweek.com\/fr\/wp-json\/wp\/v2\/guest"}],"about":[{"href":"https:\/\/www.parispackagingweek.com\/fr\/wp-json\/wp\/v2\/types\/guest"}],"version-history":[{"count":2,"href":"https:\/\/www.parispackagingweek.com\/fr\/wp-json\/wp\/v2\/guest\/488778\/revisions"}],"predecessor-version":[{"id":489369,"href":"https:\/\/www.parispackagingweek.com\/fr\/wp-json\/wp\/v2\/guest\/488778\/revisions\/489369"}],"wp:featuredmedia":[{"embeddable":true,"href":"https:\/\/www.parispackagingweek.com\/fr\/wp-json\/wp\/v2\/media\/490745"}],"wp:attachment":[{"href":"https:\/\/www.parispackagingweek.com\/fr\/wp-json\/wp\/v2\/media?parent=488778"}],"wp:term":[{"taxonomy":"edition","embeddable":true,"href":"https:\/\/www.parispackagingweek.com\/fr\/wp-json\/wp\/v2\/edition?post=488778"},{"taxonomy":"guest_type","embeddable":true,"href":"https:\/\/www.parispackagingweek.com\/fr\/wp-json\/wp\/v2\/guest_type?post=488778"},{"taxonomy":"work","embeddable":true,"href":"https:\/\/www.parispackagingweek.com\/fr\/wp-json\/wp\/v2\/work?post=488778"}],"curies":[{"name":"wp","href":"https:\/\/api.w.org\/{rel}","templated":true}]}}