{"id":488786,"date":"2025-12-03T10:10:44","date_gmt":"2025-12-03T09:10:44","guid":{"rendered":"https:\/\/www.parispackagingweek.com\/?post_type=guest&#038;p=488786"},"modified":"2025-12-03T17:56:31","modified_gmt":"2025-12-03T16:56:31","slug":"margaux-valentin-2","status":"publish","type":"guest","link":"https:\/\/www.parispackagingweek.com\/fr\/speaker\/margaux-valentin-2\/","title":{"rendered":"Margaux Valentin"},"content":{"rendered":"\n<p>En tant que figure incontournable de l\u2019\u00e9coconception des emballages et des syst\u00e8mes de recyclage, Margaux Valentin mettra en lumi\u00e8re les r\u00e9alit\u00e9s op\u00e9rationnelles de la gestion de fin de vie des emballages dans l\u2019Union europ\u00e9enne. Elle expliquera comment CITEO accompagne la mise en \u0153uvre du nouveau r\u00e8glement sur les emballages et d\u00e9chets d\u2019emballages (PPWR), en clarifiant ce que signifie r\u00e9ellement la recyclabilit\u00e9 selon les normes europ\u00e9ennes et comment les marques peuvent concevoir des emballages r\u00e9pondant \u00e0 la fois aux exigences de performance et de conformit\u00e9 r\u00e9glementaire.<\/p>\n\n\n\n<p><\/p>\n","protected":false},"excerpt":{"rendered":"<p>En tant que figure incontournable de l\u2019\u00e9coconception des emballages et des syst\u00e8mes de recyclage, Margaux Valentin mettra en lumi\u00e8re les r\u00e9alit\u00e9s op\u00e9rationnelles de la gestion de fin de vie des emballages dans l\u2019Union europ\u00e9enne. Elle expliquera comment CITEO accompagne la mise en \u0153uvre du nouveau r\u00e8glement sur les emballages et d\u00e9chets d\u2019emballages (PPWR), en clarifiant [&hellip;]<\/p>\n","protected":false},"featured_media":0,"template":"","meta":{"_seopress_robots_primary_cat":"","_seopress_titles_title":"Margaux Valentin | Paris Packaging Week","_seopress_titles_desc":"En tant que figure incontournable de l\u2019\u00e9coconception des emballages et des syst\u00e8mes de recyclage, Margaux Valentin mettra en lumi\u00e8re les r\u00e9alit\u00e9s op\u00e9rationnelles de la gestion de fin de vie des emballages dans l\u2019Union europ\u00e9enne. Elle expliquera comment CITEO accompagne la mise en \u0153uvre du nouveau r\u00e8glement sur les emballages et d\u00e9chets d\u2019emballages (PPWR), en clarifiant ce que signifie r\u00e9ellement la recyclabilit\u00e9 selon les normes europ\u00e9ennes et comment les marques peuvent concevoir des emballages r\u00e9pondant \u00e0 la fois aux exigences de performance et de conformit\u00e9 r\u00e9glementaire.","_seopress_robots_index":"","_company_name":"CITEO","_job_title":"Project Manager \u2013 Ecodesign","_visit_me":"","_email":"","_linkedin":"","_twitter":"","_facebook":"","_instagram":"","_youtube":"","_imdb":"","footnotes":""},"edition":[1084],"guest_type":[1079],"work":[],"class_list":["post-488786","guest","type-guest","status-publish","hentry","edition-paris-packaging-week-2026","guest_type-circular-economy-stage-2026"],"_cover_image":null,"_links":{"self":[{"href":"https:\/\/www.parispackagingweek.com\/fr\/wp-json\/wp\/v2\/guest\/488786","targetHints":{"allow":["GET"]}}],"collection":[{"href":"https:\/\/www.parispackagingweek.com\/fr\/wp-json\/wp\/v2\/guest"}],"about":[{"href":"https:\/\/www.parispackagingweek.com\/fr\/wp-json\/wp\/v2\/types\/guest"}],"version-history":[{"count":2,"href":"https:\/\/www.parispackagingweek.com\/fr\/wp-json\/wp\/v2\/guest\/488786\/revisions"}],"predecessor-version":[{"id":489367,"href":"https:\/\/www.parispackagingweek.com\/fr\/wp-json\/wp\/v2\/guest\/488786\/revisions\/489367"}],"wp:attachment":[{"href":"https:\/\/www.parispackagingweek.com\/fr\/wp-json\/wp\/v2\/media?parent=488786"}],"wp:term":[{"taxonomy":"edition","embeddable":true,"href":"https:\/\/www.parispackagingweek.com\/fr\/wp-json\/wp\/v2\/edition?post=488786"},{"taxonomy":"guest_type","embeddable":true,"href":"https:\/\/www.parispackagingweek.com\/fr\/wp-json\/wp\/v2\/guest_type?post=488786"},{"taxonomy":"work","embeddable":true,"href":"https:\/\/www.parispackagingweek.com\/fr\/wp-json\/wp\/v2\/work?post=488786"}],"curies":[{"name":"wp","href":"https:\/\/api.w.org\/{rel}","templated":true}]}}