{"id":488849,"date":"2025-12-03T11:38:32","date_gmt":"2025-12-03T10:38:32","guid":{"rendered":"https:\/\/www.parispackagingweek.com\/?post_type=guest&#038;p=488849"},"modified":"2025-12-03T11:38:34","modified_gmt":"2025-12-03T10:38:34","slug":"sidney-rostan","status":"publish","type":"guest","link":"https:\/\/www.parispackagingweek.com\/fr\/speaker\/sidney-rostan\/","title":{"rendered":"Sidney Rostan"},"content":{"rendered":"\n<p>Sidney Rostan est l\u2019un des experts europ\u00e9ens du biomim\u00e9tisme. Il fonde Bioxegy en 2018, le bureau d\u2019\u00e9tudes et<br>d\u2019ing\u00e9nierie pionnier de ce domaine en France.<br>Avec ses \u00e9quipes, Sidney travaille avec les d\u00e9partements R&amp;D \/ R&amp;I de grands industriels europ\u00e9ens pour concevoir des<br>technologies concr\u00e8tes inspir\u00e9es de la sophistication des savoir-faire de la nature.<\/p>\n","protected":false},"excerpt":{"rendered":"<p>Sidney Rostan est l\u2019un des experts europ\u00e9ens du biomim\u00e9tisme. Il fonde Bioxegy en 2018, le bureau d\u2019\u00e9tudes etd\u2019ing\u00e9nierie pionnier de ce domaine en France.Avec ses \u00e9quipes, Sidney travaille avec les d\u00e9partements R&amp;D \/ R&amp;I de grands industriels europ\u00e9ens pour concevoir destechnologies concr\u00e8tes inspir\u00e9es de la sophistication des savoir-faire de la nature.<\/p>\n","protected":false},"featured_media":488852,"template":"","meta":{"_seopress_robots_primary_cat":"","_seopress_titles_title":"Sidney Rostan | Paris Packaging Week","_seopress_titles_desc":"Sidney Rostan est l\u2019un des experts europ\u00e9ens du biomim\u00e9tisme. Il fonde Bioxegy en 2018, le bureau d\u2019\u00e9tudes et\r\nd\u2019ing\u00e9nierie pionnier de ce domaine en France.\r\nAvec ses \u00e9quipes, Sidney travaille avec les d\u00e9partements R&D \/ R&I de grands industriels europ\u00e9ens pour concevoir des\r\ntechnologies concr\u00e8tes inspir\u00e9es de la sophistication des savoir-faire de la nature.","_seopress_robots_index":"","_company_name":"BioXEGY","_job_title":"CEO & Fondateur","_visit_me":"","_email":"","_linkedin":"","_twitter":"","_facebook":"","_instagram":"","_youtube":"","_imdb":"","footnotes":""},"edition":[1084],"guest_type":[1079],"work":[],"class_list":["post-488849","guest","type-guest","status-publish","has-post-thumbnail","hentry","edition-paris-packaging-week-2026","guest_type-circular-economy-stage-2026"],"_cover_image":null,"_links":{"self":[{"href":"https:\/\/www.parispackagingweek.com\/fr\/wp-json\/wp\/v2\/guest\/488849","targetHints":{"allow":["GET"]}}],"collection":[{"href":"https:\/\/www.parispackagingweek.com\/fr\/wp-json\/wp\/v2\/guest"}],"about":[{"href":"https:\/\/www.parispackagingweek.com\/fr\/wp-json\/wp\/v2\/types\/guest"}],"version-history":[{"count":1,"href":"https:\/\/www.parispackagingweek.com\/fr\/wp-json\/wp\/v2\/guest\/488849\/revisions"}],"predecessor-version":[{"id":488857,"href":"https:\/\/www.parispackagingweek.com\/fr\/wp-json\/wp\/v2\/guest\/488849\/revisions\/488857"}],"wp:featuredmedia":[{"embeddable":true,"href":"https:\/\/www.parispackagingweek.com\/fr\/wp-json\/wp\/v2\/media\/488852"}],"wp:attachment":[{"href":"https:\/\/www.parispackagingweek.com\/fr\/wp-json\/wp\/v2\/media?parent=488849"}],"wp:term":[{"taxonomy":"edition","embeddable":true,"href":"https:\/\/www.parispackagingweek.com\/fr\/wp-json\/wp\/v2\/edition?post=488849"},{"taxonomy":"guest_type","embeddable":true,"href":"https:\/\/www.parispackagingweek.com\/fr\/wp-json\/wp\/v2\/guest_type?post=488849"},{"taxonomy":"work","embeddable":true,"href":"https:\/\/www.parispackagingweek.com\/fr\/wp-json\/wp\/v2\/work?post=488849"}],"curies":[{"name":"wp","href":"https:\/\/api.w.org\/{rel}","templated":true}]}}