{"id":488937,"date":"2025-12-03T14:00:41","date_gmt":"2025-12-03T13:00:41","guid":{"rendered":"https:\/\/www.parispackagingweek.com\/?post_type=guest&#038;p=488937"},"modified":"2026-01-26T13:37:00","modified_gmt":"2026-01-26T12:37:00","slug":"celine-betuzzi","status":"publish","type":"guest","link":"https:\/\/www.parispackagingweek.com\/fr\/speaker\/celine-betuzzi\/","title":{"rendered":"C\u00e9line Bertuzzi"},"content":{"rendered":"\n<p>C\u00e9line Bertuzzi est une directrice marketing internationale exp\u00e9riment\u00e9e, forte de 15 ans d\u2019exp\u00e9rience professionnelle. Elle a d\u2019abord d\u00e9velopp\u00e9 son expertise dans le secteur de l\u2019\u00e9lectrom\u00e9nager, en occupant diverses fonctions marketing chez Whirlpool Corporation et Haier Europe, avant de rejoindre l\u2019industrie du papier, o\u00f9 elle occupe actuellement le poste de Directrice marketing chez Fedrigoni Special Papers. C\u00e9line est titulaire d\u2019un Doctorat en Administration des Affaires et de dipl\u00f4mes avanc\u00e9s en marketing et management de Grenoble \u00c9cole de Management. Sa carri\u00e8re se distingue par une forte orientation vers le marketing produit, la gestion de marque et le leadership strat\u00e9gique sur les march\u00e9s europ\u00e9ens et internationaux.<\/p>\n","protected":false},"excerpt":{"rendered":"<p>C\u00e9line Bertuzzi est une directrice marketing internationale exp\u00e9riment\u00e9e, forte de 15 ans d\u2019exp\u00e9rience professionnelle. Elle a d\u2019abord d\u00e9velopp\u00e9 son expertise dans le secteur de l\u2019\u00e9lectrom\u00e9nager, en occupant diverses fonctions marketing chez Whirlpool Corporation et Haier Europe, avant de rejoindre l\u2019industrie du papier, o\u00f9 elle occupe actuellement le poste de Directrice marketing chez Fedrigoni Special Papers. [&hellip;]<\/p>\n","protected":false},"featured_media":494579,"template":"","meta":{"_seopress_robots_primary_cat":"","_seopress_titles_title":"Packaging de luxe : r\u00e9soudre la tension entre cr\u00e9ativit\u00e9 et impact","_seopress_titles_desc":"Alors que les pressions \u00e9conomiques s\u2019accentuent et que les attentes en mati\u00e8re de durabilit\u00e9 augmentent, les marques de luxe font face \u00e0 un double d\u00e9fi : \u00e9voluer dans un contexte plus complexe tout en continuant de cr\u00e9er des exp\u00e9riences distinctives et d\u00e9sirables. Le packaging est un levier cl\u00e9 de cette \u00e9quation, au croisement de l\u2019expression de la marque, de l\u2019engagement des consommateurs et de nouvelles contraintes.\r\n\r\nLors de cette conf\u00e9rence, Fedrigoni pr\u00e9sentera les principaux enseignements d\u2019une \u00e9tude co-r\u00e9alis\u00e9e avec Bain & Company aupr\u00e8s de plus de 500 parties prenantes de la cha\u00eene de valeur du packaging du luxe, puis mettra en perspective ces insights avec sa propre offre \u2014 des gammes de r\u00e9f\u00e9rence aux papiers de cr\u00e9ation les plus sophistiqu\u00e9s, compl\u00e9t\u00e9e par une palette de services d\u00e9di\u00e9s \u2014 le tout guid\u00e9 par une vision qui sublime la cr\u00e9ativit\u00e9, renforce la centricit\u00e9 client et cultive l\u2019excellence op\u00e9rationnelle.\r\n\r\nLa collaboration avec la Maison Chlo\u00e9 sera pr\u00e9sent\u00e9e comme un cas d\u2019\u00e9tude sur-mesure, illustrant comment une approche personnalis\u00e9e du packaging peut renforcer l\u2019identit\u00e9 de marque et la diff\u00e9renciation.","_seopress_robots_index":"","_company_name":"Fedrigoni","_job_title":"Marketing Director","_visit_me":"","_email":"","_linkedin":"","_twitter":"","_facebook":"","_instagram":"","_youtube":"","_imdb":"","footnotes":""},"edition":[1084],"guest_type":[1079],"work":[],"class_list":["post-488937","guest","type-guest","status-publish","has-post-thumbnail","hentry","edition-paris-packaging-week-2026","guest_type-circular-economy-stage-2026"],"_cover_image":null,"_links":{"self":[{"href":"https:\/\/www.parispackagingweek.com\/fr\/wp-json\/wp\/v2\/guest\/488937","targetHints":{"allow":["GET"]}}],"collection":[{"href":"https:\/\/www.parispackagingweek.com\/fr\/wp-json\/wp\/v2\/guest"}],"about":[{"href":"https:\/\/www.parispackagingweek.com\/fr\/wp-json\/wp\/v2\/types\/guest"}],"version-history":[{"count":2,"href":"https:\/\/www.parispackagingweek.com\/fr\/wp-json\/wp\/v2\/guest\/488937\/revisions"}],"predecessor-version":[{"id":494581,"href":"https:\/\/www.parispackagingweek.com\/fr\/wp-json\/wp\/v2\/guest\/488937\/revisions\/494581"}],"wp:featuredmedia":[{"embeddable":true,"href":"https:\/\/www.parispackagingweek.com\/fr\/wp-json\/wp\/v2\/media\/494579"}],"wp:attachment":[{"href":"https:\/\/www.parispackagingweek.com\/fr\/wp-json\/wp\/v2\/media?parent=488937"}],"wp:term":[{"taxonomy":"edition","embeddable":true,"href":"https:\/\/www.parispackagingweek.com\/fr\/wp-json\/wp\/v2\/edition?post=488937"},{"taxonomy":"guest_type","embeddable":true,"href":"https:\/\/www.parispackagingweek.com\/fr\/wp-json\/wp\/v2\/guest_type?post=488937"},{"taxonomy":"work","embeddable":true,"href":"https:\/\/www.parispackagingweek.com\/fr\/wp-json\/wp\/v2\/work?post=488937"}],"curies":[{"name":"wp","href":"https:\/\/api.w.org\/{rel}","templated":true}]}}