{"id":488943,"date":"2025-12-03T14:05:37","date_gmt":"2025-12-03T13:05:37","guid":{"rendered":"https:\/\/www.parispackagingweek.com\/?post_type=guest&#038;p=488943"},"modified":"2025-12-03T14:05:38","modified_gmt":"2025-12-03T13:05:38","slug":"severine-calmus","status":"publish","type":"guest","link":"https:\/\/www.parispackagingweek.com\/fr\/speaker\/severine-calmus\/","title":{"rendered":"S\u00e9verine Calmus"},"content":{"rendered":"\n<p>Avec plus de vingt-cinq ans d\u2019exp\u00e9rience dans l\u2019industrie papeti\u00e8re, S\u00e9verine Calmus s\u2019est impos\u00e9e comme une experte reconnue du secteur. Titulaire d\u2019une formation commerciale sup\u00e9rieure, elle a construit un parcours solide au sein d\u2019environnements internationaux exigeants.<\/p>\n\n\n\n<p>Aujourd\u2019hui Directrice du Luxe chez Fedrigoni \u2014 leader mondial des papiers sp\u00e9ciaux \u2014 elle pilote la strat\u00e9gie et le d\u00e9veloppement aupr\u00e8s des grands donneurs d\u2019ordre du luxe ainsi que de leurs transformateurs \u00e0 travers le monde. Son r\u00f4le consiste \u00e0 accompagner les marques dans la cr\u00e9ation de solutions papier innovantes, premium et durables, en s\u2019appuyant sur une connaissance fine des march\u00e9s et des exigences cr\u00e9atives et techniques du secteur.<\/p>\n\n\n\n<p>Passionn\u00e9e par les mat\u00e9riaux d\u2019exception, S\u00e9verine Calmus met au service de ses clients une expertise unique,&nbsp; avec les maisons les plus prestigieuses.<\/p>\n","protected":false},"excerpt":{"rendered":"<p>Avec plus de vingt-cinq ans d\u2019exp\u00e9rience dans l\u2019industrie papeti\u00e8re, S\u00e9verine Calmus s\u2019est impos\u00e9e comme une experte reconnue du secteur. Titulaire d\u2019une formation commerciale sup\u00e9rieure, elle a construit un parcours solide au sein d\u2019environnements internationaux exigeants. Aujourd\u2019hui Directrice du Luxe chez Fedrigoni \u2014 leader mondial des papiers sp\u00e9ciaux \u2014 elle pilote la strat\u00e9gie et le d\u00e9veloppement [&hellip;]<\/p>\n","protected":false},"featured_media":488950,"template":"","meta":{"_seopress_robots_primary_cat":"","_seopress_titles_title":"S\u00e9verine Calmus | Paris Packaging Week","_seopress_titles_desc":"Avec plus de vingt-cinq ans d\u2019exp\u00e9rience dans l\u2019industrie papeti\u00e8re, S\u00e9verine Calmus s\u2019est impos\u00e9e comme une experte reconnue du secteur. Titulaire d\u2019une formation commerciale sup\u00e9rieure, elle a construit un parcours solide au sein d\u2019environnements internationaux exigeants.\r\nAujourd\u2019hui Directrice du Luxe chez Fedrigoni \u2014 leader mondial des papiers sp\u00e9ciaux \u2014 elle pilote la strat\u00e9gie et le d\u00e9veloppement aupr\u00e8s des grands donneurs d\u2019ordre du luxe ainsi que de leurs transformateurs \u00e0 travers le monde. Son r\u00f4le consiste \u00e0 accompagner les marques dans la cr\u00e9ation de solutions papier innovantes, premium et durables, en s\u2019appuyant sur une connaissance fine des march\u00e9s et des exigences cr\u00e9atives et techniques du secteur.\r\nPassionn\u00e9e par les mat\u00e9riaux d\u2019exception, S\u00e9verine Calmus met au service de ses clients une expertise unique,  avec les maisons les plus prestigieuses.","_seopress_robots_index":"","_company_name":"Fedrigoni","_job_title":"Luxury Director","_visit_me":"","_email":"","_linkedin":"","_twitter":"","_facebook":"","_instagram":"","_youtube":"","_imdb":"","footnotes":""},"edition":[1084],"guest_type":[1079],"work":[],"class_list":["post-488943","guest","type-guest","status-publish","has-post-thumbnail","hentry","edition-paris-packaging-week-2026","guest_type-circular-economy-stage-2026"],"_cover_image":null,"_links":{"self":[{"href":"https:\/\/www.parispackagingweek.com\/fr\/wp-json\/wp\/v2\/guest\/488943","targetHints":{"allow":["GET"]}}],"collection":[{"href":"https:\/\/www.parispackagingweek.com\/fr\/wp-json\/wp\/v2\/guest"}],"about":[{"href":"https:\/\/www.parispackagingweek.com\/fr\/wp-json\/wp\/v2\/types\/guest"}],"version-history":[{"count":1,"href":"https:\/\/www.parispackagingweek.com\/fr\/wp-json\/wp\/v2\/guest\/488943\/revisions"}],"predecessor-version":[{"id":488952,"href":"https:\/\/www.parispackagingweek.com\/fr\/wp-json\/wp\/v2\/guest\/488943\/revisions\/488952"}],"wp:featuredmedia":[{"embeddable":true,"href":"https:\/\/www.parispackagingweek.com\/fr\/wp-json\/wp\/v2\/media\/488950"}],"wp:attachment":[{"href":"https:\/\/www.parispackagingweek.com\/fr\/wp-json\/wp\/v2\/media?parent=488943"}],"wp:term":[{"taxonomy":"edition","embeddable":true,"href":"https:\/\/www.parispackagingweek.com\/fr\/wp-json\/wp\/v2\/edition?post=488943"},{"taxonomy":"guest_type","embeddable":true,"href":"https:\/\/www.parispackagingweek.com\/fr\/wp-json\/wp\/v2\/guest_type?post=488943"},{"taxonomy":"work","embeddable":true,"href":"https:\/\/www.parispackagingweek.com\/fr\/wp-json\/wp\/v2\/work?post=488943"}],"curies":[{"name":"wp","href":"https:\/\/api.w.org\/{rel}","templated":true}]}}