{"id":489168,"date":"2025-12-03T16:03:01","date_gmt":"2025-12-03T15:03:01","guid":{"rendered":"https:\/\/www.parispackagingweek.com\/?post_type=guest&#038;p=489168"},"modified":"2025-12-10T11:04:16","modified_gmt":"2025-12-10T10:04:16","slug":"alexis-amann","status":"publish","type":"guest","link":"https:\/\/www.parispackagingweek.com\/fr\/speaker\/alexis-amann\/","title":{"rendered":"Alexis Amann"},"content":{"rendered":"\n<p>Fort d\u2019une exp\u00e9rience solide en strat\u00e9gie et en analytique au sein de grands groupes, Alexis est expert dans l\u2019art de transformer des donn\u00e9es complexes en leviers strat\u00e9giques, collaborant avec les plus grands acteurs du luxe et de la beaut\u00e9.<br>Il est reconnu pour sa capacit\u00e9 \u00e0 faire \u201cparler\u201d les donn\u00e9es, une passion qu\u2019il partage avec la communaut\u00e9 en diffusant r\u00e9guli\u00e8rement des insights sur l\u2019industrie de la beaut\u00e9 aupr\u00e8s d\u2019un public professionnel croissant sur LinkedIn.<\/p>\n","protected":false},"excerpt":{"rendered":"<p>Fort d\u2019une exp\u00e9rience solide en strat\u00e9gie et en analytique au sein de grands groupes, Alexis est expert dans l\u2019art de transformer des donn\u00e9es complexes en leviers strat\u00e9giques, collaborant avec les plus grands acteurs du luxe et de la beaut\u00e9.Il est reconnu pour sa capacit\u00e9 \u00e0 faire \u201cparler\u201d les donn\u00e9es, une passion qu\u2019il partage avec la [&hellip;]<\/p>\n","protected":false},"featured_media":489171,"template":"","meta":{"_seopress_robots_primary_cat":"","_seopress_titles_title":"Alexis Amann | Paris Packaging Week","_seopress_titles_desc":"Revue des tendances\/performances du secteur de la beaut\u00e9\r\n\r\nPr\u00e9sentation du potentiel et des use cases de l'IA dans la beaut\u00e9\r\n\r\nPr\u00e9sentation d'un outil d'analyse des revues consommateurs avec un focus sur les insights packaging","_seopress_robots_index":"","_company_name":"Playbook of Beauty","_job_title":"Fondateur","_visit_me":"","_email":"","_linkedin":"","_twitter":"","_facebook":"","_instagram":"","_youtube":"","_imdb":"","footnotes":""},"edition":[1084],"guest_type":[1078],"work":[],"class_list":["post-489168","guest","type-guest","status-publish","has-post-thumbnail","hentry","edition-paris-packaging-week-2026","guest_type-future-innovation-forum-2026"],"_cover_image":null,"_links":{"self":[{"href":"https:\/\/www.parispackagingweek.com\/fr\/wp-json\/wp\/v2\/guest\/489168","targetHints":{"allow":["GET"]}}],"collection":[{"href":"https:\/\/www.parispackagingweek.com\/fr\/wp-json\/wp\/v2\/guest"}],"about":[{"href":"https:\/\/www.parispackagingweek.com\/fr\/wp-json\/wp\/v2\/types\/guest"}],"version-history":[{"count":1,"href":"https:\/\/www.parispackagingweek.com\/fr\/wp-json\/wp\/v2\/guest\/489168\/revisions"}],"predecessor-version":[{"id":489183,"href":"https:\/\/www.parispackagingweek.com\/fr\/wp-json\/wp\/v2\/guest\/489168\/revisions\/489183"}],"wp:featuredmedia":[{"embeddable":true,"href":"https:\/\/www.parispackagingweek.com\/fr\/wp-json\/wp\/v2\/media\/489171"}],"wp:attachment":[{"href":"https:\/\/www.parispackagingweek.com\/fr\/wp-json\/wp\/v2\/media?parent=489168"}],"wp:term":[{"taxonomy":"edition","embeddable":true,"href":"https:\/\/www.parispackagingweek.com\/fr\/wp-json\/wp\/v2\/edition?post=489168"},{"taxonomy":"guest_type","embeddable":true,"href":"https:\/\/www.parispackagingweek.com\/fr\/wp-json\/wp\/v2\/guest_type?post=489168"},{"taxonomy":"work","embeddable":true,"href":"https:\/\/www.parispackagingweek.com\/fr\/wp-json\/wp\/v2\/work?post=489168"}],"curies":[{"name":"wp","href":"https:\/\/api.w.org\/{rel}","templated":true}]}}