{"id":489389,"date":"2025-12-03T18:10:18","date_gmt":"2025-12-03T17:10:18","guid":{"rendered":"https:\/\/www.parispackagingweek.com\/?post_type=guest&#038;p=489389"},"modified":"2026-01-13T15:26:41","modified_gmt":"2026-01-13T14:26:41","slug":"alyne-freitas","status":"publish","type":"guest","link":"https:\/\/www.parispackagingweek.com\/fr\/speaker\/alyne-freitas\/","title":{"rendered":"Alyne Freitas"},"content":{"rendered":"\n<p>Alyne Freitas est une dirigeante passionn\u00e9e de l\u2019industrie des a\u00e9rosols, avec 17 ans d\u2019exp\u00e9rience dans les secteurs des cosm\u00e9tiques et de l\u2019Oil &amp; Gas. Elle est titulaire d\u2019une licence et d\u2019un master en g\u00e9nie chimique, d\u2019un MBA en management de la qualit\u00e9 et du management des affaires, ainsi que d\u2019une certification d\u2019administratrice de conseil d\u2019administration.<\/p>\n\n\n\n<p>En 2011, Alyne a pilot\u00e9 la premi\u00e8re production de propulseurs au Br\u00e9sil et occupe aujourd\u2019hui le poste de premi\u00e8re femme pr\u00e9sidente ex\u00e9cutive de l\u2019ABAS en 59 ans. Elle est \u00e9galement cofondatrice de la FLADA (F\u00e9d\u00e9ration latino-am\u00e9ricaine des a\u00e9rosols) et conseill\u00e8re en strat\u00e9gie aupr\u00e8s de l\u2019IBREI (Institut br\u00e9silien des relations internationales), o\u00f9 elle \u0153uvre \u00e0 la promotion de la durabilit\u00e9, de l\u2019innovation et de l\u2019int\u00e9gration r\u00e9gionale en Am\u00e9rique latine.<\/p>\n\n\n\n<p>AEROLOVER dans l\u2019\u00e2me, elle croit profond\u00e9ment au pouvoir transformateur du syst\u00e8me a\u00e9rosol.<\/p>\n","protected":false},"excerpt":{"rendered":"<p>Alyne Freitas est une dirigeante passionn\u00e9e de l\u2019industrie des a\u00e9rosols, avec 17 ans d\u2019exp\u00e9rience dans les secteurs des cosm\u00e9tiques et de l\u2019Oil &amp; Gas. Elle est titulaire d\u2019une licence et d\u2019un master en g\u00e9nie chimique, d\u2019un MBA en management de la qualit\u00e9 et du management des affaires, ainsi que d\u2019une certification d\u2019administratrice de conseil d\u2019administration. [&hellip;]<\/p>\n","protected":false},"featured_media":493387,"template":"","meta":{"_seopress_robots_primary_cat":"","_seopress_titles_title":"Workshop: Worldwide Aerosol Review","_seopress_titles_desc":"","_seopress_robots_index":"","_company_name":"Brazilian Aerosol Association (ABAS)","_job_title":"Executive President","_visit_me":"","_email":"","_linkedin":"","_twitter":"","_facebook":"","_instagram":"","_youtube":"","_imdb":"","footnotes":""},"edition":[1084],"guest_type":[1080],"work":[],"class_list":["post-489389","guest","type-guest","status-publish","has-post-thumbnail","hentry","edition-paris-packaging-week-2026","guest_type-global-aerosol-dispensing-forum-2026"],"_cover_image":null,"_links":{"self":[{"href":"https:\/\/www.parispackagingweek.com\/fr\/wp-json\/wp\/v2\/guest\/489389","targetHints":{"allow":["GET"]}}],"collection":[{"href":"https:\/\/www.parispackagingweek.com\/fr\/wp-json\/wp\/v2\/guest"}],"about":[{"href":"https:\/\/www.parispackagingweek.com\/fr\/wp-json\/wp\/v2\/types\/guest"}],"version-history":[{"count":2,"href":"https:\/\/www.parispackagingweek.com\/fr\/wp-json\/wp\/v2\/guest\/489389\/revisions"}],"predecessor-version":[{"id":493389,"href":"https:\/\/www.parispackagingweek.com\/fr\/wp-json\/wp\/v2\/guest\/489389\/revisions\/493389"}],"wp:featuredmedia":[{"embeddable":true,"href":"https:\/\/www.parispackagingweek.com\/fr\/wp-json\/wp\/v2\/media\/493387"}],"wp:attachment":[{"href":"https:\/\/www.parispackagingweek.com\/fr\/wp-json\/wp\/v2\/media?parent=489389"}],"wp:term":[{"taxonomy":"edition","embeddable":true,"href":"https:\/\/www.parispackagingweek.com\/fr\/wp-json\/wp\/v2\/edition?post=489389"},{"taxonomy":"guest_type","embeddable":true,"href":"https:\/\/www.parispackagingweek.com\/fr\/wp-json\/wp\/v2\/guest_type?post=489389"},{"taxonomy":"work","embeddable":true,"href":"https:\/\/www.parispackagingweek.com\/fr\/wp-json\/wp\/v2\/work?post=489389"}],"curies":[{"name":"wp","href":"https:\/\/api.w.org\/{rel}","templated":true}]}}