{"id":489407,"date":"2025-12-03T18:26:16","date_gmt":"2025-12-03T17:26:16","guid":{"rendered":"https:\/\/www.parispackagingweek.com\/?post_type=guest&#038;p=489407"},"modified":"2025-12-03T18:26:17","modified_gmt":"2025-12-03T17:26:17","slug":"priscilla-fortif","status":"publish","type":"guest","link":"https:\/\/www.parispackagingweek.com\/fr\/speaker\/priscilla-fortif\/","title":{"rendered":"Priscilla Fortif"},"content":{"rendered":"\n<p>Issue une formation initiale d&rsquo;Ing\u00e9nieur Agro-Alimentaire et de plusieurs exp\u00e9riences dans ce domaine, j&rsquo;occupe actuellement le poste de Responsable du P\u00f4le Conception Packaging pour la prestigieuse Maison R\u00e9my Martin. Mon \u00e9quipe est compos\u00e9e d&rsquo;ing\u00e9nieurs packaging, de charg\u00e9s d&rsquo;homologation et de charg\u00e9s de cha\u00eenes graphique et technique. Ensemble, nous avons pour mission de garantir la robustesse de nos conceptions packaging pour les marques R\u00e9my Martin et Louis XIII, en alignement avec nos calendriers d&rsquo;innovation.<\/p>\n\n\n\n<p>J&rsquo;ai eu \u00e9galement l&rsquo;opportunit\u00e9 d&rsquo;\u00eatre Process Owner aupr\u00e8s des \u00e9quipes IT pour le d\u00e9ploiement d&rsquo;un outil PLM, un projet d&rsquo;envergure dont le lancement a \u00e9t\u00e9 fait en octobre 2024. Ce projet visait \u00e0 optimiser l&rsquo;efficience, la collaboration, la fiabilit\u00e9 et la s\u00e9curit\u00e9 de nos donn\u00e9es articles. C&rsquo;est un plaisir de partager notre expertise et nos r\u00e9alisations avec vous lors de ce salon.<\/p>\n","protected":false},"excerpt":{"rendered":"<p>Issue une formation initiale d&rsquo;Ing\u00e9nieur Agro-Alimentaire et de plusieurs exp\u00e9riences dans ce domaine, j&rsquo;occupe actuellement le poste de Responsable du P\u00f4le Conception Packaging pour la prestigieuse Maison R\u00e9my Martin. Mon \u00e9quipe est compos\u00e9e d&rsquo;ing\u00e9nieurs packaging, de charg\u00e9s d&rsquo;homologation et de charg\u00e9s de cha\u00eenes graphique et technique. Ensemble, nous avons pour mission de garantir la robustesse [&hellip;]<\/p>\n","protected":false},"featured_media":489410,"template":"","meta":{"_seopress_robots_primary_cat":"","_seopress_titles_title":"Priscilla Fortif | Paris Packaging Week","_seopress_titles_desc":"Issue une formation initiale d'Ing\u00e9nieur Agro-Alimentaire et de plusieurs exp\u00e9riences dans ce domaine, j'occupe actuellement le poste de Responsable du P\u00f4le Conception Packaging pour la prestigieuse Maison R\u00e9my Martin. Mon \u00e9quipe est compos\u00e9e d'ing\u00e9nieurs packaging, de charg\u00e9s d'homologation et de charg\u00e9s de cha\u00eenes graphique et technique. Ensemble, nous avons pour mission de garantir la robustesse de nos conceptions packaging pour les marques R\u00e9my Martin et Louis XIII, en alignement avec nos calendriers d'innovation.","_seopress_robots_index":"","_company_name":"Remy Martin","_job_title":"Packaging Engineering Department Manager","_visit_me":"","_email":"","_linkedin":"","_twitter":"","_facebook":"","_instagram":"","_youtube":"","_imdb":"","footnotes":""},"edition":[1084],"guest_type":[1078],"work":[],"class_list":["post-489407","guest","type-guest","status-publish","has-post-thumbnail","hentry","edition-paris-packaging-week-2026","guest_type-future-innovation-forum-2026"],"_cover_image":null,"_links":{"self":[{"href":"https:\/\/www.parispackagingweek.com\/fr\/wp-json\/wp\/v2\/guest\/489407","targetHints":{"allow":["GET"]}}],"collection":[{"href":"https:\/\/www.parispackagingweek.com\/fr\/wp-json\/wp\/v2\/guest"}],"about":[{"href":"https:\/\/www.parispackagingweek.com\/fr\/wp-json\/wp\/v2\/types\/guest"}],"version-history":[{"count":1,"href":"https:\/\/www.parispackagingweek.com\/fr\/wp-json\/wp\/v2\/guest\/489407\/revisions"}],"predecessor-version":[{"id":489412,"href":"https:\/\/www.parispackagingweek.com\/fr\/wp-json\/wp\/v2\/guest\/489407\/revisions\/489412"}],"wp:featuredmedia":[{"embeddable":true,"href":"https:\/\/www.parispackagingweek.com\/fr\/wp-json\/wp\/v2\/media\/489410"}],"wp:attachment":[{"href":"https:\/\/www.parispackagingweek.com\/fr\/wp-json\/wp\/v2\/media?parent=489407"}],"wp:term":[{"taxonomy":"edition","embeddable":true,"href":"https:\/\/www.parispackagingweek.com\/fr\/wp-json\/wp\/v2\/edition?post=489407"},{"taxonomy":"guest_type","embeddable":true,"href":"https:\/\/www.parispackagingweek.com\/fr\/wp-json\/wp\/v2\/guest_type?post=489407"},{"taxonomy":"work","embeddable":true,"href":"https:\/\/www.parispackagingweek.com\/fr\/wp-json\/wp\/v2\/work?post=489407"}],"curies":[{"name":"wp","href":"https:\/\/api.w.org\/{rel}","templated":true}]}}