{"id":489523,"date":"2025-12-04T11:14:24","date_gmt":"2025-12-04T10:14:24","guid":{"rendered":"https:\/\/www.parispackagingweek.com\/?post_type=guest&#038;p=489523"},"modified":"2025-12-09T17:13:28","modified_gmt":"2025-12-09T16:13:28","slug":"bilal-alani","status":"publish","type":"guest","link":"https:\/\/www.parispackagingweek.com\/fr\/speaker\/bilal-alani\/","title":{"rendered":"Bilal Alani"},"content":{"rendered":"\n<p>Bilal Alani est Directeur IT &amp; Data pour le PLM chez Danone, o\u00f9 il pilote des initiatives de transformation digitale \u00e0 l\u2019\u00e9chelle mondiale pour la R&amp;D et le packaging. Avec une exp\u00e9rience multisectorielle couvrant la pharmacie, l\u2019agroalimentaire et la technologie (Sanofi, Dassault Syst\u00e8mes), Bilal apporte une expertise approfondie en gestion du cycle de vie produit (PLM) et en innovation data-driven.<\/p>\n\n\n\n<p>Il est passionn\u00e9 par l\u2019utilisation de l\u2019IA et de l\u2019analytique avanc\u00e9e pour optimiser le d\u00e9veloppement packaging, renforcer la tra\u00e7abilit\u00e9 et am\u00e9liorer la performance durable. Membre du comit\u00e9 consultatif d\u2019Eyrene, une startup sp\u00e9cialis\u00e9e dans la data et le digital, Bilal contribue \u00e9galement \u00e0 rapprocher les avanc\u00e9es scientifiques des applications industrielles.<\/p>\n\n\n\n<p>Ses travaux visent \u00e0 aligner les enjeux r\u00e9glementaires, op\u00e9rationnels et environnementaux gr\u00e2ce \u00e0 des solutions digitales \u00e0 grande \u00e9chelle.<\/p>\n","protected":false},"excerpt":{"rendered":"<p>Bilal Alani est Directeur IT &amp; Data pour le PLM chez Danone, o\u00f9 il pilote des initiatives de transformation digitale \u00e0 l\u2019\u00e9chelle mondiale pour la R&amp;D et le packaging. Avec une exp\u00e9rience multisectorielle couvrant la pharmacie, l\u2019agroalimentaire et la technologie (Sanofi, Dassault Syst\u00e8mes), Bilal apporte une expertise approfondie en gestion du cycle de vie produit [&hellip;]<\/p>\n","protected":false},"featured_media":489527,"template":"","meta":{"_seopress_robots_primary_cat":"","_seopress_titles_title":"Bilal Alani | Paris Packaging Week","_seopress_titles_desc":"Bilal Alani est Directeur IT & Data pour le PLM chez Danone, o\u00f9 il pilote des initiatives de transformation digitale \u00e0 l\u2019\u00e9chelle mondiale pour la R&D et le packaging. Avec une exp\u00e9rience multisectorielle couvrant la pharmacie, l\u2019agroalimentaire et la technologie (Sanofi, Dassault Syst\u00e8mes), Bilal apporte une expertise approfondie en gestion du cycle de vie produit (PLM) et en innovation data-driven.\r\n\r\nIl est passionn\u00e9 par l\u2019utilisation de l\u2019IA et de l\u2019analytique avanc\u00e9e pour optimiser le d\u00e9veloppement packaging, renforcer la tra\u00e7abilit\u00e9 et am\u00e9liorer la performance durable. Membre du comit\u00e9 consultatif d\u2019Eyrene, une startup sp\u00e9cialis\u00e9e dans la data et le digital, Bilal contribue \u00e9galement \u00e0 rapprocher les avanc\u00e9es scientifiques des applications industrielles.\r\n\r\nSes travaux visent \u00e0 aligner les enjeux r\u00e9glementaires, op\u00e9rationnels et environnementaux gr\u00e2ce \u00e0 des solutions digitales \u00e0 grande \u00e9chelle.","_seopress_robots_index":"","_company_name":"Danone","_job_title":"IT & Data Director for PLM","_visit_me":"","_email":"","_linkedin":"","_twitter":"","_facebook":"","_instagram":"","_youtube":"","_imdb":"","footnotes":""},"edition":[],"guest_type":[],"work":[],"class_list":["post-489523","guest","type-guest","status-publish","has-post-thumbnail","hentry"],"_cover_image":null,"_links":{"self":[{"href":"https:\/\/www.parispackagingweek.com\/fr\/wp-json\/wp\/v2\/guest\/489523","targetHints":{"allow":["GET"]}}],"collection":[{"href":"https:\/\/www.parispackagingweek.com\/fr\/wp-json\/wp\/v2\/guest"}],"about":[{"href":"https:\/\/www.parispackagingweek.com\/fr\/wp-json\/wp\/v2\/types\/guest"}],"version-history":[{"count":1,"href":"https:\/\/www.parispackagingweek.com\/fr\/wp-json\/wp\/v2\/guest\/489523\/revisions"}],"predecessor-version":[{"id":489529,"href":"https:\/\/www.parispackagingweek.com\/fr\/wp-json\/wp\/v2\/guest\/489523\/revisions\/489529"}],"wp:featuredmedia":[{"embeddable":true,"href":"https:\/\/www.parispackagingweek.com\/fr\/wp-json\/wp\/v2\/media\/489527"}],"wp:attachment":[{"href":"https:\/\/www.parispackagingweek.com\/fr\/wp-json\/wp\/v2\/media?parent=489523"}],"wp:term":[{"taxonomy":"edition","embeddable":true,"href":"https:\/\/www.parispackagingweek.com\/fr\/wp-json\/wp\/v2\/edition?post=489523"},{"taxonomy":"guest_type","embeddable":true,"href":"https:\/\/www.parispackagingweek.com\/fr\/wp-json\/wp\/v2\/guest_type?post=489523"},{"taxonomy":"work","embeddable":true,"href":"https:\/\/www.parispackagingweek.com\/fr\/wp-json\/wp\/v2\/work?post=489523"}],"curies":[{"name":"wp","href":"https:\/\/api.w.org\/{rel}","templated":true}]}}