{"id":490285,"date":"2025-12-09T11:20:35","date_gmt":"2025-12-09T10:20:35","guid":{"rendered":"https:\/\/www.parispackagingweek.com\/speaker\/patrick-heskins\/"},"modified":"2026-01-26T17:37:20","modified_gmt":"2026-01-26T16:37:20","slug":"patrick-heskins","status":"publish","type":"guest","link":"https:\/\/www.parispackagingweek.com\/fr\/speaker\/patrick-heskins\/","title":{"rendered":"Patrick Heskins"},"content":{"rendered":"\n<p>Patrick a d\u00e9but\u00e9 sa carri\u00e8re en tant que chimiste analytique au sein d\u2019une collectivit\u00e9 locale avant d\u2019occuper, en 1987, un poste en laboratoire chez Aerosol Research and Development, un fabricant de valves pour a\u00e9rosols qui a \u00e9t\u00e9 int\u00e9gr\u00e9 \u00e0 Lindal \u00e0 la fin des ann\u00e9es 1990. Depuis, il a occup\u00e9 divers postes dans plusieurs entreprises de l\u2019industrie des a\u00e9rosols avant de rejoindre BAMA en tant que directeur g\u00e9n\u00e9ral en 2015<\/p>\n\n<p><\/p>\n","protected":false},"excerpt":{"rendered":"<p>Patrick a d\u00e9but\u00e9 sa carri\u00e8re en tant que chimiste analytique au sein d\u2019une collectivit\u00e9 locale avant d\u2019occuper, en 1987, un poste en laboratoire chez Aerosol Research and Development, un fabricant de valves pour a\u00e9rosols qui a \u00e9t\u00e9 int\u00e9gr\u00e9 \u00e0 Lindal \u00e0 la fin des ann\u00e9es 1990. Depuis, il a occup\u00e9 divers postes dans plusieurs entreprises [&hellip;]<\/p>\n","protected":false},"featured_media":494635,"template":"","meta":{"_seopress_robots_primary_cat":"","_seopress_titles_title":"Workshop: Worldwide Aerosol Review","_seopress_titles_desc":"","_seopress_robots_index":"","_company_name":"BAMA","_job_title":"Chief Executive","_visit_me":"","_email":"","_linkedin":"","_twitter":"","_facebook":"","_instagram":"","_youtube":"","_imdb":"","footnotes":""},"edition":[1084],"guest_type":[1080],"work":[],"class_list":["post-490285","guest","type-guest","status-publish","has-post-thumbnail","hentry","edition-paris-packaging-week-2026","guest_type-global-aerosol-dispensing-forum-2026"],"_cover_image":null,"_links":{"self":[{"href":"https:\/\/www.parispackagingweek.com\/fr\/wp-json\/wp\/v2\/guest\/490285","targetHints":{"allow":["GET"]}}],"collection":[{"href":"https:\/\/www.parispackagingweek.com\/fr\/wp-json\/wp\/v2\/guest"}],"about":[{"href":"https:\/\/www.parispackagingweek.com\/fr\/wp-json\/wp\/v2\/types\/guest"}],"version-history":[{"count":3,"href":"https:\/\/www.parispackagingweek.com\/fr\/wp-json\/wp\/v2\/guest\/490285\/revisions"}],"predecessor-version":[{"id":490288,"href":"https:\/\/www.parispackagingweek.com\/fr\/wp-json\/wp\/v2\/guest\/490285\/revisions\/490288"}],"wp:featuredmedia":[{"embeddable":true,"href":"https:\/\/www.parispackagingweek.com\/fr\/wp-json\/wp\/v2\/media\/494635"}],"wp:attachment":[{"href":"https:\/\/www.parispackagingweek.com\/fr\/wp-json\/wp\/v2\/media?parent=490285"}],"wp:term":[{"taxonomy":"edition","embeddable":true,"href":"https:\/\/www.parispackagingweek.com\/fr\/wp-json\/wp\/v2\/edition?post=490285"},{"taxonomy":"guest_type","embeddable":true,"href":"https:\/\/www.parispackagingweek.com\/fr\/wp-json\/wp\/v2\/guest_type?post=490285"},{"taxonomy":"work","embeddable":true,"href":"https:\/\/www.parispackagingweek.com\/fr\/wp-json\/wp\/v2\/work?post=490285"}],"curies":[{"name":"wp","href":"https:\/\/api.w.org\/{rel}","templated":true}]}}