{"id":490399,"date":"2025-12-09T15:21:47","date_gmt":"2025-12-09T14:21:47","guid":{"rendered":"https:\/\/www.parispackagingweek.com\/speaker\/israel-abad\/"},"modified":"2026-01-26T16:05:38","modified_gmt":"2026-01-26T15:05:38","slug":"israel-abad","status":"publish","type":"guest","link":"https:\/\/www.parispackagingweek.com\/fr\/speaker\/israel-abad\/","title":{"rendered":"Israel Abad"},"content":{"rendered":"\n<p>Israel Abad est directeur de la durabilit\u00e9 commerciale chez Alcoa, un leader mondial de la production d\u2019aluminium primaire. \u00c0 ce poste, il pilote la strat\u00e9gie et le positionnement sur le march\u00e9 du portefeuille de produits durables d\u2019Alcoa, y compris les gammes \u00e0 faible empreinte carbone et \u00e0 contenu recycl\u00e9 de l\u2019entreprise. Il analyse les tendances en mati\u00e8re de durabilit\u00e9, les \u00e9volutions r\u00e9glementaires et les attentes changeantes des clients tout au long de la cha\u00eene de valeur de l\u2019aluminium afin d\u2019orienter la strat\u00e9gie produit de la gamme Sustana\u00ae.<\/p>\n\n<p>Israel supervise \u00e9galement des programmes visant \u00e0 accro\u00eetre la visibilit\u00e9 des technologies de rupture d\u2019Alcoa \u2014 telles qu\u2019ELYSIS\u00ae et ASTRAEA\u00ae \u2014 et contribue aux strat\u00e9gies de l\u2019entreprise en mati\u00e8re de changement climatique et de d\u00e9carbonation, aidant ainsi \u00e0 transformer l\u2019innovation en valeur commerciale pour les clients.<\/p>\n\n<p>Il repr\u00e9sente Alcoa au sein de plusieurs groupes de travail r\u00e9gionaux et mondiaux des associations de l\u2019aluminium, consacr\u00e9s \u00e0 la durabilit\u00e9, \u00e0 la transparence de la cha\u00eene d\u2019approvisionnement et \u00e0 la transformation du march\u00e9 vers le bas carbone.<\/p>\n\n<p>Israel a rejoint Alcoa en 2022 en tant que responsable marketing global pour les produits \u00e0 valeur ajout\u00e9e en aluminium, apr\u00e8s avoir d\u00e9velopp\u00e9 le d\u00e9but de sa carri\u00e8re dans l\u2019industrie p\u00e9trochimique.<\/p>\n\n<p>Il est titulaire d\u2019un master en g\u00e9nie m\u00e9canique de l\u2019Universit\u00e9 de Valladolid (Espagne) et d\u2019un master en \u00e9conomie internationale de l\u2019UNED (Espagne).<\/p>\n\n<p><\/p>\n","protected":false},"excerpt":{"rendered":"<p>Israel Abad est directeur de la durabilit\u00e9 commerciale chez Alcoa, un leader mondial de la production d\u2019aluminium primaire. \u00c0 ce poste, il pilote la strat\u00e9gie et le positionnement sur le march\u00e9 du portefeuille de produits durables d\u2019Alcoa, y compris les gammes \u00e0 faible empreinte carbone et \u00e0 contenu recycl\u00e9 de l\u2019entreprise. Il analyse les tendances [&hellip;]<\/p>\n","protected":false},"featured_media":494621,"template":"","meta":{"_seopress_robots_primary_cat":"","_seopress_titles_title":"Panel discussion: The Power of Partnership: Launching the First Ultra-Low Carbon Aerosol with ELYSIS\u2122 Aluminum","_seopress_titles_desc":"","_seopress_robots_index":"","_company_name":"Alcoa","_job_title":"Director, Commercial Sustainability","_visit_me":"","_email":"","_linkedin":"","_twitter":"","_facebook":"","_instagram":"","_youtube":"","_imdb":"","footnotes":""},"edition":[1084],"guest_type":[1080],"work":[],"class_list":["post-490399","guest","type-guest","status-publish","has-post-thumbnail","hentry","edition-paris-packaging-week-2026","guest_type-global-aerosol-dispensing-forum-2026"],"_cover_image":null,"_links":{"self":[{"href":"https:\/\/www.parispackagingweek.com\/fr\/wp-json\/wp\/v2\/guest\/490399","targetHints":{"allow":["GET"]}}],"collection":[{"href":"https:\/\/www.parispackagingweek.com\/fr\/wp-json\/wp\/v2\/guest"}],"about":[{"href":"https:\/\/www.parispackagingweek.com\/fr\/wp-json\/wp\/v2\/types\/guest"}],"version-history":[{"count":3,"href":"https:\/\/www.parispackagingweek.com\/fr\/wp-json\/wp\/v2\/guest\/490399\/revisions"}],"predecessor-version":[{"id":490402,"href":"https:\/\/www.parispackagingweek.com\/fr\/wp-json\/wp\/v2\/guest\/490399\/revisions\/490402"}],"wp:featuredmedia":[{"embeddable":true,"href":"https:\/\/www.parispackagingweek.com\/fr\/wp-json\/wp\/v2\/media\/494621"}],"wp:attachment":[{"href":"https:\/\/www.parispackagingweek.com\/fr\/wp-json\/wp\/v2\/media?parent=490399"}],"wp:term":[{"taxonomy":"edition","embeddable":true,"href":"https:\/\/www.parispackagingweek.com\/fr\/wp-json\/wp\/v2\/edition?post=490399"},{"taxonomy":"guest_type","embeddable":true,"href":"https:\/\/www.parispackagingweek.com\/fr\/wp-json\/wp\/v2\/guest_type?post=490399"},{"taxonomy":"work","embeddable":true,"href":"https:\/\/www.parispackagingweek.com\/fr\/wp-json\/wp\/v2\/work?post=490399"}],"curies":[{"name":"wp","href":"https:\/\/api.w.org\/{rel}","templated":true}]}}