{"id":490414,"date":"2025-12-09T15:33:20","date_gmt":"2025-12-09T14:33:20","guid":{"rendered":"https:\/\/www.parispackagingweek.com\/speaker\/predrag-ozmo\/"},"modified":"2025-12-09T15:33:21","modified_gmt":"2025-12-09T14:33:21","slug":"predrag-ozmo","status":"publish","type":"guest","link":"https:\/\/www.parispackagingweek.com\/fr\/speaker\/predrag-ozmo\/","title":{"rendered":"Predrag Ozmo"},"content":{"rendered":"\n<p>Predrag Ozmo dirige les initiatives de durabilit\u00e9 pour la division Growth Ventures de Ball, en se concentrant sur les produits d\u2019emballage destin\u00e9s aux soins personnels et \u00e0 l\u2019entretien de la maison, notamment les a\u00e9rosols et les bouteilles en aluminium.<\/p>\n\n<p>Il renforce l\u2019engagement avec les comptes cl\u00e9s mondiaux, contribue \u00e0 la strat\u00e9gie globale de durabilit\u00e9 de Ball et pilote des initiatives d\u00e9di\u00e9es aux solutions d\u2019emballages rechargeables et r\u00e9utilisables.<\/p>\n\n<p>Predrag conseille les \u00e9quipes commerciales et achats \u00e0 l\u2019\u00e9chelle mondiale sur des strat\u00e9gies business orient\u00e9es durabilit\u00e9 et supervise des plans d\u2019action conjoints en mati\u00e8re de durabilit\u00e9 avec des clients majeurs. Son travail englobe des projets li\u00e9s \u00e0 l\u2019optimisation des emballages, \u00e0 la r\u00e9duction de l\u2019empreinte carbone, \u00e0 l\u2019approvisionnement en mat\u00e9riaux durables, ainsi qu\u2019\u00e0 l\u2019am\u00e9lioration du recyclage et de la circularit\u00e9.<\/p>\n","protected":false},"excerpt":{"rendered":"<p>Predrag Ozmo dirige les initiatives de durabilit\u00e9 pour la division Growth Ventures de Ball, en se concentrant sur les produits d\u2019emballage destin\u00e9s aux soins personnels et \u00e0 l\u2019entretien de la maison, notamment les a\u00e9rosols et les bouteilles en aluminium. Il renforce l\u2019engagement avec les comptes cl\u00e9s mondiaux, contribue \u00e0 la strat\u00e9gie globale de durabilit\u00e9 de [&hellip;]<\/p>\n","protected":false},"featured_media":490393,"template":"","meta":{"_seopress_robots_primary_cat":"","_seopress_titles_title":"","_seopress_titles_desc":"","_seopress_robots_index":"","_company_name":"Ball Corporation","_job_title":"Sustainability Director","_visit_me":"","_email":"","_linkedin":"","_twitter":"","_facebook":"","_instagram":"","_youtube":"","_imdb":"","footnotes":""},"edition":[1084],"guest_type":[1080],"work":[],"class_list":["post-490414","guest","type-guest","status-publish","has-post-thumbnail","hentry","edition-paris-packaging-week-2026","guest_type-global-aerosol-dispensing-forum-2026"],"_cover_image":null,"_links":{"self":[{"href":"https:\/\/www.parispackagingweek.com\/fr\/wp-json\/wp\/v2\/guest\/490414","targetHints":{"allow":["GET"]}}],"collection":[{"href":"https:\/\/www.parispackagingweek.com\/fr\/wp-json\/wp\/v2\/guest"}],"about":[{"href":"https:\/\/www.parispackagingweek.com\/fr\/wp-json\/wp\/v2\/types\/guest"}],"version-history":[{"count":1,"href":"https:\/\/www.parispackagingweek.com\/fr\/wp-json\/wp\/v2\/guest\/490414\/revisions"}],"predecessor-version":[{"id":490415,"href":"https:\/\/www.parispackagingweek.com\/fr\/wp-json\/wp\/v2\/guest\/490414\/revisions\/490415"}],"wp:featuredmedia":[{"embeddable":true,"href":"https:\/\/www.parispackagingweek.com\/fr\/wp-json\/wp\/v2\/media\/490393"}],"wp:attachment":[{"href":"https:\/\/www.parispackagingweek.com\/fr\/wp-json\/wp\/v2\/media?parent=490414"}],"wp:term":[{"taxonomy":"edition","embeddable":true,"href":"https:\/\/www.parispackagingweek.com\/fr\/wp-json\/wp\/v2\/edition?post=490414"},{"taxonomy":"guest_type","embeddable":true,"href":"https:\/\/www.parispackagingweek.com\/fr\/wp-json\/wp\/v2\/guest_type?post=490414"},{"taxonomy":"work","embeddable":true,"href":"https:\/\/www.parispackagingweek.com\/fr\/wp-json\/wp\/v2\/work?post=490414"}],"curies":[{"name":"wp","href":"https:\/\/api.w.org\/{rel}","templated":true}]}}