{"id":490681,"date":"2025-12-11T10:34:14","date_gmt":"2025-12-11T09:34:14","guid":{"rendered":"https:\/\/www.parispackagingweek.com\/?post_type=guest&#038;p=490681"},"modified":"2026-01-05T18:01:07","modified_gmt":"2026-01-05T17:01:07","slug":"lucas-nanini","status":"publish","type":"guest","link":"https:\/\/www.parispackagingweek.com\/fr\/speaker\/lucas-nanini\/","title":{"rendered":"Lucas Nanini"},"content":{"rendered":"\n<p>Lucas Nanini est un leader de l\u2019innovation parfum et un entrepreneur \u00e9voluant \u00e0 l\u2019intersection de la technologie, de la chimie et du luxe. \u00c0 la t\u00eate de The Atelier, le nouvel acc\u00e9l\u00e9rateur d\u2019innovation parfum du groupe Est\u00e9e Lauder \u00e0 Paris, il a auparavant occup\u00e9 des r\u00f4les chez P&amp;G, Coty et Good Face Project, o\u00f9 il a alli\u00e9 expertise en innovation et d\u00e9veloppement produit pilot\u00e9 par l\u2019IA.<\/p>\n\n\n\n<p><\/p>\n\n\n\n<p><\/p>\n","protected":false},"excerpt":{"rendered":"<p>Lucas Nanini est un leader de l\u2019innovation parfum et un entrepreneur \u00e9voluant \u00e0 l\u2019intersection de la technologie, de la chimie et du luxe. \u00c0 la t\u00eate de The Atelier, le nouvel acc\u00e9l\u00e9rateur d\u2019innovation parfum du groupe Est\u00e9e Lauder \u00e0 Paris, il a auparavant occup\u00e9 des r\u00f4les chez P&amp;G, Coty et Good Face Project, o\u00f9 il [&hellip;]<\/p>\n","protected":false},"featured_media":490692,"template":"","meta":{"_seopress_robots_primary_cat":"","_seopress_titles_title":"Lucas Nanini | Paris Packaging Week","_seopress_titles_desc":"Lucas Nanini est un leader de l\u2019innovation parfum et un entrepreneur \u00e9voluant \u00e0 l\u2019intersection de la technologie, de la chimie et du luxe. \u00c0 la t\u00eate de The Atelier, le nouvel acc\u00e9l\u00e9rateur d\u2019innovation parfum du groupe Est\u00e9e Lauder \u00e0 Paris, il a auparavant occup\u00e9 des r\u00f4les chez P&G, Coty et Good Face Project, o\u00f9 il a alli\u00e9 expertise en innovation et d\u00e9veloppement produit pilot\u00e9 par l\u2019IA.","_seopress_robots_index":"","_company_name":"Est\u00e9e Lauder Companies","_job_title":"VP Fragrance Innovation (L\u2019Atelier Site Leader)","_visit_me":"","_email":"","_linkedin":"","_twitter":"","_facebook":"","_instagram":"","_youtube":"","_imdb":"","footnotes":""},"edition":[1084],"guest_type":[1079],"work":[],"class_list":["post-490681","guest","type-guest","status-publish","has-post-thumbnail","hentry","edition-paris-packaging-week-2026","guest_type-circular-economy-stage-2026"],"_cover_image":null,"_links":{"self":[{"href":"https:\/\/www.parispackagingweek.com\/fr\/wp-json\/wp\/v2\/guest\/490681","targetHints":{"allow":["GET"]}}],"collection":[{"href":"https:\/\/www.parispackagingweek.com\/fr\/wp-json\/wp\/v2\/guest"}],"about":[{"href":"https:\/\/www.parispackagingweek.com\/fr\/wp-json\/wp\/v2\/types\/guest"}],"version-history":[{"count":2,"href":"https:\/\/www.parispackagingweek.com\/fr\/wp-json\/wp\/v2\/guest\/490681\/revisions"}],"predecessor-version":[{"id":492526,"href":"https:\/\/www.parispackagingweek.com\/fr\/wp-json\/wp\/v2\/guest\/490681\/revisions\/492526"}],"wp:featuredmedia":[{"embeddable":true,"href":"https:\/\/www.parispackagingweek.com\/fr\/wp-json\/wp\/v2\/media\/490692"}],"wp:attachment":[{"href":"https:\/\/www.parispackagingweek.com\/fr\/wp-json\/wp\/v2\/media?parent=490681"}],"wp:term":[{"taxonomy":"edition","embeddable":true,"href":"https:\/\/www.parispackagingweek.com\/fr\/wp-json\/wp\/v2\/edition?post=490681"},{"taxonomy":"guest_type","embeddable":true,"href":"https:\/\/www.parispackagingweek.com\/fr\/wp-json\/wp\/v2\/guest_type?post=490681"},{"taxonomy":"work","embeddable":true,"href":"https:\/\/www.parispackagingweek.com\/fr\/wp-json\/wp\/v2\/work?post=490681"}],"curies":[{"name":"wp","href":"https:\/\/api.w.org\/{rel}","templated":true}]}}